{"id":711,"date":"2018-05-29T14:59:31","date_gmt":"2018-05-29T11:59:31","guid":{"rendered":"http:\/\/sehristan.org\/?post_type=project&#038;p=711"},"modified":"2019-03-10T12:59:45","modified_gmt":"2019-03-10T09:59:45","slug":"ufka-yolculuk6-odul-toreni-tiyatro-gosterisiyle-gerceklesti","status":"publish","type":"project","link":"https:\/\/sehristan.org\/index.php\/project\/ufka-yolculuk6-odul-toreni-tiyatro-gosterisiyle-gerceklesti\/","title":{"rendered":"Ufka Yolculuk-6 \u00d6d\u00fcl T\u00f6reni, Tiyatro G\u00f6sterisiyle Ger\u00e7ekle\u015fti"},"content":{"rendered":"\n\n[et_pb_section bb_built=&#8221;1&#8243;][et_pb_row][et_pb_column type=&#8221;4_4&#8243;][et_pb_text _builder_version=&#8221;3.4.1&#8243;]\r\n\r\n<strong>Ufka Yolculuk&#8217;6 \u00d6d\u00fcl T\u00f6reni, Tiyatro G\u00f6sterisiyle Ger\u00e7ekle\u015fti<\/strong>\r\n\r\nUfka Yolculuk 6. Bilgi ve K\u00fclt\u00fcr Yar\u0131\u015fmas\u0131\u2019n\u0131n Kars \u00d6d\u00fcl T\u00f6reni, 13 May\u0131s 2018 Pazar g\u00fcn\u00fc saat 14.00&#8217;te \u0130l K\u00fclt\u00fcr M\u00fcd\u00fcrl\u00fc\u011f\u00fc Konferans Salonu&#8217;nda &#8220;En B\u00fcy\u00fck Haber&#8221; isimli tiyatro g\u00f6sterisi e\u015fli\u011finde tamamland\u0131.\r\n\r\n\u015eehristan Gen\u00e7lik Spor ve \u0130zcilik Kul\u00fcb\u00fc ile Kars \u0130l K\u00fclt\u00fcr Turizm M\u00fcd\u00fcrl\u00fc\u011f\u00fc ortakl\u0131\u011f\u0131yla d\u00fczenlenen program b\u00fcy\u00fck bir kat\u0131l\u0131mla ger\u00e7ekle\u015fti.\r\n\r\nProgram\u0131n a\u00e7\u0131l\u0131\u015f\u0131nda \u015eehristan Gen\u00e7lik Spor ve \u0130zcilik Kul\u00fcb\u00fc ad\u0131na Uz. Dr. Sadettin D\u00dcR\u00dcYEN konu\u015ftu. T\u00fcrkiye\u2019nin en geni\u015f kat\u0131l\u0131ml\u0131 sivil yar\u0131\u015fma organizasyonu olan Ufka Yolculuk Bilgi ve K\u00fclt\u00fcr yar\u0131\u015fmas\u0131&#8217;n\u0131n bu y\u0131l Kur&#8217;an ve S\u00fcnnet B\u00fct\u00fcnl\u00fc\u011f\u00fc temas\u0131yla d\u00fczenlendi\u011fini,\u00a0Kars ilinden de 4272 ki\u015filik b\u00fcy\u00fck bir ba\u015fvuru oldu\u011funu s\u00f6yledi. Konu\u015fmas\u0131nda, dereceye giren yar\u0131\u015fmac\u0131lara kendisi i\u00e7in yar\u0131\u015f\u0131lacak as\u0131l B\u00fcy\u00fck \u00d6d\u00fcl&#8217;\u00fcn Mutaffifin suresi 26. ayette Allah&#8217;u Teala taraf\u0131ndan &#8220;cenneti elde etmek&#8221; olarak bildirildi\u011fini hat\u0131rlatan say\u0131n D\u00dcR\u00dcYEN, yar\u0131\u015fma kapsam\u0131nda okunan kitaplar\u0131n konusu olan Kur&#8217;an ve S\u00fcnnete uygun bir ya\u015fam s\u00fcr\u00fclerek bu b\u00fcy\u00fck \u00f6d\u00fcl\u00fcn elde edilebilece\u011fini anlatt\u0131. Kul\u00fcp olarak yapt\u0131klar\u0131 di\u011fer \u00e7al\u0131\u015fmalardan da k\u0131sa ba\u015fl\u0131klar halinde bahsederek konu\u015fmas\u0131n\u0131 tamamlad\u0131.\r\n\r\nProgramda kat\u0131l\u0131mc\u0131lara &#8220;En B\u00fcy\u00fck Haber&#8221; isimli tiyatro g\u00f6sterisi sunuldu. Tiyatro K\u00fclliyen taraf\u0131ndan sahnelenen ve 1,5 saat s\u00fcren oyun izleyicilere keyifli dakikalar ya\u015fatt\u0131. Kur&#8217;an\u0131 Kerim&#8217;in, i\u00e7erdi\u011fi mesajlarla insanlarla konu\u015ftu\u011funu, Kur&#8217;an\u0131n anlam\u0131yla bulu\u015fman\u0131n insan hayat\u0131n\u0131 \u00f6nemli derecede de\u011fi\u015ftirdi\u011fini anlatan g\u00f6steri izleyenler taraf\u0131ndan b\u00fcy\u00fck be\u011feni toplad\u0131.\r\n\r\nG\u00f6steri sonras\u0131 Tiyatro K\u00fclliyen ekibine Kars iliyle \u00f6zde\u015fle\u015fmi\u015f unutamayacaklar\u0131 bir hediye ile te\u015fekk\u00fcr etmek istediklerini s\u00f6yleyen \u015eehristan Gen\u00e7lik Kul\u00fcb\u00fc ba\u015fkan\u0131 say\u0131n D\u00fcr\u00fcyen, tiyatroculara sahnede canl\u0131 kaz hediye etti.\r\n\r\nProgram\u0131n \u00f6d\u00fcl t\u00f6reni k\u0131sm\u0131nda Ufka Yolculuk 6 Bilgi ve K\u00fclt\u00fcr yar\u0131\u015fmas\u0131nda Kars ilinde 5 kategoride\u00a0ilk 10&#8217;a giren 50 ki\u015fiye ve y\u00fcksek kat\u0131l\u0131m ger\u00e7ekle\u015fen 45 okulun\u00a0okul birincilerine para, sertifika ve mansiyon \u00f6d\u00fclleri verildi.\r\n\r\nYar\u0131\u015fma kitab\u0131n\u0131 8 kez dinleyerek s\u0131nava kat\u0131lan sekiz ya\u015f\u0131ndaki g\u00f6rme engelli yar\u0131\u015fmac\u0131 Hiranur Toper&#8217;e de ilin en azimli yar\u0131\u015fmac\u0131 \u00f6d\u00fcl\u00fc verildi.\r\n\r\nProgram \u00f6d\u00fcl kazananlar\u0131n foto\u011fraf \u00e7ekimleriyle tamamland\u0131.\r\n\r\n&nbsp;\r\n<table style=\"height: 342px;\" width=\"887\">\r\n<tbody>\r\n<tr>\r\n<td width=\"75\"><strong>\u0130l DERECES\u0130<\/strong><\/td>\r\n<td width=\"150\"><strong>A KATEGOR\u0130S\u0130<\/strong><\/td>\r\n<td width=\"170\"><strong>B KATEGOR\u0130S\u0130<\/strong><\/td>\r\n<td width=\"129\"><strong>C KATEGOR\u0130S\u0130<\/strong><\/td>\r\n<td width=\"137\"><strong>D KATEGOR\u0130S\u0130<\/strong><\/td>\r\n<td width=\"128\"><strong>E KATEGOR\u0130S\u0130<\/strong><\/td>\r\n<\/tr>\r\n<tr>\r\n<td><strong>1.<\/strong><\/td>\r\n<td>Hamza Yalman<\/td>\r\n<td>Salih Burak Erten<\/td>\r\n<td>Ay\u015fe Bet\u00fcl \u0130nce<\/td>\r\n<td>Ey\u00fcp Eryaman<\/td>\r\n<td>Deniz Karaa\u011fa\u00e7<\/td>\r\n<\/tr>\r\n<tr>\r\n<td><strong>2.<\/strong><\/td>\r\n<td>Melek Zozen Ayd\u0131n<\/td>\r\n<td>Barancan Bulut<\/td>\r\n<td>G\u00fclten \u00c7etinkaya<\/td>\r\n<td>Kubilay Re\u015fber<\/td>\r\n<td>Meral Y\u0131ld\u0131r\u0131m<\/td>\r\n<\/tr>\r\n<tr>\r\n<td><strong>3.<\/strong><\/td>\r\n<td>Bu\u011frahan Maral<\/td>\r\n<td>Egemen Sevi\u015f<\/td>\r\n<td>Ceren \u00c7elik<\/td>\r\n<td>Bet\u00fcl \u0130sra Ata\u015f<\/td>\r\n<td>Osman G\u00f6kdeniz<\/td>\r\n<\/tr>\r\n<tr>\r\n<td><strong>4.<\/strong><\/td>\r\n<td>Seyit Ali Alag\u00f6z<\/td>\r\n<td>Kadir Sevi\u015f<\/td>\r\n<td>\u00d6zcan K\u0131l\u0131\u00e7<\/td>\r\n<td>Fadime Turan<\/td>\r\n<td>Murat Y\u00fcce<\/td>\r\n<\/tr>\r\n<tr>\r\n<td><strong>5.<\/strong><\/td>\r\n<td>Beratcan Kaya<\/td>\r\n<td>Rojin Ak\u0131<\/td>\r\n<td>Ye\u015fim K\u00f6se<\/td>\r\n<td>Muhammet \u015eim\u015fek<\/td>\r\n<td>Cafer Atila<\/td>\r\n<\/tr>\r\n<tr>\r\n<td><strong>6.<\/strong><\/td>\r\n<td>Abd\u00fclsamed Pakko<\/td>\r\n<td>Elif Ataman<\/td>\r\n<td>Aylin Demir<\/td>\r\n<td>G\u00fclten Budak<\/td>\r\n<td>Zekiye At\u0131\u015f<\/td>\r\n<\/tr>\r\n<tr>\r\n<td><strong>7.<\/strong><\/td>\r\n<td>Yaren Su \u015eabano\u011flu<\/td>\r\n<td>Y\u0131ld\u0131z Reyyan Karaa\u011fa\u00e7<\/td>\r\n<td>Neslihan Ersari<\/td>\r\n<td>Hamdullah Mu\u011fu\u00e7<\/td>\r\n<td>Hasan Ak\u00e7an<\/td>\r\n<\/tr>\r\n<tr>\r\n<td><strong>8.<\/strong><\/td>\r\n<td>Mustafa Demirci<\/td>\r\n<td>Medine Bu\u011fanl\u0131<\/td>\r\n<td>Seyit Kahraman<\/td>\r\n<td>Ahmet Befer Ki\u015fli<\/td>\r\n<td>Mehmet Y\u0131lmaz<\/td>\r\n<\/tr>\r\n<tr>\r\n<td><strong>9.<\/strong><\/td>\r\n<td>Esma Polat<\/td>\r\n<td>\u015eilan Y\u0131ld\u0131r\u0131m<\/td>\r\n<td>P\u0131nar Kanar<\/td>\r\n<td>\u00d6zkan Y\u0131ld\u0131r\u0131m<\/td>\r\n<td>Nurcan Karahan<\/td>\r\n<\/tr>\r\n<tr>\r\n<td><strong>10.<\/strong><\/td>\r\n<td>Elifnur Koman<\/td>\r\n<td>\u0130rem \u00d6zyi\u011fit<\/td>\r\n<td>Selma Akar<\/td>\r\n<td>Fadime Alta\u015f<\/td>\r\n<td>Hanife G\u00fcnd\u00fcz<\/td>\r\n<\/tr>\r\n<\/tbody>\r\n<\/table>\r\n&nbsp;\r\n\r\n[\/et_pb_text][et_pb_gallery _builder_version=&#8221;3.4.1&#8243; gallery_ids=&#8221;740,743,747,749,754,756,759,760,765,762,767,769,770,772,774,775,784,787,789,790,795,797,715,716,719,720,722,726,730,731,733,734,736,737,738&#8243; show_title_and_caption=&#8221;off&#8221; zoom_icon_color=&#8221;#81d742&#8243; hover_overlay_color=&#8221;rgba(255,255,255,0.9)&#8221; \/][\/et_pb_column][\/et_pb_row][\/et_pb_section]\n\n","protected":false},"excerpt":{"rendered":"<p><div class=\"et_pb_row et_pb_row_0 et_pb_row_empty\">\n\t\t\t\t\n\t\t\t\t\n\t\t\t\t\n\t\t\t\t\n\t\t\t\t\n\t\t\t<\/div> Ufka Yolculuk&#8217;6 \u00d6d\u00fcl T\u00f6reni, Tiyatro G\u00f6sterisiyle Ger\u00e7ekle\u015fti Ufka Yolculuk 6. Bilgi ve K\u00fclt\u00fcr Yar\u0131\u015fmas\u0131\u2019n\u0131n Kars \u00d6d\u00fcl T\u00f6reni, 13 May\u0131s 2018 Pazar g\u00fcn\u00fc saat 14.00&#8217;te \u0130l K\u00fclt\u00fcr M\u00fcd\u00fcrl\u00fc\u011f\u00fc Konferans Salonu&#8217;nda &#8220;En B\u00fcy\u00fck Haber&#8221; isimli tiyatro g\u00f6sterisi e\u015fli\u011finde tamamland\u0131. \u015eehristan Gen\u00e7lik Spor ve \u0130zcilik Kul\u00fcb\u00fc ile Kars \u0130l K\u00fclt\u00fcr Turizm M\u00fcd\u00fcrl\u00fc\u011f\u00fc ortakl\u0131\u011f\u0131yla d\u00fczenlenen program b\u00fcy\u00fck bir [&hellip;]<\/p>\n","protected":false},"author":2,"featured_media":740,"comment_status":"open","ping_status":"closed","template":"","meta":{"_et_pb_use_builder":"on","_et_pb_old_content":"","_et_gb_content_width":"","footnotes":""},"project_category":[22],"project_tag":[25],"class_list":["post-711","project","type-project","status-publish","has-post-thumbnail","hentry","project_category-ufka-yolculuk","project_tag-ufka-yolculuk"],"_links":{"self":[{"href":"https:\/\/sehristan.org\/index.php\/wp-json\/wp\/v2\/project\/711","targetHints":{"allow":["GET"]}}],"collection":[{"href":"https:\/\/sehristan.org\/index.php\/wp-json\/wp\/v2\/project"}],"about":[{"href":"https:\/\/sehristan.org\/index.php\/wp-json\/wp\/v2\/types\/project"}],"author":[{"embeddable":true,"href":"https:\/\/sehristan.org\/index.php\/wp-json\/wp\/v2\/users\/2"}],"replies":[{"embeddable":true,"href":"https:\/\/sehristan.org\/index.php\/wp-json\/wp\/v2\/comments?post=711"}],"version-history":[{"count":18,"href":"https:\/\/sehristan.org\/index.php\/wp-json\/wp\/v2\/project\/711\/revisions"}],"predecessor-version":[{"id":1215,"href":"https:\/\/sehristan.org\/index.php\/wp-json\/wp\/v2\/project\/711\/revisions\/1215"}],"wp:featuredmedia":[{"embeddable":true,"href":"https:\/\/sehristan.org\/index.php\/wp-json\/wp\/v2\/media\/740"}],"wp:attachment":[{"href":"https:\/\/sehristan.org\/index.php\/wp-json\/wp\/v2\/media?parent=711"}],"wp:term":[{"taxonomy":"project_category","embeddable":true,"href":"https:\/\/sehristan.org\/index.php\/wp-json\/wp\/v2\/project_category?post=711"},{"taxonomy":"project_tag","embeddable":true,"href":"https:\/\/sehristan.org\/index.php\/wp-json\/wp\/v2\/project_tag?post=711"}],"curies":[{"name":"wp","href":"https:\/\/api.w.org\/{rel}","templated":true}]}}