{"id":683,"date":"2018-05-08T04:03:28","date_gmt":"2018-05-08T01:03:28","guid":{"rendered":"http:\/\/sehristan.org\/?post_type=project&#038;p=683"},"modified":"2019-03-10T13:00:26","modified_gmt":"2019-03-10T10:00:26","slug":"ufka-yolculuk-6-odul-torenine-davet","status":"publish","type":"project","link":"https:\/\/sehristan.org\/index.php\/project\/ufka-yolculuk-6-odul-torenine-davet\/","title":{"rendered":"Ufka Yolculuk-6 \u00d6d\u00fcl T\u00f6renine Davet"},"content":{"rendered":"\n[et_pb_section bb_built=&#8221;1&#8243;][et_pb_row][et_pb_column type=&#8221;4_4&#8243;][et_pb_text _builder_version=&#8221;3.0.60&#8243; background_layout=&#8221;light&#8221; text_orientation=&#8221;left&#8221; border_style=&#8221;solid&#8221;]\r\n<h3>6. Ufka Yolculuk \u00d6d\u00fcl T\u00f6renine Davet<\/h3>\r\nKars \u0130l K\u00fclt\u00fcr Turizm M\u00fcd\u00fcrl\u00fc\u011f\u00fc ve \u015eehristan Gen\u00e7lik Spor ve \u0130zcilik Kul\u00fcb\u00fc ortakl\u0131\u011f\u0131yla 13 May\u0131s 2018 Pazar g\u00fcn\u00fc saat 14.00&#8217;te il k\u00fclt\u00fcr m\u00fcd\u00fcrl\u00fc\u011f\u00fc konferans salonunda &#8220;En B\u00fcy\u00fck Haber&#8221; isimli tiyatro g\u00f6sterisi ve &#8220;6. Ufka Yolculuk \u0130l \u00d6d\u00fcl T\u00f6reni&#8221; tertip edilecektir.\r\n\r\nT\u00fcrkiye\u2019nin en geni\u015f kat\u0131l\u0131ml\u0131 sivil yar\u0131\u015fma organizasyonu olan Ufka Yolculuk Bilgi ve K\u00fclt\u00fcr yar\u0131\u015fmas\u0131&#8217;n\u0131n bu y\u0131l 6. s\u0131 d\u00fczenlendi. T\u00fcrkiye genelinde yakla\u015f\u0131k 700 bin ki\u015finin ba\u015fvuru yapt\u0131\u011f\u0131 yar\u0131\u015fmaya Kars ilinde 4272 ki\u015fi kay\u0131t yapt\u0131. Yar\u0131\u015fman\u0131n s\u0131nav\u0131, il merkezleri ve il\u00e7elerdeki okullarda b\u00fcy\u00fck bir kat\u0131l\u0131mla 8 Nisan 2018 tarihinde ger\u00e7ekle\u015fti.\u00a0Yar\u0131\u015fma kapsam\u0131ndaki t\u00fcm kategorilerde T\u00fcrkiye derecesi yapan ki\u015filere 12 May\u0131s tarihinde \u0130stanbul&#8217;da Cemal Re\u015fit Rey Konser Salonu&#8217;nda saat 19.00&#8217;da d\u00fczenlenecek olan t\u00f6renle \u00f6d\u00fclleri verilecek. Kars ilinde A, B, C, D, E kategorilerinde ilk 10&#8217;a giren ki\u015filere ve y\u00fcksek kat\u0131l\u0131ml\u0131 okullar\u0131n okul birincilerine ise 13 May\u0131s tarihinde saat 14.00&#8217;te \u0130l K\u00fclt\u00fcr Merkezi Konferans Salonu&#8217;nda d\u00fczenlenecek olan \u00f6d\u00fcl t\u00f6reninde \u00f6d\u00fclleri verilecek.\r\n\r\nUfka yolculuk \u00f6d\u00fcllerinin verilece\u011fi gecede misafirlere &#8220;En B\u00fcy\u00fck Haber&#8221; isimli tiyatro g\u00f6sterisi sunulacak.\r\n\r\n&#8220;En B\u00fcy\u00fck Haber&#8221; tiyatrosu, hikayesini Ahmet Mercan&#8217;\u0131n yazd\u0131\u011f\u0131, \u0130stanbul Sosyal Geli\u015fim Derne\u011finin yap\u0131m\u0131n\u0131 \u00fcstlendi\u011fi ve Tiyatro K\u00fclliyen taraf\u0131ndan sahnelenen 90 dk s\u00fcren bir g\u00f6steridir. Yunus Emre Obut&#8217;un tiyatroya uyarlay\u0131p y\u00f6netti\u011fi oyun, \u00f6zellikle gen\u00e7lere hem keyifli vakit ge\u00e7irtmek hem de ki\u015filiklerine olumlu y\u00f6nde katk\u0131 sa\u011flamay\u0131 hedeflemektedir. Manevi mesajlar\u0131 verirken mizah\u0131n g\u00fc\u00e7l\u00fc dilini kullanan oyun, izleyiciyi s\u0131kmadan y\u00fcksek bir tempo ile farkl\u0131 bir atmosfere ta\u015f\u0131maktad\u0131r.\r\n\r\nPrograma kat\u0131l\u0131m \u00fccretsiz olup t\u00fcm halk\u0131m\u0131z davetlidir.\r\n\r\n[\/et_pb_text][et_pb_gallery _builder_version=&#8221;3.0.60&#8243; show_title_and_caption=&#8221;off&#8221; show_pagination=&#8221;on&#8221; gallery_ids=&#8221;684&#8243; fullwidth=&#8221;off&#8221; orientation=&#8221;portrait&#8221; zoom_icon_color=&#8221;#81d742&#8243; hover_overlay_color=&#8221;rgba(255,255,255,0.9)&#8221; background_layout=&#8221;light&#8221; border_style=&#8221;solid&#8221; auto=&#8221;off&#8221; \/][\/et_pb_column][\/et_pb_row][\/et_pb_section]\n","protected":false},"excerpt":{"rendered":"<p><div class=\"et_pb_row et_pb_row_0 et_pb_row_empty\">\n\t\t\t\t\n\t\t\t\t\n\t\t\t\t\n\t\t\t\t\n\t\t\t\t\n\t\t\t<\/div> 6. Ufka Yolculuk \u00d6d\u00fcl T\u00f6renine Davet Kars \u0130l K\u00fclt\u00fcr Turizm M\u00fcd\u00fcrl\u00fc\u011f\u00fc ve \u015eehristan Gen\u00e7lik Spor ve \u0130zcilik Kul\u00fcb\u00fc ortakl\u0131\u011f\u0131yla 13 May\u0131s 2018 Pazar g\u00fcn\u00fc saat 14.00&#8217;te il k\u00fclt\u00fcr m\u00fcd\u00fcrl\u00fc\u011f\u00fc konferans salonunda &#8220;En B\u00fcy\u00fck Haber&#8221; isimli tiyatro g\u00f6sterisi ve &#8220;6. Ufka Yolculuk \u0130l \u00d6d\u00fcl T\u00f6reni&#8221; tertip edilecektir. T\u00fcrkiye\u2019nin en geni\u015f kat\u0131l\u0131ml\u0131 sivil yar\u0131\u015fma organizasyonu olan [&hellip;]<\/p>\n","protected":false},"author":2,"featured_media":0,"comment_status":"open","ping_status":"closed","template":"","meta":{"_et_pb_use_builder":"on","_et_pb_old_content":"<div>\u00a0<\/div><div>\u00a0<\/div>","_et_gb_content_width":"","footnotes":""},"project_category":[22],"project_tag":[25],"class_list":["post-683","project","type-project","status-publish","hentry","project_category-ufka-yolculuk","project_tag-ufka-yolculuk"],"_links":{"self":[{"href":"https:\/\/sehristan.org\/index.php\/wp-json\/wp\/v2\/project\/683","targetHints":{"allow":["GET"]}}],"collection":[{"href":"https:\/\/sehristan.org\/index.php\/wp-json\/wp\/v2\/project"}],"about":[{"href":"https:\/\/sehristan.org\/index.php\/wp-json\/wp\/v2\/types\/project"}],"author":[{"embeddable":true,"href":"https:\/\/sehristan.org\/index.php\/wp-json\/wp\/v2\/users\/2"}],"replies":[{"embeddable":true,"href":"https:\/\/sehristan.org\/index.php\/wp-json\/wp\/v2\/comments?post=683"}],"version-history":[{"count":9,"href":"https:\/\/sehristan.org\/index.php\/wp-json\/wp\/v2\/project\/683\/revisions"}],"predecessor-version":[{"id":1216,"href":"https:\/\/sehristan.org\/index.php\/wp-json\/wp\/v2\/project\/683\/revisions\/1216"}],"wp:attachment":[{"href":"https:\/\/sehristan.org\/index.php\/wp-json\/wp\/v2\/media?parent=683"}],"wp:term":[{"taxonomy":"project_category","embeddable":true,"href":"https:\/\/sehristan.org\/index.php\/wp-json\/wp\/v2\/project_category?post=683"},{"taxonomy":"project_tag","embeddable":true,"href":"https:\/\/sehristan.org\/index.php\/wp-json\/wp\/v2\/project_tag?post=683"}],"curies":[{"name":"wp","href":"https:\/\/api.w.org\/{rel}","templated":true}]}}