{"id":678,"date":"2018-05-08T03:42:52","date_gmt":"2018-05-08T00:42:52","guid":{"rendered":"http:\/\/sehristan.org\/?post_type=project&#038;p=678"},"modified":"2019-03-10T13:00:54","modified_gmt":"2019-03-10T10:00:54","slug":"ufka-yolculuk6-kayit-suresi-uzatildi","status":"publish","type":"project","link":"https:\/\/sehristan.org\/index.php\/project\/ufka-yolculuk6-kayit-suresi-uzatildi\/","title":{"rendered":"Ufka Yolculuk-6 Kay\u0131t S\u00fcresi Uzat\u0131ld\u0131"},"content":{"rendered":"\n[et_pb_section bb_built=&#8221;1&#8243;][et_pb_row][et_pb_column type=&#8221;4_4&#8243;][et_pb_text _builder_version=&#8221;3.0.60&#8243; background_layout=&#8221;light&#8221; text_orientation=&#8221;left&#8221; border_style=&#8221;solid&#8221;]\r\n\r\n<strong>Ufka Yolculuk 6. K\u00fclt\u00fcr Yar\u0131\u015fmas\u0131 ba\u015fvurular\u0131 t\u00fcm yurt genelinde oldu\u011fu gibi Kars\u2019ta da devam ediyor. Bu y\u0131l ki temas\u0131 \u201cKur\u2019an ve S\u00fcnnet B\u00fct\u00fcnl\u00fc\u011f\u00fc\u201d olarak belirlenen Ufka yolculuk K\u00fclt\u00fcr Yar\u0131\u015fmalar\u0131n\u0131n kay\u0131tlar\u0131 11 Mart 2018 tarihine kadar uzat\u0131ld\u0131.<\/strong>\r\n\r\nServer Gen\u00e7lik ve Spor Kul\u00fcb\u00fc taraf\u0131ndan uluslararas\u0131 \u00e7apta d\u00fczenlenen Ufka Yolculuk Bilgi ve K\u00fclt\u00fcr Yar\u0131\u015fmalar\u0131n\u0131n Kars ilindeki organizasyonunu\r\n\r\n<a href=\"http:\/\/www.sehristan.org\">\u015eehristan<\/a> Gen\u00e7lik Spor ve \u0130zcilik Kul\u00fcb\u00fc ger\u00e7ekle\u015ftiriyor. \u201cS\u00fcnnet Olmadan \u00dcmmet Olmaz\u201d temas\u0131yla 3 dil ve 11 ayr\u0131 kategoride d\u00fczenlenecek olan 6. Ufka Yolculuk K\u00fclt\u00fcr Yar\u0131\u015fmas\u0131\u2019n\u0131n kay\u0131tlar\u0131, 11 Mart 2018 tarihine kadar devam edecek, yaz\u0131l\u0131 s\u0131nav ise 8 Nisan 2018 tarihinde yap\u0131lacak.\r\n\r\n<strong>Bakanl\u0131k destekli<\/strong>\r\n\r\n7 den 77ye okuma yazmay\u0131 bilen herkesin kat\u0131labildi\u011fi yar\u0131\u015fmaya T\u00fcrkiye genelinde bir\u00e7ok resmi kurum destek oluyor. Milli E\u011fitim Bakanl\u0131\u011f\u0131\u2019n\u0131n deste\u011fiyle MEB\u2019e ba\u011fl\u0131 okullardaki \u00f6\u011frenciler ve Adalet Bakanl\u0131\u011f\u0131\u2019n\u0131n deste\u011fiyle de cezaevlerindeki mahkumlar yar\u0131\u015fmaya kat\u0131labiliyor.\r\n\r\n<strong>En b\u00fcy\u00fck sivil organizasyon<\/strong>\r\n\r\nT\u00fcrkiye\u2019nin en geni\u015f kat\u0131l\u0131ml\u0131 sivil yar\u0131\u015fma organizasyonu olan Ufka Yolculuk yar\u0131\u015fmas\u0131na ba\u015fvuru yapan yar\u0131\u015fmac\u0131lar, yar\u0131\u015fma kapsam\u0131nda belirlenmi\u015f olan 3 kitap i\u00e7inden kendi kategorilerine uygun olan yar\u0131\u015fma kitab\u0131n\u0131 okuyacaklar, Kars ilinde ve il\u00e7elerinde belirlenecek olan okullarda 8 Nisan tarihinde yar\u0131\u015fman\u0131n s\u0131nav\u0131na girecekler. S\u0131navda yaz\u0131l\u0131 olarak sorulan \u00e7oktan se\u00e7meli sorular ile yar\u0131\u015fmac\u0131lar\u0131n s\u0131ralamalar\u0131 belirlenecek.\r\n\r\n<strong>Kitaplarda indirim<\/strong>\r\n\r\n\u0130nternette daha y\u00fcksek fiyatlara sat\u0131n al\u0131nabilen yar\u0131\u015fma kitaplar\u0131 Kars ilinde hay\u0131rseverlerin katk\u0131lar\u0131yla 5tl\u2019ye temin edilebiliyor. Yar\u0131\u015fma kitaplar\u0131 Kars merkezde G\u00fcnerhan, Sar\u0131kam\u0131\u015f\u2019ta Eksen, Ka\u011f\u0131zman\u2019da ise Bilen k\u0131rtasiyeden temin edilebilmektedir. Yar\u0131\u015fmaya kay\u0131tlar ise www.ufkayolculuk.com internet sitesinden \u00fccretsiz ger\u00e7ekle\u015ftirilmektedir.\r\n\r\n<strong>Umre veya dost bir \u00fclkeye yolculuk \u00f6d\u00fcll\u00fc<\/strong>\r\n\r\n\u0130lkokul ya\u015flar\u0131 (A kategorisi), ortaokul ya\u015flar\u0131 (B kategorisi) lise ve yeti\u015fkin ya\u015flar\u0131 i\u00e7in (C,D,E,F kategorileri) farkl\u0131 kategorilerin oldu\u011fu yar\u0131\u015fmada her bir kategoride dereceye giren ilk 10 ki\u015fiye \u00f6d\u00fcller verilecek. Binlerce \u00f6d\u00fcl\u00fcn da\u011f\u0131t\u0131laca\u011f\u0131 yar\u0131\u015fmada T\u00fcrkiye\u2019de ilk \u00fc\u00e7e giren herkese 2 ki\u015filik umre veya 2 ki\u015filik dost bir \u00fclkeye yolculuk \u00f6d\u00fcl\u00fc ile birlikte para \u00f6d\u00fcl\u00fc verilecek. Kars ilinde de il derecesi yapan ilk 10 ki\u015fiye para ve mansiyon \u00f6d\u00fclleri verilecek. Ayr\u0131ca Kars genelinde MEB\u2019e ba\u011fl\u0131 okullarda, belli ba\u015fvuru say\u0131s\u0131na ula\u015fan okullarda okul birincilerine de \u00f6d\u00fcl verilecek.\r\n\r\n<strong>Tiyatro g\u00f6sterisi ile sonlanacak<\/strong>\r\n\r\nT\u00fcrkiye \u00f6d\u00fclleri Server gen\u00e7lik ve spor kul\u00fcb\u00fcn\u00fcn d\u00fczenleyece\u011fi \u00f6d\u00fcl t\u00f6reni ile, Kars il \u00f6d\u00fclleri ise \u015eehristan gen\u00e7lik spor ve izcilik kul\u00fcb\u00fcn\u00fcn d\u00fczenleyece\u011fi \u00f6d\u00fcl t\u00f6reni ile sahiplerine verilecek. \u015eehristan gen\u00e7lik kul\u00fcb\u00fc d\u00fczenleyece\u011fi \u00f6d\u00fcl t\u00f6reninde \u201cEn b\u00fcy\u00fck haber\u201d isimli tiyatro g\u00f6sterisinin de g\u00f6sterimi i\u00e7in planlama yap\u0131l\u0131yor.\r\n\r\n<strong>Kars \u0130linde Tan\u0131t\u0131m ve Ziyaretler<\/strong>\r\n\r\n\u015eehristan gen\u00e7lik yetkilileri tan\u0131t\u0131m amac\u0131yla Kars ili ve il\u00e7elerindeki y\u00fczlerce okula tan\u0131t\u0131m ziyaretleri ger\u00e7ekle\u015ftirdi. Ayr\u0131ca Kars ilinde bir \u00e7ok resmi kurum ziyaret edilerek yar\u0131\u015fma hakk\u0131nda bilgi verildi. Bu kapsamda \u0130l K\u00fclt\u00fcr Turizm M\u00fcd\u00fcr\u00fc Hakan Do\u011fanay, \u0130l Milli E\u011fitim M\u00fcd\u00fcr\u00fc G\u00f6khan Altun, \u0130l M\u00fcft\u00fcs\u00fc Mehmet Gen\u00e7, Kredi Yurtlar Kurumu M\u00fcd\u00fcr\u00fc M\u00fcseyip Aslanbenzer, Tar\u0131m Ve Hayvanc\u0131l\u0131k \u0130l M\u00fcd\u00fcr\u00fc H\u00fcseyin D\u00fczg\u00fcn, Kafkas \u00dcniversitesi Rekt\u00f6r\u00fc Sami \u00d6zcan, Kafkas \u00dcniversitesi Genel Sekreteri Alpaslan Y\u00fcce ve Belediye Ba\u015fkan Yard\u0131mc\u0131s\u0131 Ferit Yenice Bey makamlar\u0131nda ziyaret edildi. \u015eehristan gen\u00e7lik spor ve izcilik kul\u00fcb\u00fcn\u00fcn Kars ilinde yapmakta oldu\u011fu \u00e7al\u0131\u015fmalarla birlikte ufka yolculuk yar\u0131\u015fmas\u0131n\u0131n detaylar\u0131n\u0131n anlat\u0131ld\u0131\u011f\u0131 g\u00f6r\u00fc\u015fmelerde kul\u00fcp olarak ger\u00e7ekle\u015ftirilmesi d\u00fc\u015f\u00fcn\u00fclen yeni projeler de konu\u015fuldu.\r\n\r\nAyr\u0131ca Ufka Yolculuk 6. Bilgi ve K\u00fclt\u00fcr Yar\u0131\u015fmas\u0131n\u0131n tan\u0131t\u0131mlar\u0131 amac\u0131yla Faikbey caddesi ve Kafkas \u00dcniversitesi gibi \u00e7e\u015fitli yerlerde stand \u00e7al\u0131\u015fmalar\u0131 ger\u00e7ekle\u015ftiriliyor.\r\n\r\n<strong>Neden Kur\u2019an ve S\u00fcnnet B\u00fct\u00fcnl\u00fc\u011f\u00fc?<\/strong>\r\n\r\nUfka Yolculuk, ge\u00e7mi\u015f y\u0131llarda oldu\u011fu gibi bu y\u0131l da Allah (cc)\u2019\u0131n r\u0131zas\u0131n\u0131 kazanmak i\u00e7in \u00e7\u0131kt\u0131\u011f\u0131 yolculukta, hanelerimize \u00e2yet ve hadis b\u00fct\u00fcnl\u00fc\u011f\u00fcn\u00fcn bereketini sunmay\u0131, insanl\u0131\u011f\u0131 Allah kat\u0131nda son din olan \u0130sl\u00e2m\u2019\u0131n temel iki b\u00fcy\u00fck kayna\u011f\u0131yla bulu\u015fturmay\u0131 ama\u00e7lamaktad\u0131r. \u201cS\u00fcnnet olmadan \u00fcmmet olmaz\u201d slogan\u0131yla d\u00fczenlenen yar\u0131\u015fma ile, Hadis-i \u015eerifleri \u00f6nemsizle\u015ftirip yok sayarak Kur\u2019an-\u0131 Kerim\u2019i yanl\u0131\u015f uygulatmay\u0131 ve \u00dcmmeti Muhammed\u2019in anlay\u0131\u015f ve ya\u015fant\u0131s\u0131ndaki birli\u011fini da\u011f\u0131tmaya y\u00f6nelik tuzaklara kar\u015f\u0131 bir koruma olarak \u201dKur\u2019an ve S\u00fcnnet \u2019in ayr\u0131lmaz bir b\u00fct\u00fcn oldu\u011funun delilleriyle sunulmas\u0131 ve bu konuda toplumsal bir bilin\u00e7lenmenin olu\u015fmas\u0131 hedefleniyor.\r\n\r\nYar\u0131\u015fmaya \u00fccretsiz kay\u0131t olmak ve daha detayl\u0131 bilgi almak i\u00e7in <a href=\"http:\/\/www.ufkayolculuk.com\">www.ufkayolculuk.com<\/a> adresini ziyaret edebilirsiniz.\r\n\r\n&nbsp;\r\n\r\n[\/et_pb_text][et_pb_gallery _builder_version=&#8221;3.0.60&#8243; show_title_and_caption=&#8221;on&#8221; show_pagination=&#8221;off&#8221; gallery_ids=&#8221;681&#8243; fullwidth=&#8221;off&#8221; orientation=&#8221;landscape&#8221; zoom_icon_color=&#8221;#81d742&#8243; hover_overlay_color=&#8221;rgba(255,255,255,0.9)&#8221; background_layout=&#8221;light&#8221; border_style=&#8221;solid&#8221; auto=&#8221;off&#8221; \/][\/et_pb_column][\/et_pb_row][\/et_pb_section]\n","protected":false},"excerpt":{"rendered":"<p><div class=\"et_pb_row et_pb_row_0 et_pb_row_empty\">\n\t\t\t\t\n\t\t\t\t\n\t\t\t\t\n\t\t\t\t\n\t\t\t\t\n\t\t\t<\/div> Ufka Yolculuk 6. K\u00fclt\u00fcr Yar\u0131\u015fmas\u0131 ba\u015fvurular\u0131 t\u00fcm yurt genelinde oldu\u011fu gibi Kars\u2019ta da devam ediyor. Bu y\u0131l ki temas\u0131 \u201cKur\u2019an ve S\u00fcnnet B\u00fct\u00fcnl\u00fc\u011f\u00fc\u201d olarak belirlenen Ufka yolculuk K\u00fclt\u00fcr Yar\u0131\u015fmalar\u0131n\u0131n kay\u0131tlar\u0131 11 Mart 2018 tarihine kadar uzat\u0131ld\u0131. Server Gen\u00e7lik ve Spor Kul\u00fcb\u00fc taraf\u0131ndan uluslararas\u0131 \u00e7apta d\u00fczenlenen Ufka Yolculuk Bilgi ve K\u00fclt\u00fcr Yar\u0131\u015fmalar\u0131n\u0131n Kars ilindeki organizasyonunu [&hellip;]<\/p>\n","protected":false},"author":2,"featured_media":0,"comment_status":"open","ping_status":"closed","template":"","meta":{"_et_pb_use_builder":"on","_et_pb_old_content":"","_et_gb_content_width":"","footnotes":""},"project_category":[22],"project_tag":[25],"class_list":["post-678","project","type-project","status-publish","hentry","project_category-ufka-yolculuk","project_tag-ufka-yolculuk"],"_links":{"self":[{"href":"https:\/\/sehristan.org\/index.php\/wp-json\/wp\/v2\/project\/678","targetHints":{"allow":["GET"]}}],"collection":[{"href":"https:\/\/sehristan.org\/index.php\/wp-json\/wp\/v2\/project"}],"about":[{"href":"https:\/\/sehristan.org\/index.php\/wp-json\/wp\/v2\/types\/project"}],"author":[{"embeddable":true,"href":"https:\/\/sehristan.org\/index.php\/wp-json\/wp\/v2\/users\/2"}],"replies":[{"embeddable":true,"href":"https:\/\/sehristan.org\/index.php\/wp-json\/wp\/v2\/comments?post=678"}],"version-history":[{"count":4,"href":"https:\/\/sehristan.org\/index.php\/wp-json\/wp\/v2\/project\/678\/revisions"}],"predecessor-version":[{"id":1217,"href":"https:\/\/sehristan.org\/index.php\/wp-json\/wp\/v2\/project\/678\/revisions\/1217"}],"wp:attachment":[{"href":"https:\/\/sehristan.org\/index.php\/wp-json\/wp\/v2\/media?parent=678"}],"wp:term":[{"taxonomy":"project_category","embeddable":true,"href":"https:\/\/sehristan.org\/index.php\/wp-json\/wp\/v2\/project_category?post=678"},{"taxonomy":"project_tag","embeddable":true,"href":"https:\/\/sehristan.org\/index.php\/wp-json\/wp\/v2\/project_tag?post=678"}],"curies":[{"name":"wp","href":"https:\/\/api.w.org\/{rel}","templated":true}]}}