{"id":657,"date":"2018-05-07T23:41:00","date_gmt":"2018-05-07T20:41:00","guid":{"rendered":"http:\/\/sehristan.org\/?post_type=project&#038;p=657"},"modified":"2024-05-03T10:49:41","modified_gmt":"2024-05-03T07:49:41","slug":"karsda-fidan-dikimi-coskusu","status":"publish","type":"project","link":"https:\/\/sehristan.org\/index.php\/project\/karsda-fidan-dikimi-coskusu\/","title":{"rendered":"Kars\u2019da Fidan Dikimi Co\u015fkusu"},"content":{"rendered":"<p>[et_pb_section fb_built=&#8221;1&#8243; _builder_version=&#8221;4.16&#8243; global_colors_info=&#8221;{}&#8221;][et_pb_row _builder_version=&#8221;4.16&#8243; background_size=&#8221;initial&#8221; background_position=&#8221;top_left&#8221; background_repeat=&#8221;repeat&#8221; global_colors_info=&#8221;{}&#8221;][et_pb_column type=&#8221;4_4&#8243; _builder_version=&#8221;4.16&#8243; custom_padding=&#8221;|||&#8221; global_colors_info=&#8221;{}&#8221; custom_padding__hover=&#8221;|||&#8221;][et_pb_text _builder_version=&#8221;4.16&#8243; border_style=&#8221;solid&#8221; global_colors_info=&#8221;{}&#8221;]<strong>Kars&#8217;da Fidan Dikim Co\u015fkusu<br \/>\n<\/strong><\/p>\n<p>\u015eehristan Gen\u00e7lik Spor ve \u0130zcilik Kul\u00fcb\u00fc, Kafkas \u00dcniversitesi \u0130lahiyat Fak\u00fcltesi ve \u00c7EKUD (\u00c7evre Kurulu\u015flar\u0131 Dayan\u0131\u015fma Derne\u011fi), \u201cK\u00d6KLER\u0130M\u0130Z BU TOPRAKLARDA PROJES\u0130\u201d kapsam\u0131nda; 22 Nisan 2018 Pazar g\u00fcn\u00fc saat 13.00 itibariyle Kafkas \u00dcniversitesi Kamp\u00fcs\u00fcnde fidan dikim etkinli\u011fi ger\u00e7ekle\u015ftirdi.<\/p>\n<p>Kafkas \u00dcniversitesi D\u00e2vud-i Kars\u00ee Cami \u00e7evresinin ye\u015fillendirilmesinin hedeflendi\u011fi etkinlikte 400 sar\u0131 \u00e7am, 45 leylak, 35 kara a\u011fa\u00e7, 35 di\u015fbudak ve 35 akasya a\u011fac\u0131 olmak \u00fczere 550 fidan \u00e7izilen peyzaj plan\u0131na uygun \u015fekilde toprakla bulu\u015fturuldu.<\/p>\n<p>Program\u0131n a\u00e7\u0131l\u0131\u015f\u0131nda selamlama konu\u015fmalar\u0131 kapsam\u0131nda \u00c7EK\u00dcD ve \u015eehristan Gen\u00e7lik Kul\u00fcb\u00fc ad\u0131na Uz. Dr. Sadettin D\u00fcr\u00fcyen konu\u015ftu. \u00c7evre problemlerinin insanlar taraf\u0131ndan di\u011fer varl\u0131klar\u0131n haklar\u0131n\u0131n en \u00e7ok ihlal edildi\u011fi alanlar\u0131n ba\u015f\u0131nda geldi\u011fini s\u00f6yleyerek konu\u015fmas\u0131na ba\u015flayan Say\u0131n D\u00fcr\u00fcyen \u201cOtomobillerimizden, evlerimizden, fabrikalar\u0131m\u0131zdan kontrols\u00fczce sald\u0131\u011f\u0131m\u0131z gazlar, kimyasal maddeler ve at\u0131klar hem biz insanlar\u0131n hem de hayvan ve bitkilerin sa\u011fl\u0131kl\u0131 ya\u015fam alanlar\u0131n\u0131 yok etmeye devam etmektedir.\u201d diyerek s\u00f6zlerini devam ettirdi.<\/p>\n<p>D\u00fcnyada \u00e7e\u015fitli sebeplerle her y\u0131l b\u00fcy\u00fck orman alanlar\u0131n\u0131n insanlar taraf\u0131ndan yok edildi\u011fini; buna ra\u011fmen T\u00fcrkiye olarak orman alanlar\u0131n\u0131 art\u0131ran nadir \u00fclkelerden biri oldu\u011fumuzun bilgisini payla\u015fan Say\u0131n D\u00fcr\u00fcyen \u201cBug\u00fcn bizler bu duru\u015fumuzla t\u00fcm d\u00fcnya insanlar\u0131na ya\u015fatman\u0131n \u00f6nemini yeniden hat\u0131rlatm\u0131\u015f oluyoruz. \u00c7\u00fcnk\u00fc biz biliyoruz ki; t\u00fcm bu varl\u0131klar biz insanlara emanet olarak verildi ve onlar\u0131 ya\u015fatmak bizim g\u00f6revimiz.\u201d dedi.<\/p>\n<p>Dikilen a\u011fa\u00e7lar\u0131n varl\u0131\u011f\u0131n\u0131n ku\u015flar\u0131n, b\u00f6ceklerin varl\u0131\u011f\u0131n\u0131n da teminat\u0131 olaca\u011f\u0131n\u0131, bu etkinlikle birlikte asl\u0131nda onlara da \u201cbizden emin olun, bundan b\u00f6yle bizden ve \u00e7ocuklar\u0131m\u0131zdan size zarar gelmez, siz art\u0131k varolu\u015f gayenize uygun \u015fekilde ya\u015fam\u0131n\u0131z\u0131 devam ettirin\u201d denilmi\u015f oldu\u011funu s\u00f6yledi. Etkinli\u011fe aileleriyle birlikte kat\u0131lan \u00e7ocuklara seslenerek dikilen fidanlar\u0131n asl\u0131nda onlar i\u00e7in dikildi\u011fini ve onlar\u0131n da k\u0131yamete kadar nesilden nesile bu al\u0131\u015fkanl\u0131\u011f\u0131 s\u00fcrd\u00fcrmelerini istediklerini s\u00f6yledi.<\/p>\n<p>Say\u0131n D\u00fcr\u00fcyen, \u201cBizler b\u00fct\u00fcn varl\u0131klar\u0131n mutluluk i\u00e7inde ya\u015famas\u0131n\u0131 istiyoruz. Dikti\u011fimiz her bir fidandan elde edilecek fayda insanl\u0131\u011f\u0131n ortak faydas\u0131 olacakt\u0131r.\u201d diyerek te\u015fekk\u00fcrleriyle birlikte konu\u015fmas\u0131n\u0131 tamamlad\u0131.<\/p>\n<p>Daha sonra etkinli\u011fin payda\u015flar\u0131ndan olan Kafkas \u00dcniversitesi \u0130lahiyat Fak\u00fcltesi ad\u0131na s\u00f6z alan Yrd. Do\u00e7. Dr. Alparslan KARTAL \u201cK\u0131yamet kopuyor olsa ve birinizin elinde bir fide bulunsa, k\u0131yamet kopmadan onu dikebilirse bunu hemen yaps\u0131n!\u201d hadisini kat\u0131l\u0131mc\u0131larla payla\u015ft\u0131. Bu hadis \u00fczerinde derinlikli d\u00fc\u015f\u00fcn\u00fcld\u00fc\u011f\u00fcnde Peygamber Efendimiz\u2019in (s.a.v) insanlar\u0131 hangi \u015fart alt\u0131nda olunursa olunsun mazeret \u00fcretmeksizin iyilik yapmaya te\u015fvik etti\u011finin anla\u015f\u0131laca\u011f\u0131n\u0131 aktard\u0131.<\/p>\n<p>Peygamber Efendimiz\u2019in ba\u015fka bir hadisi \u015ferifte ise \u201cBir kimse a\u011fa\u00e7 diker de o a\u011fac\u0131n meyvesinden bir insan veya All\u00e2h\u2019\u0131n mahl\u00fbk\u00e2t\u0131ndan herhangi bir varl\u0131k yerse bu, o a\u011fac\u0131 diken kimse i\u00e7in sadaka olur.\u201d buyurdu\u011funu s\u00f6yledi. Dikilen her bir fidan\u0131n diken kimseler i\u00e7in sadaka-i cariye olaca\u011f\u0131n\u0131, yani kendileri bu d\u00fcnyadan ge\u00e7ip gittikten sonra bile amel defterlerine sevap yaz\u0131lmaya devam edece\u011fini aktard\u0131.<\/p>\n<p>\u00c7e\u015fitli ayet ve hadisler payla\u015farak fidan dikmenin ve \u00e7evreci olman\u0131n manevi y\u00f6nlerine vurgular yapan Say\u0131n Kartal kat\u0131l\u0131mc\u0131lara te\u015fekk\u00fcr ederek s\u00f6zlerini sonland\u0131rd\u0131.<\/p>\n<p>Fidan dikim etkinli\u011fine Kars Orman \u0130\u015fletme M\u00fcd\u00fcr\u00fc Haydar CENG\u0130Z bey de kat\u0131ld\u0131. Kendisi ve Orman M\u00fcd\u00fcrl\u00fc\u011f\u00fc\u2019nden gelen di\u011fer uzmanlar\u0131n verdikleri teknik bilgilerle kat\u0131l\u0131mc\u0131lar fidan dikimlerini ger\u00e7ekle\u015ftirdi.<\/p>\n<p>\u00d6zellikle \u00e7ocuklar\u0131n ve \u00f6\u011frencilerin aileleriyle birlikte co\u015fkulu ve heyecanl\u0131 bir atmosferde bulu\u015ftu\u011fu etkinlikte kat\u0131l\u0131mc\u0131lar do\u011fayla bulu\u015fman\u0131n ve gelecek ad\u0131na dikili a\u011fa\u00e7lar b\u0131rakman\u0131n sevincini ya\u015fad\u0131.<\/p>\n<p>\u00c7EK\u00dcD\u2019\u00fcn ayn\u0131 g\u00fcn ve saatte T\u00fcrkiye\u2019nin di\u011fer illerinde ve kat\u0131l\u0131mc\u0131 il\u00e7elerde dikim etkinlikleri organize etti\u011fi ve bunun bir rekor denemesi oldu\u011fu bilgisi de kat\u0131l\u0131mc\u0131larla payla\u015f\u0131ld\u0131. B\u00f6ylece bir g\u00fcnde 100bin a\u011fac\u0131n toprakla bulu\u015fmu\u015f olaca\u011f\u0131 s\u00f6ylendi. Etkinlikler sosyal medya hesaplar\u0131ndan da canl\u0131 olarak yay\u0131nland\u0131.<\/p>\n<p>Fidan dikim etkinli\u011finin temel amac\u0131, a\u011fa\u00e7land\u0131rman\u0131n \u00f6neminin toplumun her kesiminden alg\u0131lanmas\u0131n\u0131n sa\u011flanmas\u0131 oldu.<br \/>\n[\/et_pb_text][et_pb_gallery gallery_ids=&#8221;666,659,660,661,662,663,664,665,658&#8243; show_title_and_caption=&#8221;off&#8221; zoom_icon_color=&#8221;#81d742&#8243; _builder_version=&#8221;4.25.0&#8243; hover_enabled=&#8221;0&#8243; border_style=&#8221;solid&#8221; global_colors_info=&#8221;{}&#8221; sticky_enabled=&#8221;0&#8243;][\/et_pb_gallery][\/et_pb_column][\/et_pb_row][\/et_pb_section]<\/p>\n","protected":false},"excerpt":{"rendered":"<p>Kars&#8217;da Fidan Dikim Co\u015fkusu \u015eehristan Gen\u00e7lik Spor ve \u0130zcilik Kul\u00fcb\u00fc, Kafkas \u00dcniversitesi \u0130lahiyat Fak\u00fcltesi ve \u00c7EKUD (\u00c7evre Kurulu\u015flar\u0131 Dayan\u0131\u015fma Derne\u011fi), \u201cK\u00d6KLER\u0130M\u0130Z BU TOPRAKLARDA PROJES\u0130\u201d kapsam\u0131nda; 22 Nisan 2018 Pazar g\u00fcn\u00fc saat 13.00 itibariyle Kafkas \u00dcniversitesi Kamp\u00fcs\u00fcnde fidan dikim etkinli\u011fi ger\u00e7ekle\u015ftirdi. Kafkas \u00dcniversitesi D\u00e2vud-i Kars\u00ee Cami \u00e7evresinin ye\u015fillendirilmesinin hedeflendi\u011fi etkinlikte 400 sar\u0131 \u00e7am, 45 leylak, 35 [&hellip;]<\/p>\n","protected":false},"author":2,"featured_media":664,"comment_status":"open","ping_status":"closed","template":"","meta":{"_et_pb_use_builder":"on","_et_pb_old_content":"","_et_gb_content_width":"","footnotes":""},"project_category":[29],"project_tag":[30],"class_list":["post-657","project","type-project","status-publish","has-post-thumbnail","hentry","project_category-cevre","project_tag-cevre"],"_links":{"self":[{"href":"https:\/\/sehristan.org\/index.php\/wp-json\/wp\/v2\/project\/657","targetHints":{"allow":["GET"]}}],"collection":[{"href":"https:\/\/sehristan.org\/index.php\/wp-json\/wp\/v2\/project"}],"about":[{"href":"https:\/\/sehristan.org\/index.php\/wp-json\/wp\/v2\/types\/project"}],"author":[{"embeddable":true,"href":"https:\/\/sehristan.org\/index.php\/wp-json\/wp\/v2\/users\/2"}],"replies":[{"embeddable":true,"href":"https:\/\/sehristan.org\/index.php\/wp-json\/wp\/v2\/comments?post=657"}],"version-history":[{"count":7,"href":"https:\/\/sehristan.org\/index.php\/wp-json\/wp\/v2\/project\/657\/revisions"}],"predecessor-version":[{"id":1829,"href":"https:\/\/sehristan.org\/index.php\/wp-json\/wp\/v2\/project\/657\/revisions\/1829"}],"wp:featuredmedia":[{"embeddable":true,"href":"https:\/\/sehristan.org\/index.php\/wp-json\/wp\/v2\/media\/664"}],"wp:attachment":[{"href":"https:\/\/sehristan.org\/index.php\/wp-json\/wp\/v2\/media?parent=657"}],"wp:term":[{"taxonomy":"project_category","embeddable":true,"href":"https:\/\/sehristan.org\/index.php\/wp-json\/wp\/v2\/project_category?post=657"},{"taxonomy":"project_tag","embeddable":true,"href":"https:\/\/sehristan.org\/index.php\/wp-json\/wp\/v2\/project_tag?post=657"}],"curies":[{"name":"wp","href":"https:\/\/api.w.org\/{rel}","templated":true}]}}