{"id":586,"date":"2017-12-31T09:39:10","date_gmt":"2017-12-31T06:39:10","guid":{"rendered":"http:\/\/sehristan.org\/?post_type=project&#038;p=586"},"modified":"2019-03-10T13:01:50","modified_gmt":"2019-03-10T10:01:50","slug":"6-ufka-yolculuk-kitap-okuma-yarismasi","status":"publish","type":"project","link":"https:\/\/sehristan.org\/index.php\/project\/6-ufka-yolculuk-kitap-okuma-yarismasi\/","title":{"rendered":"Ufka Yolculuk-6 Kitap Okuma Yar\u0131\u015fmas\u0131 Kay\u0131tlar\u0131 Ba\u015flad\u0131"},"content":{"rendered":"\n[et_pb_section bb_built=&#8221;1&#8243;][et_pb_row][et_pb_column type=&#8221;4_4&#8243;][et_pb_text _builder_version=&#8221;3.0.60&#8243; background_layout=&#8221;light&#8221; text_orientation=&#8221;left&#8221; border_style=&#8221;solid&#8221;]\r\n<div class=\"fw booksPageList\"><article>\r\n<div>\r\n<p style=\"text-align: left;\" align=\"center\"><strong>6. UFKA YOLCULUK B\u0130LG\u0130 VE K\u00dcLT\u00dcR YARI\u015eMASI KAYITLARI BA\u015eLADI\r\n<\/strong><\/p>\r\nUfka Yolculuk, ge\u00e7mi\u015f y\u0131llarda oldu\u011fu gibi bu y\u0131l da Allah (cc)\u2019\u0131n r\u0131zas\u0131n\u0131 kazanmak i\u00e7in \u00e7\u0131kt\u0131\u011f\u0131 yolculukta, hanelerimize \u00e2yet ve hadis b\u00fct\u00fcnl\u00fc\u011f\u00fcn\u00fcn bereketini sunmay\u0131, insanl\u0131\u011f\u0131 Allah kat\u0131nda son din olan \u0130sl\u00e2m\u2019\u0131n temel iki b\u00fcy\u00fck kayna\u011f\u0131yla bulu\u015fturmaya ama\u00e7lamaktad\u0131r.\r\n\r\nUfka Yolculuk 6. Bilgi ve K\u00fclt\u00fcr Yar\u0131\u015fmas\u0131 H.1439 \/ M.2018-2019 y\u0131l\u0131nda T\u00fcrkiye\u2019de yaz\u0131l\u0131 olarak T\u00fcrk\u00e7e ve Arap\u00e7a, d\u00fcnya genelinde ise online olarak \u0130ngilizce ve Arap\u00e7a dillerinde d\u00fczenlenecektedir.\r\n<div><strong>Y<\/strong>ar\u0131\u015fma, T\u00fcrk\u00e7e dilinde Ufka Yolculuk i\u00e7in \u00f6zel olarak haz\u0131rlanan, ayet ve hadislerle Kur\u2019an-S\u00fcnnet B\u00fct\u00fcnl\u00fc\u011f\u00fc konusu \u00e7er\u00e7evesinde M. Es\u2019ad Co\u015fan\u2019\u0131n \u201cS\u00fcnnet Olmadan \u00dcmmet Olmaz\u201d adl\u0131 \u00f6zel haz\u0131rlanan eserinden yap\u0131lacakt\u0131r. B kategorisinde ayn\u0131 eserin sadele\u015ftirilmi\u015f hali olacakt\u0131r.<\/div>\r\n<strong>A<\/strong> Kategorisi 10 ya\u015f alt\u0131 yar\u0131\u015fmac\u0131lar i\u00e7in ise \u00e7ocuklar\u0131n ya\u015flar\u0131na uygun hikayeli ve resimli \u201cPeygamberimizden Dini Hikayeler\u201d adl\u0131 eserden yap\u0131lacakt\u0131r. Arap\u00e7a dilinde &#8220;( \u0646\u064a\u062d\u0644\u0627\u0635\u0644\u0627 \u0636\u0627\u064a\u0631 Riyaz\u00fc\u2019s Salihin)&#8221; adl\u0131 hadis eserinden, \u0130ngilizce dilinde ise \u201cRiyad-us-Saliheen\u201d (Riyaz\u00fc\u2019s Salihin) adl\u0131 hadis eserinden yap\u0131lacakt\u0131r. Yar\u0131\u015fma T\u00fcrk\u00e7e dilinde 7 (yedi) farkl\u0131 kategoride, Arap\u00e7a dilinde 3 (\u00fc\u00e7) farkl\u0131 kategori ve \u0130ngilizce dilinde tek kategori olmak \u00fczere toplamda 11 (on bir) farkl\u0131 kategoride d\u00fczenlenecektir.\r\n\r\nYar\u0131\u015fmam\u0131zda yaz\u0131l\u0131 olarak sorulan \u00e7oktan se\u00e7meli sorular (test) ile yar\u0131\u015fmac\u0131lar\u0131n s\u0131ralamas\u0131 belirlenecektir.\r\n\r\n<strong>Yar\u0131\u015fma 11 (on bir) farkl\u0131 kategoride yap\u0131lacakt\u0131r. A, B, C, D, E, F ve I Kategorileri T\u00fcrk\u00e7e dilinde, G, H ve K kategorileri Arap\u00e7a dilinde, J Kategorisi ise \u0130ngilizce dilinde yap\u0131lacakt\u0131r.<\/strong>\r\n\r\nKategorilerin detayl\u0131 a\u00e7\u0131klamas\u0131 a\u015fa\u011f\u0131dad\u0131r.\r\n\r\n<strong>A Kategorisi: <\/strong> 10 ya\u015f\u0131ndan k\u00fc\u00e7\u00fck olanlar\r\n\r\n<strong>B Kategorisi: <\/strong> 10-14 ya\u015f aras\u0131\r\n\r\n<strong>C Kategorisi: <\/strong> 14-19 ya\u015f aras\u0131\r\n\r\n<strong>D Kategorisi: <\/strong> 19-30 ya\u015f aras\u0131\r\n\r\n<strong>E Kategorisi: <\/strong> 30 ya\u015f\u0131ndan b\u00fcy\u00fck olanlar\r\n\r\n<strong>F Kategorisi\/\u0130htisas Kategorisi: <\/strong> Resmi veya fahri din g\u00f6revlileri (imamlar, m\u00fcezzinler, Kur\u2019an kursu hocalar\u0131, vaizler vs.), ilahiyat mezunlar\u0131, Din K\u00fclt\u00fcr\u00fc ve Ahlak Bilgisi \u00d6\u011fretmenleri bu kategoride yar\u0131\u015facaklard\u0131r. Bu meslek dallar\u0131nda \u015fu anda \u00e7al\u0131\u015fan, belirli bir s\u00fcre \u00e7al\u0131\u015fm\u0131\u015f olan veya emekli olanlar\u0131n tamam\u0131 i\u00e7in ge\u00e7erlidir.\r\n\r\nArap\u00e7a dilinde 18 ya\u015f alt\u0131 ve 18 \u00fcst\u00fc olmak \u00fczere <i>2 farkl\u0131 kategoride yaz\u0131l\u0131 s\u0131nav<\/i> olacakt\u0131r. Bununla birlikte yar\u0131\u015fmac\u0131lar s\u0131nava online olarak kat\u0131labileceklerdir. \u0130ngilizce s\u0131nav\u0131 online yap\u0131lmaktad\u0131r.\r\n\r\n<strong>Yar\u0131\u015fma kay\u0131tlar\u0131 13 Kas\u0131m\u2019da ba\u015flay\u0131p 04 Mart tarihinde sona erecektir. 8 Nisan 2018 tarihinde yaz\u0131l\u0131 s\u0131nav olacakt\u0131r.<\/strong>\r\n\r\n<strong>Kur\u2019an ve S\u00fcnnet B\u00fct\u00fcnl\u00fc\u011f\u00fc konusuyla hedefimiz;<\/strong>\r\n\r\nKur\u2019an ve S\u00fcnnet\u2019in ayr\u0131lmaz bir b\u00fct\u00fcn oldu\u011funu anlamak,\r\n\r\nKur\u2019an-\u0131 Kerim\u2019i daha iyi anlay\u0131p ya\u015famak,\r\n\r\nToplumun her kesimini Son Peygamber&#8217;in (sav) mesajlar\u0131 ile bulu\u015fturmak,\r\n\r\nY\u00fcce dinimiz \u0130slam\u2019\u0131 sahih kaynaklar ile daha do\u011fru anlamak ve anlatabilmek,\r\n\r\nHadis-i \u015eerifleri \u00f6nemsizle\u015ftirip yok sayarak Kur\u2019an-\u0131 Kerim-i yanl\u0131\u015f uygulatmay\u0131 ama\u00e7layan tuzaklardan korumakt\u0131r.\r\n\r\nAyr\u0131ca okuma al\u0131\u015fkanl\u0131\u011f\u0131n\u0131n istenilen d\u00fczeyde olmad\u0131\u011f\u0131 g\u00fcn\u00fcm\u00fczde; okuyan, d\u00fc\u015f\u00fcnen ve okuduklar\u0131yla hayat\u0131na y\u00f6n veren bireylerin yeti\u015fmesine, insanlar\u0131m\u0131z\u0131n sahih kaynaklarla bulu\u015fmas\u0131na bir nebze de olsa katk\u0131 sa\u011flamakt\u0131r.\r\n\r\n<strong>Merkezi \u00d6d\u00fcller<\/strong>\r\n\r\nA-B-C-D-E-F KATEGOR\u0130LER\u0130 \u0130\u00c7\u0130N:\r\n\r\n<\/div>\r\n<div class=\"fw prizeTabTopBox\">\r\n<ul>\r\n \t<li class=\"name\">Birincilere: 2 Umre Seyahati + 2.500 TL veya 2 Dosta Yolculuk + 2.500 TL<\/li>\r\n \t<li class=\"name\">\u0130kincilere: 2 Umre Seyahati + 1.500 TL veya 2 Dosta Yolculuk + 1.500 TL<\/li>\r\n \t<li class=\"name\">\u00dc\u00e7\u00fcnc\u00fclere: 2 Umre Seyahati + 500 TL veya 2 Dosta Yolculuk + 500 TL<\/li>\r\n \t<li class=\"name\">4.- 10. Olanlara: Apple iPad Air 16GB 9.7&#8243; Wi-Fi<\/li>\r\n<\/ul>\r\n<div>\r\n\r\n<strong>\u0130l \u00d6d\u00fclleri<\/strong>\r\n\r\nA-B-C-D-E KATEGOR\u0130LER\u0130 \u0130\u00c7\u0130N:\r\n\r\n<\/div>\r\n<div class=\"fw prizeTabTopBox\">\r\n<ul>\r\n \t<li class=\"name\">Birincilere: 750 TL<\/li>\r\n \t<li class=\"name\">\u0130kincilere: 500 TL<\/li>\r\n \t<li class=\"name\">\u00dc\u00e7\u00fcnc\u00fclere: 250 TL<\/li>\r\n \t<li class=\"name\">4.- 10. Olanlara: \u00c7ekili\u015fle bir ki\u015fiye 250 TL ve di\u011fer 6 ki\u015fiye mansiyon \u00f6d\u00fclleri<\/li>\r\n<\/ul>\r\nDi\u011fer Kategorilerin \u00d6d\u00fclleri, Kay\u0131t ve Detayl\u0131 Bilgi \u0130\u00e7in:\r\n\r\n<a href=\"http:\/\/www.ufkayolculuk.com\">www.ufkayolculuk.com<\/a>\r\n\r\n<\/div>\r\n<\/div>\r\n<\/article><\/div>\r\n[\/et_pb_text][et_pb_gallery _builder_version=&#8221;3.0.60&#8243; show_title_and_caption=&#8221;off&#8221; show_pagination=&#8221;on&#8221; fullwidth=&#8221;off&#8221; orientation=&#8221;landscape&#8221; zoom_icon_color=&#8221;#81d742&#8243; hover_overlay_color=&#8221;rgba(255,255,255,0.9)&#8221; background_layout=&#8221;light&#8221; border_style=&#8221;solid&#8221; auto=&#8221;off&#8221; gallery_ids=&#8221;592,590&#8243; \/][\/et_pb_column][\/et_pb_row][\/et_pb_section]\n","protected":false},"excerpt":{"rendered":"<p><div class=\"et_pb_row et_pb_row_0 et_pb_row_empty\">\n\t\t\t\t\n\t\t\t\t\n\t\t\t\t\n\t\t\t\t\n\t\t\t\t\n\t\t\t<\/div> 6. UFKA YOLCULUK B\u0130LG\u0130 VE K\u00dcLT\u00dcR YARI\u015eMASI KAYITLARI BA\u015eLADI Ufka Yolculuk, ge\u00e7mi\u015f y\u0131llarda oldu\u011fu gibi bu y\u0131l da Allah (cc)\u2019\u0131n r\u0131zas\u0131n\u0131 kazanmak i\u00e7in \u00e7\u0131kt\u0131\u011f\u0131 yolculukta, hanelerimize \u00e2yet ve hadis b\u00fct\u00fcnl\u00fc\u011f\u00fcn\u00fcn bereketini sunmay\u0131, insanl\u0131\u011f\u0131 Allah kat\u0131nda son din olan \u0130sl\u00e2m\u2019\u0131n temel iki b\u00fcy\u00fck kayna\u011f\u0131yla bulu\u015fturmaya ama\u00e7lamaktad\u0131r. Ufka Yolculuk 6. Bilgi ve K\u00fclt\u00fcr Yar\u0131\u015fmas\u0131 H.1439 \/ [&hellip;]<\/p>\n","protected":false},"author":2,"featured_media":597,"comment_status":"open","ping_status":"closed","template":"","meta":{"_et_pb_use_builder":"on","_et_pb_old_content":"","_et_gb_content_width":"","footnotes":""},"project_category":[22],"project_tag":[25],"class_list":["post-586","project","type-project","status-publish","has-post-thumbnail","hentry","project_category-ufka-yolculuk","project_tag-ufka-yolculuk"],"_links":{"self":[{"href":"https:\/\/sehristan.org\/index.php\/wp-json\/wp\/v2\/project\/586","targetHints":{"allow":["GET"]}}],"collection":[{"href":"https:\/\/sehristan.org\/index.php\/wp-json\/wp\/v2\/project"}],"about":[{"href":"https:\/\/sehristan.org\/index.php\/wp-json\/wp\/v2\/types\/project"}],"author":[{"embeddable":true,"href":"https:\/\/sehristan.org\/index.php\/wp-json\/wp\/v2\/users\/2"}],"replies":[{"embeddable":true,"href":"https:\/\/sehristan.org\/index.php\/wp-json\/wp\/v2\/comments?post=586"}],"version-history":[{"count":9,"href":"https:\/\/sehristan.org\/index.php\/wp-json\/wp\/v2\/project\/586\/revisions"}],"predecessor-version":[{"id":1219,"href":"https:\/\/sehristan.org\/index.php\/wp-json\/wp\/v2\/project\/586\/revisions\/1219"}],"wp:featuredmedia":[{"embeddable":true,"href":"https:\/\/sehristan.org\/index.php\/wp-json\/wp\/v2\/media\/597"}],"wp:attachment":[{"href":"https:\/\/sehristan.org\/index.php\/wp-json\/wp\/v2\/media?parent=586"}],"wp:term":[{"taxonomy":"project_category","embeddable":true,"href":"https:\/\/sehristan.org\/index.php\/wp-json\/wp\/v2\/project_category?post=586"},{"taxonomy":"project_tag","embeddable":true,"href":"https:\/\/sehristan.org\/index.php\/wp-json\/wp\/v2\/project_tag?post=586"}],"curies":[{"name":"wp","href":"https:\/\/api.w.org\/{rel}","templated":true}]}}