{"id":551,"date":"2017-01-23T08:15:42","date_gmt":"2017-01-23T05:15:42","guid":{"rendered":"http:\/\/sehristan.org\/?post_type=project&#038;p=551"},"modified":"2017-12-31T12:06:47","modified_gmt":"2017-12-31T09:06:47","slug":"sehristan-kars-valisi-sayin-rahmi-dogani-makaminda-ziyaret-etti","status":"publish","type":"project","link":"https:\/\/sehristan.org\/index.php\/project\/sehristan-kars-valisi-sayin-rahmi-dogani-makaminda-ziyaret-etti\/","title":{"rendered":"\u015eehristan Gen\u00e7lik, Kars Valisi Say\u0131n Rahmi Do\u011fan&#8217;\u0131 Makam\u0131nda Ziyaret Etti"},"content":{"rendered":"<p>[et_pb_section bb_built=&#8221;1&#8243;][et_pb_row][et_pb_column type=&#8221;4_4&#8243;][et_pb_text _builder_version=&#8221;3.0.60&#8243; background_layout=&#8221;light&#8221; text_orientation=&#8221;left&#8221; border_style=&#8221;solid&#8221;]<\/p>\n<p><strong>\u015eehristan Gen\u00e7lik, Kars Valisi Say\u0131n Rahmi Do\u011fan&#8217;\u0131 Makam\u0131nda Ziyaret Etti<\/strong><\/p>\n<p>\u015eehristan Gen\u00e7lik Spor ve \u0130zcilik Kul\u00fcb\u00fc Derne\u011fi, Kars Valisi Say\u0131n Rahmi DO\u011eAN \u2019a makam\u0131nda ho\u015f geldin ziyaretinde bulunarak yeni g\u00f6revinin hay\u0131rlara vesile olmas\u0131n\u0131 diledi.<\/p>\n<p>\u015eehristan Gen\u00e7lik Ba\u015fkan\u0131 Mustafa ARSLANTA\u015e ve Akra Fm Kars Temsilcisi Dr. Sadettin D\u00dcR\u00dcYEN taraf\u0131ndan ger\u00e7ekle\u015fen ziyarette; \u015eehristan Gen\u00e7lik Spor ve \u0130zcilik Kul\u00fcb\u00fc Derne\u011fi ve faaliyetleri hakk\u0131nda bilgi verilerek, \u00f6zellikle yakla\u015fan D\u00fcnya\u2019da ve T\u00fcrkiye\u2019de Server Gen\u00e7lik Spor ve \u0130zcilik Kul\u00fcb\u00fc taraf\u0131ndan 5. si d\u00fczenlenecek tamam\u0131 %100 g\u00f6n\u00fcll\u00fclerden olu\u015fan en b\u00fcy\u00fck sivil toplum kat\u0131l\u0131m\u0131 sa\u011flanan \u201cUfka Yolculuk K\u00fclt\u00fcr Yar\u0131\u015fmalar\u0131 5. Meal\u201d tan\u0131t\u0131ld\u0131. Online ve \u00fccretsiz olarak kat\u0131l\u0131na bilecek ve binlerce liral\u0131k T\u00fcrkiye ve il \u00f6d\u00fcllerinin sahiplerini yap\u0131lacak s\u0131navla bulaca\u011f\u0131 yar\u0131\u015fman\u0131n son kay\u0131t tarihi 19 \u015eubat. Amac\u0131n; sahih kaynaklarla bulu\u015facak sa\u011flam nesillerin okuma al\u0131\u015fkanl\u0131\u011f\u0131n\u0131 artt\u0131rmay\u0131 hedefleyen yar\u0131\u015fma, \u00a0Kars\u2019ta da cezaevindeki y\u00fczlerce mahkumunda i\u00e7inde bulundu\u011fu binlerce ki\u015finin kat\u0131l\u0131m\u0131yla ger\u00e7ekle\u015fiyor. \u00a0Ayr\u0131ca en iyi \u201cTematik Radyo \u00d6d\u00fcl\u00fc\u201d dahil binlerce \u00f6d\u00fcl\u00fc olan ve 300 \u2018den fazla vericisiyle RT\u00dcK kay\u0131tlar\u0131na g\u00f6re en geni\u015f yay\u0131n alan\u0131na sahip T\u00fcrkiye\u2019nin \u00f6zel radyosu olan Akra Fm hakk\u0131nda da bilgi verilerek g\u00f6r\u00fc\u015fler payla\u015f\u0131ld\u0131.<\/p>\n<p>Ziyaretin ard\u0131ndan Vali Rahmi DO\u011eAN \u2019a \u015eehristan Gen\u00e7lik Ba\u015fkan\u0131 taraf\u0131ndan Bakara Suresi 156. Ayetin yaz\u0131l\u0131 oldu\u011fu \u201cBiz \u015f\u00fcphesiz (her \u015feyimizle) Allah\u2019a aitiz ve \u00a0(sonunda) yine O\u2019na d\u00f6nd\u00fcr\u00fclece\u011fiz.\u201d T\u00fcrk\u00e7e mealinin de yaz\u0131l\u0131 oldu\u011fu Arap\u00e7a yaz\u0131l\u0131 tablo ve yar\u0131\u015fma kitaplar\u0131 hediye edildi.<\/p>\n<p>[\/et_pb_text][et_pb_gallery _builder_version=&#8221;3.0.60&#8243; show_title_and_caption=&#8221;off&#8221; show_pagination=&#8221;on&#8221; gallery_ids=&#8221;392,394&#8243; fullwidth=&#8221;off&#8221; orientation=&#8221;landscape&#8221; zoom_icon_color=&#8221;#81d742&#8243; hover_overlay_color=&#8221;rgba(255,255,255,0.9)&#8221; background_layout=&#8221;light&#8221; border_style=&#8221;solid&#8221; auto=&#8221;off&#8221; \/][\/et_pb_column][\/et_pb_row][\/et_pb_section]<\/p>\n","protected":false},"excerpt":{"rendered":"<p><div class=\"et_pb_row et_pb_row_0 et_pb_row_empty\">\n\t\t\t\t\n\t\t\t\t\n\t\t\t\t\n\t\t\t\t\n\t\t\t\t\n\t\t\t<\/div> \u015eehristan Gen\u00e7lik, Kars Valisi Say\u0131n Rahmi Do\u011fan&#8217;\u0131 Makam\u0131nda Ziyaret Etti \u015eehristan Gen\u00e7lik Spor ve \u0130zcilik Kul\u00fcb\u00fc Derne\u011fi, Kars Valisi Say\u0131n Rahmi DO\u011eAN \u2019a makam\u0131nda ho\u015f geldin ziyaretinde bulunarak yeni g\u00f6revinin hay\u0131rlara vesile olmas\u0131n\u0131 diledi. \u015eehristan Gen\u00e7lik Ba\u015fkan\u0131 Mustafa ARSLANTA\u015e ve Akra Fm Kars Temsilcisi Dr. Sadettin D\u00dcR\u00dcYEN taraf\u0131ndan ger\u00e7ekle\u015fen ziyarette; \u015eehristan Gen\u00e7lik Spor ve [&hellip;]<\/p>\n","protected":false},"author":2,"featured_media":392,"comment_status":"open","ping_status":"closed","template":"","meta":{"_et_pb_use_builder":"on","_et_pb_old_content":"","_et_gb_content_width":"","footnotes":""},"project_category":[22],"project_tag":[25],"class_list":["post-551","project","type-project","status-publish","has-post-thumbnail","hentry","project_category-ufka-yolculuk","project_tag-ufka-yolculuk"],"_links":{"self":[{"href":"https:\/\/sehristan.org\/index.php\/wp-json\/wp\/v2\/project\/551","targetHints":{"allow":["GET"]}}],"collection":[{"href":"https:\/\/sehristan.org\/index.php\/wp-json\/wp\/v2\/project"}],"about":[{"href":"https:\/\/sehristan.org\/index.php\/wp-json\/wp\/v2\/types\/project"}],"author":[{"embeddable":true,"href":"https:\/\/sehristan.org\/index.php\/wp-json\/wp\/v2\/users\/2"}],"replies":[{"embeddable":true,"href":"https:\/\/sehristan.org\/index.php\/wp-json\/wp\/v2\/comments?post=551"}],"version-history":[{"count":2,"href":"https:\/\/sehristan.org\/index.php\/wp-json\/wp\/v2\/project\/551\/revisions"}],"predecessor-version":[{"id":612,"href":"https:\/\/sehristan.org\/index.php\/wp-json\/wp\/v2\/project\/551\/revisions\/612"}],"wp:featuredmedia":[{"embeddable":true,"href":"https:\/\/sehristan.org\/index.php\/wp-json\/wp\/v2\/media\/392"}],"wp:attachment":[{"href":"https:\/\/sehristan.org\/index.php\/wp-json\/wp\/v2\/media?parent=551"}],"wp:term":[{"taxonomy":"project_category","embeddable":true,"href":"https:\/\/sehristan.org\/index.php\/wp-json\/wp\/v2\/project_category?post=551"},{"taxonomy":"project_tag","embeddable":true,"href":"https:\/\/sehristan.org\/index.php\/wp-json\/wp\/v2\/project_tag?post=551"}],"curies":[{"name":"wp","href":"https:\/\/api.w.org\/{rel}","templated":true}]}}