{"id":543,"date":"2016-12-31T07:43:18","date_gmt":"2016-12-31T04:43:18","guid":{"rendered":"http:\/\/sehristan.org\/?post_type=project&#038;p=543"},"modified":"2019-03-10T13:02:08","modified_gmt":"2019-03-10T10:02:08","slug":"5-ufka-yolculuk-bilgi-ve-kultur-yarismasi-basvurulari-basladi","status":"publish","type":"project","link":"https:\/\/sehristan.org\/index.php\/project\/5-ufka-yolculuk-bilgi-ve-kultur-yarismasi-basvurulari-basladi\/","title":{"rendered":"Ufka Yolculuk-5 Bilgi ve K\u00fclt\u00fcr Yar\u0131\u015fmas\u0131"},"content":{"rendered":"\n[et_pb_section bb_built=&#8221;1&#8243;][et_pb_row][et_pb_column type=&#8221;4_4&#8243;][et_pb_text _builder_version=&#8221;3.0.60&#8243; background_layout=&#8221;light&#8221; text_orientation=&#8221;left&#8221; border_style=&#8221;solid&#8221;]\r\n\r\n<strong>5. Ufka Yolculuk Bilgi ve K\u00fclt\u00fcr Yar\u0131\u015fmas\u0131<\/strong>\r\n\r\n<strong>\u201cBu y\u0131lki hedef 1 milyon ba\u015fvuru\u201d<\/strong>\r\n\r\nServer Gen\u00e7lik ve Spor Kul\u00fcb\u00fc taraf\u0131ndan uluslararas\u0131 \u00e7apta d\u00fczenlenen \u201c5. Ufka Yolculuk Bilgi ve K\u00fclt\u00fcr Yar\u0131\u015fmas\u0131\u201d ba\u015fvurular\u0131 ba\u015flad\u0131.\r\n\r\nSepet\u00e7iler Kasr\u0131\u2019nda ger\u00e7ekle\u015fen bas\u0131n toplant\u0131s\u0131nda, Ufka Yolculuk Bas\u0131n S\u00f6zc\u00fcs\u00fc Onur Ocakdan, Ufka Yolculuk Genel Koordinat\u00f6r\u00fc Berg Delig\u00f6z,\u00a0 yar\u0131\u015fma hakk\u0131nda bas\u0131n mensuplar\u0131na detayl\u0131 bilgi verdi.\r\n\r\n&#8220;Yola \u00e7\u0131kmak isteyene, yol a\u00e7\u0131k&#8221; temas\u0131yla 8 ayr\u0131 kategoride d\u00fczenlenen \u201c5. Ufka Yolculuk K\u00fclt\u00fcr Yar\u0131\u015fmas\u0131\u201dn\u0131n bu y\u0131lki konusu Kur\u2019an-\u0131 Kerim meali olacak. Yar\u0131\u015fmaya ba\u015fvurular, 1 Kas\u0131m-19 \u015eubat tarihleri aras\u0131nda ger\u00e7ekle\u015fecek.\r\n\r\n&nbsp;\r\n\r\n<strong>\u201cHedef 1 milyon\u201d<\/strong>\r\n\r\nT\u00fcrkiye&#8217;nin en b\u00fcy\u00fck sivil yar\u0131\u015fmas\u0131 olma \u00f6zelli\u011fini ta\u015f\u0131yan, yurt i\u00e7inden ve d\u0131\u015f\u0131ndan binlerce g\u00f6n\u00fcll\u00fcn\u00fcn organizasyonuyla desteklenen yar\u0131\u015fmaya bu y\u0131l, T\u00fcrkiye&#8217;den ve yurt d\u0131\u015f\u0131ndan 7\u2019den 77\u2019ye 1 milyon ki\u015finin ba\u015fvuru yapmas\u0131 hedefleniyor.\r\n\r\n&nbsp;\r\n\r\n<strong>\u201cAyetlerden sorulacak\u201d<\/strong>\r\n\r\nUlusal yar\u0131\u015fmac\u0131lar, \u015fartnamede belirtilen Kur-an\u2019\u0131 Kerim mealleriyle yar\u0131\u015fmaya haz\u0131rlanacak. Yar\u0131\u015fmac\u0131lar\u0131n faydalanmas\u0131 i\u00e7in akademisyenler taraf\u0131ndan soru kitab\u0131 da olu\u015fturularak s\u0131nava haz\u0131rlanmalar\u0131 temin edilecek.\r\n\r\n&nbsp;\r\n\r\n<strong>\u201cMahkumlar da yar\u0131\u015facak\u201d<\/strong>\r\n\r\nHer kategori sorular\u0131n\u0131n ayr\u0131 haz\u0131rlanaca\u011f\u0131 yar\u0131\u015fman\u0131n A grubuna 6-10, B grubuna 10-14, C grubuna 14-19, D grubuna 19-30 ya\u015f grubu ba\u015fvurabilecek. E grubunda 30 ya\u015f \u00fcst\u00fc kat\u0131l\u0131mc\u0131lar yar\u0131\u015f\u0131rken F grubu ise ihtisas kategorisi olacak. Yar\u0131\u015fman\u0131n internet \u00fczerinden ger\u00e7ekle\u015fecek k\u0131sm\u0131nda ise,\u00a0 G grubundakiler T\u00fcrk\u00e7e, H grubundakiler \u0130ngilizce dillerinden s\u0131nava girecek. Yar\u0131\u015fmaya, cezaevlerindeki mahkumlar da kat\u0131labilecek.\r\n\r\n&nbsp;\r\n\r\n<strong>\u201cYar\u0131\u015fmac\u0131lar \u00f6d\u00fcllerini kendileri belirleyecek\u201d<\/strong>\r\n\r\n\u00d6nceki y\u0131llarda dereceye girenlerin bir\u00e7ok \u00f6d\u00fcl\u00fcn yan\u0131 s\u0131ra Umre seyahati ile \u00f6d\u00fcllendirildi\u011fi yar\u0131\u015fman\u0131n bu y\u0131lki \u00f6d\u00fclleri yar\u0131\u015fmac\u0131lar\u0131n tercihleri do\u011frultusunda belirlenecek. Kat\u0131l\u0131mc\u0131lar,\u00a0 Ufka Yolculuk sosyal medya sitesinde \u201cDosta Yolculuk\u201d ba\u015fl\u0131\u011f\u0131yla Endonezya,\u00a0 Malezya, Tunus, Fas, \u00dcrd\u00fcn ve Birle\u015fik Arap Emirlikleri \u00fclkelerinin yer ald\u0131\u011f\u0131 ankette yapacaklar\u0131 oylama sonucu \u00e7\u0131kacak sonu\u00e7lara g\u00f6re kendi \u00f6d\u00fcllerini belirleyebilecek. Cezaevlerinden yar\u0131\u015fmaya girenler ise, dereceye girdikleri takdirde \u00f6d\u00fcl kazanman\u0131n yan\u0131 s\u0131ra ayr\u0131ca \u00e7e\u015fitli \u00f6d\u00fcllerle te\u015fvik edilecek.\r\n\r\n&nbsp;\r\n\r\n<strong>\u201c\u0130ster Umre, ister dost \u00fclke, ister para \u00f6d\u00fcl\u00fc\u201d<\/strong>\r\n\r\nYar\u0131\u015fman\u0131n A, B, C, D, E, F kategorilerinde birinci olanlar 2 Umre Seyahati + 2 bin 500 lira veya 2 Dosta Yolculuk + 2 bin 500 lira ya da, 9 bin lira, ikinciler 2 Umre Seyahati + bin 500 lira veya 2 Dosta Yolculuk + bin 500 lira veya 8 bin lira, \u00fc\u00e7\u00fcnc\u00fcler 2 Umre Seyahati + 500 lira veya 2 Dosta Yolculuk + 500 lira ya da 7 bin lira para \u00f6d\u00fcllerinden birini se\u00e7ebilecek.\r\n\r\nG, H kategorilerinde yar\u0131\u015fanlar aras\u0131nda birinci, ikinci ve \u00fc\u00e7\u00fcnc\u00fc gelenler ise tablet bilgisayar \u00f6d\u00fcllerini kazanacak.\r\n\r\nS\u0131navda 60 puan ve \u00fcst\u00fc alanlar aras\u0131ndan yap\u0131lacak \u00e7ekili\u015fle 10 ki\u015fiye daha Umre Seyahati ya da Dosta Yolculuk hediye edilecek.\r\n\r\nAyr\u0131ca, yar\u0131\u015fmada dereceye girenler ya\u015fad\u0131klar\u0131 illerde yar\u0131\u015fmay\u0131 organize eden dernekler taraf\u0131ndan da \u00e7e\u015fitli \u00f6d\u00fcllere lay\u0131k g\u00f6r\u00fclecek.\r\n\r\n&nbsp;\r\n\r\n<strong>\u201cBa\u015fvurular internetten yap\u0131lacak\u201d<\/strong>\r\n\r\nDetaylar\u0131n\u0131n <a href=\"http:\/\/www.ufkayolculuk.com\/\"><strong>www.ufkayolculuk.com<\/strong><\/a> internet sitesinden g\u00f6r\u00fclebilece\u011fi ve ba\u015fvurular\u0131n yap\u0131labilece\u011fi yar\u0131\u015fman\u0131n, A, B, C, D, E ve F kategorilerinin ba\u015fvurular\u0131 19 \u015eubat 2017\u2019de, G ve H kategorisi ba\u015fvurular\u0131 24 Mart 2017\u2019de sona erecek.\r\n\r\nYar\u0131\u015fman\u0131n s\u0131navlar\u0131 A, B, C, D, E, F ve G kategorilerinin s\u0131navlar\u0131 26 Mart 2017\u2019de,\r\n\r\nH kategorisinde ise 2 Nisan 2017\u2019de ger\u00e7ekle\u015fecek.\r\n\r\n&nbsp;\r\n\r\n<strong>Ufka Yolculuk Bilgi ve K\u00fclt\u00fcr Yar\u0131\u015fmas\u0131 hakk\u0131nda<\/strong>\r\n\r\n\u0130lk y\u0131l\u0131nda \u00d6mer Nasuhi Bilmen\u2019in \u201cB\u00fcy\u00fck \u0130slam \u0130lmihali\u201d, ikinci y\u0131l\u0131nda \u201cKur-an-\u0131 Kerim Meali\u201d, \u00fc\u00e7\u00fcnc\u00fc y\u0131l\u0131nda \u201cKur\u2019\u00e2n-\u0131 Ker\u00eem\u2019e G\u00f6re Peygamberler ve Tevhid M\u00fccadelesi\u201d, d\u00f6rd\u00fcnc\u00fc y\u0131l\u0131nda \u201cHadis\u201d konusuyla d\u00fczenlenen yar\u0131\u015fmada, ilk d\u00f6rt y\u0131l\u0131nda, d\u00fcnyan\u0131n 65 \u00fclkesinden, T\u00fcrkiye&#8217;nin t\u00fcm illerinden ve cezaevlerinden toplamda 880 bin ki\u015fi yar\u0131\u015ft\u0131. Bu yar\u0131\u015fmac\u0131lar aras\u0131nda, T\u00fcrkiye\u2019deki 360 cezaevinin 231\u2019inde tutuklu bulunan yakla\u015f\u0131k 10 bin mahkum da yer ald\u0131.\r\n\r\nYurt i\u00e7inden ve yurt d\u0131\u015f\u0131ndan y\u00fczlerce sivil toplum kurulu\u015fu ve binlerce g\u00f6n\u00fcll\u00fcn\u00fcn organizasyonuyla uluslararas\u0131 \u00e7apta d\u00fczenlenen yar\u0131\u015fma; Kur\u2019an\u2019\u0131n Anlam\u0131yla Bulu\u015fmak (KAB) Platformu&#8217;nun deste\u011fi ve Server Gen\u00e7lik ve Spor Kul\u00fcb\u00fc koordinat\u00f6rl\u00fc\u011f\u00fcnde yoluna devam edecek.\r\n\r\nYar\u0131\u015fma ile ilgili bilgiler ve yar\u0131\u015fma ba\u015fvuru formu\u00a0<a href=\"http:\/\/www.ufkayolculuk.com%20\">www.ufkayolculuk.com \u00a0<\/a>adresinde yer almakta.\r\n\r\n&nbsp;\r\n\r\n<strong>Kars\u2019ta Ufka Yolculuk<\/strong>\r\n\r\n%100 g\u00f6n\u00fcll\u00fck esas\u0131na ba\u011fl\u0131 olarak g\u00f6n\u00fcll\u00fclerimizin de\u011ferli katk\u0131lar\u0131yla 4 senedir y\u00fczbinlerce ki\u015fiye ula\u015fan Ufka Yolculuk heyecan\u0131m\u0131z 5. senesinde \u201cKur\u2019an-\u0131 Kerim Meali\u201d konusuyla Kars ilimizde de ger\u00e7ekle\u015ftirilecek. Kalitesini 4 senedir her konuda ortaya koyan yar\u0131\u015fmam\u0131z 7\u2019den 77\u2019ye toplumun t\u00fcm kesimlerine hitap ederek, kader yolcular\u0131na yeni soluk olacak. Yar\u0131\u015fmam\u0131z\u0131n Kars aya\u011f\u0131ndaki il \u00f6d\u00fclleri \u015eehristan Gen\u00e7lik Spor ve \u0130zcilik Kul\u00fcb\u00fc Derne\u011fi g\u00f6n\u00fcll\u00fclerinin ve Akra Fm\u2019in katk\u0131lar\u0131yla a\u015fa\u011f\u0131daki \u015fekilde belirlenmi\u015ftir:\r\n\r\n&nbsp;\r\n\r\nA, B, C, D ve E kategorilerinin her birinde olmak \u00fczere dereceye giren yar\u0131\u015fmac\u0131lar\u0131m\u0131zdan;\r\n<ol>\r\n \t<li>750 tl<\/li>\r\n \t<li>500 tl<\/li>\r\n \t<li>250 tl<\/li>\r\n \t<li>ile 10. aras\u0131ndaki 1 ki\u015fi ise \u00e7ekili\u015fle \u00e7eyrek alt\u0131n kazanacakt\u0131r.<\/li>\r\n<\/ol>\r\n&nbsp;\r\n\r\n\u0130limizde dereceye giren yar\u0131\u015fmac\u0131lar\u0131m\u0131z ayn\u0131 zamanda T\u00fcrkiye \u00e7ap\u0131nda da dereceye girmeleri halinde il \u00f6d\u00fclleriyle birlikte merkezi \u00f6d\u00fclleri de alabileceklerdir.\r\n\r\n&nbsp;\r\n\r\nYola \u00c7\u0131kmak \u0130steyene Yol A\u00e7\u0131k\u2026\r\n\r\n&nbsp;\r\n\r\nSizlerde g\u00f6n\u00fcll\u00fcm\u00fcz olabilirsiniz.\r\n\r\nDetayl\u0131 bilgi ve sorular\u0131n\u0131z i\u00e7in:\r\n\r\n<a href=\"http:\/\/www.ufkayolculuk.com\">www.ufkayolculuk.com<\/a>\r\n\r\n<a href=\"http:\/\/www.sehristan.org\">www.sehristan.org<\/a>\r\n\r\nTelefon: 0505 693 10 08\r\n\r\n[\/et_pb_text][et_pb_gallery _builder_version=&#8221;3.0.60&#8243; show_title_and_caption=&#8221;off&#8221; show_pagination=&#8221;on&#8221; gallery_ids=&#8221;324&#8243; fullwidth=&#8221;off&#8221; orientation=&#8221;landscape&#8221; zoom_icon_color=&#8221;#81d742&#8243; hover_overlay_color=&#8221;rgba(255,255,255,0.9)&#8221; background_layout=&#8221;light&#8221; border_style=&#8221;solid&#8221; auto=&#8221;off&#8221; \/][\/et_pb_column][\/et_pb_row][\/et_pb_section]\n","protected":false},"excerpt":{"rendered":"<p><div class=\"et_pb_row et_pb_row_0 et_pb_row_empty\">\n\t\t\t\t\n\t\t\t\t\n\t\t\t\t\n\t\t\t\t\n\t\t\t\t\n\t\t\t<\/div> 5. Ufka Yolculuk Bilgi ve K\u00fclt\u00fcr Yar\u0131\u015fmas\u0131 \u201cBu y\u0131lki hedef 1 milyon ba\u015fvuru\u201d Server Gen\u00e7lik ve Spor Kul\u00fcb\u00fc taraf\u0131ndan uluslararas\u0131 \u00e7apta d\u00fczenlenen \u201c5. Ufka Yolculuk Bilgi ve K\u00fclt\u00fcr Yar\u0131\u015fmas\u0131\u201d ba\u015fvurular\u0131 ba\u015flad\u0131. Sepet\u00e7iler Kasr\u0131\u2019nda ger\u00e7ekle\u015fen bas\u0131n toplant\u0131s\u0131nda, Ufka Yolculuk Bas\u0131n S\u00f6zc\u00fcs\u00fc Onur Ocakdan, Ufka Yolculuk Genel Koordinat\u00f6r\u00fc Berg Delig\u00f6z,\u00a0 yar\u0131\u015fma hakk\u0131nda bas\u0131n mensuplar\u0131na detayl\u0131 bilgi [&hellip;]<\/p>\n","protected":false},"author":2,"featured_media":0,"comment_status":"open","ping_status":"closed","template":"","meta":{"_et_pb_use_builder":"on","_et_pb_old_content":"","_et_gb_content_width":"","footnotes":""},"project_category":[22],"project_tag":[25],"class_list":["post-543","project","type-project","status-publish","hentry","project_category-ufka-yolculuk","project_tag-ufka-yolculuk"],"_links":{"self":[{"href":"https:\/\/sehristan.org\/index.php\/wp-json\/wp\/v2\/project\/543","targetHints":{"allow":["GET"]}}],"collection":[{"href":"https:\/\/sehristan.org\/index.php\/wp-json\/wp\/v2\/project"}],"about":[{"href":"https:\/\/sehristan.org\/index.php\/wp-json\/wp\/v2\/types\/project"}],"author":[{"embeddable":true,"href":"https:\/\/sehristan.org\/index.php\/wp-json\/wp\/v2\/users\/2"}],"replies":[{"embeddable":true,"href":"https:\/\/sehristan.org\/index.php\/wp-json\/wp\/v2\/comments?post=543"}],"version-history":[{"count":5,"href":"https:\/\/sehristan.org\/index.php\/wp-json\/wp\/v2\/project\/543\/revisions"}],"predecessor-version":[{"id":1220,"href":"https:\/\/sehristan.org\/index.php\/wp-json\/wp\/v2\/project\/543\/revisions\/1220"}],"wp:attachment":[{"href":"https:\/\/sehristan.org\/index.php\/wp-json\/wp\/v2\/media?parent=543"}],"wp:term":[{"taxonomy":"project_category","embeddable":true,"href":"https:\/\/sehristan.org\/index.php\/wp-json\/wp\/v2\/project_category?post=543"},{"taxonomy":"project_tag","embeddable":true,"href":"https:\/\/sehristan.org\/index.php\/wp-json\/wp\/v2\/project_tag?post=543"}],"curies":[{"name":"wp","href":"https:\/\/api.w.org\/{rel}","templated":true}]}}