{"id":195,"date":"2017-12-05T20:46:21","date_gmt":"2017-12-05T17:46:21","guid":{"rendered":"http:\/\/sehristan.org\/?post_type=project&#038;p=195"},"modified":"2022-07-04T11:58:46","modified_gmt":"2022-07-04T08:58:46","slug":"hicri-dogum-gunu-etkinligi","status":"publish","type":"project","link":"https:\/\/sehristan.org\/index.php\/project\/hicri-dogum-gunu-etkinligi\/","title":{"rendered":"&#8220;Hicri Do\u011fum G\u00fcn\u00fcn\u00fc Biliyor Musun?&#8221; Fark\u0131ndal\u0131k Etkinli\u011fi"},"content":{"rendered":"<p>[et_pb_section bb_built=&#8221;1&#8243; fullwidth=&#8221;off&#8221; specialty=&#8221;off&#8221; transparent_background=&#8221;off&#8221; background_color=&#8221;#ffffff&#8221; allow_player_pause=&#8221;off&#8221; inner_shadow=&#8221;off&#8221; parallax=&#8221;off&#8221; parallax_method=&#8221;off&#8221; custom_padding=&#8221;0px||0px|&#8221; padding_mobile=&#8221;off&#8221; make_fullwidth=&#8221;off&#8221; use_custom_width=&#8221;off&#8221; width_unit=&#8221;on&#8221; make_equal=&#8221;off&#8221; use_custom_gutter=&#8221;off&#8221;][et_pb_row background_position=&#8221;top_left&#8221; background_repeat=&#8221;repeat&#8221; background_size=&#8221;initial&#8221;][et_pb_column type=&#8221;4_4&#8243;][et_pb_text background_layout=&#8221;light&#8221; text_orientation=&#8221;left&#8221; border_style=&#8221;solid&#8221; background_position=&#8221;top_left&#8221; background_repeat=&#8221;repeat&#8221; background_size=&#8221;initial&#8221; _builder_version=&#8221;3.0.60&#8243;]<\/p>\n<p><strong>\u201cHicri Do\u011fum G\u00fcn\u00fcn\u00fc Biliyor Musun?\u201d Fark\u0131ndal\u0131k Etkinli\u011fi Ger\u00e7ekle\u015fti<br \/>\n<\/strong><\/p>\n<p>Kars \u015eehristan Gen\u00e7lik, Spor ve \u0130zcilik Kul\u00fcb\u00fc Derne\u011fi Miladi olarak 28-29 Kas\u0131m, Hicr\u00ee olarak ise 8-9 Safer Cumartesi-Pazar g\u00fcnlerinde Kars Faikbey Caddesinde &#8220;Hicr\u00ee Takvim&#8221; fark\u0131ndal\u0131k \u00e7al\u0131\u015fmas\u0131nda bulundu.<\/p>\n<p>Caddede kurulan stand\u0131 ziyaret edenlere hicri takvimin nas\u0131l ortaya \u00e7\u0131kt\u0131\u011f\u0131, ibadetlerimiz ve \u00f6nemli dini g\u00fcnlerin belirlenmesinde esas oldu\u011fu hakk\u0131nda bilgiler verildi.<\/p>\n<ul>\n<li>Hicr\u00ee Takvim, Ay\u2019\u0131n hareketlerine g\u00f6re zaman\u0131 hesaplayan Server-i Ser Efendimiz (S.A.S.)&#8217;in Med\u00eene\u2019i M\u00fcnevvere\u2019ye hicretini tarihin ba\u015flang\u0131c\u0131 olarak kabul eden takvimdir.<\/li>\n<li>Kur&#8217;\u00e2n-\u0131 Kerim mesaj\u0131n\u0131n tamam\u0131 Ay Takvimi esas\u0131na g\u00f6re inmi\u015ftir.<\/li>\n<li>Her biri zaman mefhumuna dayal\u0131 olan \u0130slam\u00ee kavramlar, Ay Takvimi\u2019ne g\u00f6re d\u00fczenlenmi\u015ftir.<\/li>\n<li>Temel ibadetlerimizden Hacc\u2019\u0131n ifas\u0131, Ramazan orucu ve eyyam\u0131 b\u00eeyd gibi oru\u00e7lar\u0131n ne zaman ba\u015flayaca\u011f\u0131 ve bitece\u011fi, m\u00fcbarek kandiller ve bayramlar\u0131m\u0131z, hangi gece veya g\u00fcnd\u00fczlerin di\u011fer gecelerden \u00fcst\u00fcn oldu\u011fu veya feyiz ve bereket a\u00e7\u0131s\u0131ndan daha \u00f6nemli oldu\u011fu hep Hicr\u00ee Takvim esas\u0131na g\u00f6re belirlenmi\u015ftir.<\/li>\n<\/ul>\n<p>Ziyaret\u00e7ilere, hayatlar\u0131nda yer te\u015fkil eden \u00f6nemli tarihleri Hicr\u00ee Takvim\u2019e g\u00f6re belirlemeleri, \u00f6zellikle de sevdiklerinin do\u011fum y\u0131ld\u00f6n\u00fcmlerini hicri takvime g\u00f6re idr\u00e2k edip kutlamalar\u0131\u00a0ve dualar\u0131, hediyeleri o g\u00fcnlerde\u00a0artt\u0131rmalar\u0131 \u00f6nerildi. Ayr\u0131ca stand\u0131 ziyaret eden herkese \u201cHicri Do\u011fum G\u00fcn\u00fc Kart\u0131\u201d hediye edildi.<\/p>\n<p>Hicri Takvim Ara\u015ft\u0131rmalar\u0131 Merkezi (H\u0130TAM) ve Diyanet i\u015flerinin de destekledi\u011fi fark\u0131ndal\u0131k \u00e7al\u0131\u015fmas\u0131nda stand\u0131 ziyaret eden vatanda\u015flar \u00e7al\u0131\u015fmadan duyduklar\u0131 memnuniyetlerini ifade ettiler.<\/p>\n<p>\u015eehristan Gen\u00e7li\u011fin yapm\u0131\u015f oldu\u011fu di\u011fer faaliyetler hakk\u0131nda bilgi isteyenlere gerekli tan\u0131t\u0131mlar ger\u00e7ekle\u015ftirildi.<\/p>\n<p>[\/et_pb_text][et_pb_gallery _builder_version=&#8221;3.0.60&#8243; show_title_and_caption=&#8221;off&#8221; show_pagination=&#8221;on&#8221; gallery_ids=&#8221;471,470,469,473&#8243; fullwidth=&#8221;off&#8221; orientation=&#8221;landscape&#8221; zoom_icon_color=&#8221;#81d742&#8243; hover_overlay_color=&#8221;rgba(255,255,255,0.9)&#8221; background_layout=&#8221;light&#8221; border_style=&#8221;solid&#8221; auto=&#8221;off&#8221; \/][\/et_pb_column][\/et_pb_row][\/et_pb_section]<\/p>\n","protected":false},"excerpt":{"rendered":"<p>\u201cHicri Do\u011fum G\u00fcn\u00fcn\u00fc Biliyor Musun?\u201d Fark\u0131ndal\u0131k Etkinli\u011fi Ger\u00e7ekle\u015fti Kars \u015eehristan Gen\u00e7lik, Spor ve \u0130zcilik Kul\u00fcb\u00fc Derne\u011fi Miladi olarak 28-29 Kas\u0131m, Hicr\u00ee olarak ise 8-9 Safer Cumartesi-Pazar g\u00fcnlerinde Kars Faikbey Caddesinde &#8220;Hicr\u00ee Takvim&#8221; fark\u0131ndal\u0131k \u00e7al\u0131\u015fmas\u0131nda bulundu. Caddede kurulan stand\u0131 ziyaret edenlere hicri takvimin nas\u0131l ortaya \u00e7\u0131kt\u0131\u011f\u0131, ibadetlerimiz ve \u00f6nemli dini g\u00fcnlerin belirlenmesinde esas oldu\u011fu hakk\u0131nda bilgiler [&hellip;]<\/p>\n","protected":false},"author":2,"featured_media":471,"comment_status":"open","ping_status":"closed","template":"","meta":{"_et_pb_use_builder":"on","_et_pb_old_content":"","_et_gb_content_width":"","footnotes":""},"project_category":[24],"project_tag":[17],"class_list":["post-195","project","type-project","status-publish","has-post-thumbnail","hentry","project_category-hicri-takvim","project_tag-hicri-takvim"],"_links":{"self":[{"href":"https:\/\/sehristan.org\/index.php\/wp-json\/wp\/v2\/project\/195","targetHints":{"allow":["GET"]}}],"collection":[{"href":"https:\/\/sehristan.org\/index.php\/wp-json\/wp\/v2\/project"}],"about":[{"href":"https:\/\/sehristan.org\/index.php\/wp-json\/wp\/v2\/types\/project"}],"author":[{"embeddable":true,"href":"https:\/\/sehristan.org\/index.php\/wp-json\/wp\/v2\/users\/2"}],"replies":[{"embeddable":true,"href":"https:\/\/sehristan.org\/index.php\/wp-json\/wp\/v2\/comments?post=195"}],"version-history":[{"count":16,"href":"https:\/\/sehristan.org\/index.php\/wp-json\/wp\/v2\/project\/195\/revisions"}],"predecessor-version":[{"id":600,"href":"https:\/\/sehristan.org\/index.php\/wp-json\/wp\/v2\/project\/195\/revisions\/600"}],"wp:featuredmedia":[{"embeddable":true,"href":"https:\/\/sehristan.org\/index.php\/wp-json\/wp\/v2\/media\/471"}],"wp:attachment":[{"href":"https:\/\/sehristan.org\/index.php\/wp-json\/wp\/v2\/media?parent=195"}],"wp:term":[{"taxonomy":"project_category","embeddable":true,"href":"https:\/\/sehristan.org\/index.php\/wp-json\/wp\/v2\/project_category?post=195"},{"taxonomy":"project_tag","embeddable":true,"href":"https:\/\/sehristan.org\/index.php\/wp-json\/wp\/v2\/project_tag?post=195"}],"curies":[{"name":"wp","href":"https:\/\/api.w.org\/{rel}","templated":true}]}}