{"id":1881,"date":"2024-12-10T13:53:30","date_gmt":"2024-12-10T10:53:30","guid":{"rendered":"https:\/\/sehristan.org\/?post_type=project&#038;p=1881"},"modified":"2024-12-10T14:00:47","modified_gmt":"2024-12-10T11:00:47","slug":"12-ufka-yolculuk-kayitlari-devam-ediyor","status":"publish","type":"project","link":"https:\/\/sehristan.org\/index.php\/project\/12-ufka-yolculuk-kayitlari-devam-ediyor\/","title":{"rendered":"12. Ufka Yolculuk Kay\u0131tlar\u0131 Devam Ediyor"},"content":{"rendered":"<p>[et_pb_section fb_built=&#8221;1&#8243; _builder_version=&#8221;4.16&#8243; global_colors_info=&#8221;{}&#8221;][et_pb_row _builder_version=&#8221;4.16&#8243; background_size=&#8221;initial&#8221; background_position=&#8221;top_left&#8221; background_repeat=&#8221;repeat&#8221; global_colors_info=&#8221;{}&#8221;][et_pb_column type=&#8221;4_4&#8243; _builder_version=&#8221;4.16&#8243; custom_padding=&#8221;|||&#8221; global_colors_info=&#8221;{}&#8221; custom_padding__hover=&#8221;|||&#8221;][et_pb_text _builder_version=&#8221;4.25.0&#8243; global_colors_info=&#8221;{}&#8221;]<\/p>\n<p><strong>12. Ufka Yolculuk Kay\u0131tlar\u0131 Devam Ediyor<\/strong><\/p>\n<p>\u201cKaybedeni Olmayan\u201d Ufka Yolculuk Bilgi ve K\u00fclt\u00fcr Yar\u0131\u015fmalar\u0131, bu y\u0131l 12. kez d\u00fczenleniyor ve b\u00fcy\u00fck bir kat\u0131l\u0131mla kay\u0131tlar\u0131 devam ediyor.<\/p>\n<p>\u201c\u0130ncinsen de \u0130ncitme\u201d temal\u0131 yar\u0131\u015fman\u0131n konusu ise \u201cHac\u0131 Bekta\u015f&#8217;\u0131 Veli\u201d olarak belirlendi. Yar\u0131\u015fmada kat\u0131l\u0131mc\u0131lar d\u00f6rt kategoride haz\u0131rlanan eserlerden sorumlu olacaklar.<\/p>\n<p>T\u00fcrkiye organizasyonu Ankara Sosyal Geli\u015fim Derne\u011fi taraf\u0131ndan ger\u00e7ekle\u015ftirilen yar\u0131\u015fman\u0131n Kars ili organizasyonu ise \u015eehristan \u0130zcilik Spor Kul\u00fcb\u00fc taraf\u0131ndan ger\u00e7ekle\u015ftiriliyor.<\/p>\n<p><strong>Kay\u0131tlar Ba\u015flad\u0131<\/strong><\/p>\n<p>Son ba\u015fvuru tarihi 12 \u015eubat 2025 olarak belirlenen yar\u0131\u015fmaya kat\u0131l\u0131mc\u0131lar, Ufka Yolculuk web sitesinden ya da okullardaki g\u00f6n\u00fcll\u00fcler arac\u0131l\u0131\u011f\u0131 ile kay\u0131t olabilecekler.<\/p>\n<p><strong>S\u0131nav Tarihleri<\/strong><\/p>\n<p>Online olarak yap\u0131lacak olan yar\u0131\u015fma s\u0131nav\u0131na, Lise ve Ortaokul kategorileri i\u00e7in 15 \u015eubat 2025 cumartesi g\u00fcn\u00fc, \u0130lkokul ve Yeti\u015fkin kategorileri i\u00e7in ise 16 \u015eubat 2025 pazar g\u00fcn\u00fc bilgisayar, tablet, PC veya ak\u0131ll\u0131 telefon arac\u0131l\u0131\u011f\u0131yla girilebilecek \u015fekilde ger\u00e7ekle\u015ftirilecektir.<\/p>\n<p><strong>Kategoriler ve Kitaplar<\/strong><\/p>\n<p>4 farkl\u0131 kategoride d\u00fczenlenen yar\u0131\u015fma kitaplar\u0131:<br \/>\u0130lkokul kategorisi \u201cMaske D\u00fc\u015ft\u00fc\u201d, Ortaokul kategorisi &#8220;Zamans\u0131zlar Mektebi Hak Muhaf\u0131zlar\u0131\u201d, <br \/>Lise kategorisi &#8220;Yollar\u0131n Kanunu\u201d, Yeti\u015fkin kategorisi \u2018\u2019\u0130ncinsen de \u0130ncitme\u201d<\/p>\n<p>Kat\u0131l\u0131mc\u0131lar, kitaplara her ildeki belirli temin noktalar\u0131ndan ula\u015fabilecekleri gibi ufkayolculuk.com adresinden de ula\u015fabilecektir. Ayr\u0131ca kitaplara otomasyon sisteminden e-kitap veya sesli kitap \u015feklinde de ula\u015f\u0131labilmektedir.<\/p>\n<p><strong>Bol \u00d6d\u00fcll\u00fc Yar\u0131\u015fma<\/strong><\/p>\n<p>Do\u011fru bilginin en b\u00fcy\u00fck \u00f6d\u00fcl oldu\u011fu, bu y\u00fczden okuyan herkesin kazand\u0131\u011f\u0131 Ufka Yolculuk Yar\u0131\u015fmas\u0131nda kitap okumay\u0131 daha da \u00e7ok sevdirmek i\u00e7in birbirinden \u00f6zel \u00f6d\u00fcller verilecektir.<\/p>\n<p>T\u00fcrkiye geneli \u00f6d\u00fcllerde ilk 300\u2019e giren yar\u0131\u015fmac\u0131lara farkl\u0131 miktarlarda para \u00f6d\u00fcl\u00fc verilecektir.<\/p>\n<p>Milli E\u011fitim Bakanl\u0131\u011f\u0131 taraf\u0131ndan onaylanan, Gen\u00e7lik ve Spor Bakanl\u0131\u011f\u0131 taraf\u0131ndan da desteklenen yar\u0131\u015fmada 81 ildeki payda\u015f STK\u2019lar\u0131n haz\u0131rlad\u0131\u011f\u0131 bir\u00e7ok \u00f6d\u00fcl de yar\u0131\u015fmac\u0131lar\u0131 beklemektedir.<\/p>\n<p><strong>Kars&#8217;a \u00d6zel \u0130l ve Okul \u00d6d\u00fclleri<\/strong><\/p>\n<p>Yar\u0131\u015fma Kars&#8217;ta, \u015eehristan \u0130zcilik Spor Kul\u00fcb\u00fc\u2019n\u00fcn katk\u0131 ve koordinasyonu ile ger\u00e7ekle\u015ftirilmektedir. Kars\u2019ta her kategoride onar yar\u0131\u015fmac\u0131ya \u201cKars \u0130l \u00d6d\u00fclleri\u201d takdim edilecektir.<\/p>\n<p>Ayr\u0131ca okul mevcutlar\u0131na g\u00f6re belirlenen kat\u0131l\u0131m say\u0131s\u0131na ula\u015fan her okulun birincisi, farkl\u0131 miktardaki para \u00f6d\u00fcllerinden birini kazanabilecektir.<\/p>\n<p>Yar\u0131\u015fmaya kay\u0131t olabilmek i\u00e7in Ufka Yolculuk web sitesini ziyaret edin:<br \/><a href=\"https:\/\/www.ufkayolculuk.com\/\">www.ufkayolculuk.com<\/a><\/p>\n<p>&nbsp;<\/p>\n<p>[\/et_pb_text][et_pb_gallery gallery_ids=&#8221;1896,1892,1893,1888&#8243; show_title_and_caption=&#8221;off&#8221; zoom_icon_color=&#8221;#81d742&#8243; _builder_version=&#8221;4.27.4&#8243; title_font_size=&#8221;16px&#8221; caption_font_size=&#8221;14px&#8221; hover_enabled=&#8221;0&#8243; global_colors_info=&#8221;{}&#8221; sticky_enabled=&#8221;0&#8243;][\/et_pb_gallery][\/et_pb_column][\/et_pb_row][\/et_pb_section]<\/p>\n","protected":false},"excerpt":{"rendered":"<p>12. Ufka Yolculuk Kay\u0131tlar\u0131 Devam Ediyor \u201cKaybedeni Olmayan\u201d Ufka Yolculuk Bilgi ve K\u00fclt\u00fcr Yar\u0131\u015fmalar\u0131, bu y\u0131l 12. kez d\u00fczenleniyor ve b\u00fcy\u00fck bir kat\u0131l\u0131mla kay\u0131tlar\u0131 devam ediyor. \u201c\u0130ncinsen de \u0130ncitme\u201d temal\u0131 yar\u0131\u015fman\u0131n konusu ise \u201cHac\u0131 Bekta\u015f&#8217;\u0131 Veli\u201d olarak belirlendi. Yar\u0131\u015fmada kat\u0131l\u0131mc\u0131lar d\u00f6rt kategoride haz\u0131rlanan eserlerden sorumlu olacaklar. T\u00fcrkiye organizasyonu Ankara Sosyal Geli\u015fim Derne\u011fi taraf\u0131ndan ger\u00e7ekle\u015ftirilen yar\u0131\u015fman\u0131n [&hellip;]<\/p>\n","protected":false},"author":2,"featured_media":0,"comment_status":"open","ping_status":"closed","template":"","meta":{"_et_pb_use_builder":"on","_et_pb_old_content":"","_et_gb_content_width":"","footnotes":""},"project_category":[22],"project_tag":[25],"class_list":["post-1881","project","type-project","status-publish","hentry","project_category-ufka-yolculuk","project_tag-ufka-yolculuk"],"_links":{"self":[{"href":"https:\/\/sehristan.org\/index.php\/wp-json\/wp\/v2\/project\/1881","targetHints":{"allow":["GET"]}}],"collection":[{"href":"https:\/\/sehristan.org\/index.php\/wp-json\/wp\/v2\/project"}],"about":[{"href":"https:\/\/sehristan.org\/index.php\/wp-json\/wp\/v2\/types\/project"}],"author":[{"embeddable":true,"href":"https:\/\/sehristan.org\/index.php\/wp-json\/wp\/v2\/users\/2"}],"replies":[{"embeddable":true,"href":"https:\/\/sehristan.org\/index.php\/wp-json\/wp\/v2\/comments?post=1881"}],"version-history":[{"count":7,"href":"https:\/\/sehristan.org\/index.php\/wp-json\/wp\/v2\/project\/1881\/revisions"}],"predecessor-version":[{"id":1899,"href":"https:\/\/sehristan.org\/index.php\/wp-json\/wp\/v2\/project\/1881\/revisions\/1899"}],"wp:attachment":[{"href":"https:\/\/sehristan.org\/index.php\/wp-json\/wp\/v2\/media?parent=1881"}],"wp:term":[{"taxonomy":"project_category","embeddable":true,"href":"https:\/\/sehristan.org\/index.php\/wp-json\/wp\/v2\/project_category?post=1881"},{"taxonomy":"project_tag","embeddable":true,"href":"https:\/\/sehristan.org\/index.php\/wp-json\/wp\/v2\/project_tag?post=1881"}],"curies":[{"name":"wp","href":"https:\/\/api.w.org\/{rel}","templated":true}]}}