{"id":186,"date":"2017-10-30T20:49:36","date_gmt":"2017-10-30T17:49:36","guid":{"rendered":"http:\/\/sehristan.org\/?post_type=project&#038;p=186"},"modified":"2022-07-04T12:01:01","modified_gmt":"2022-07-04T09:01:01","slug":"farketmedenyediklerimiz","status":"publish","type":"project","link":"https:\/\/sehristan.org\/index.php\/project\/farketmedenyediklerimiz\/","title":{"rendered":"&#8220;Farketmeden Yediklerimiz: G\u0131da Katk\u0131 Maddeleri&#8221; Konferans\u0131"},"content":{"rendered":"\n\n[et_pb_section fb_built=&#8221;1&#8243; custom_padding_last_edited=&#8221;on|desktop&#8221; _builder_version=&#8221;3.0.74&#8243; background_color=&#8221;#ffffff&#8221; custom_padding=&#8221;0px||0px|&#8221; custom_padding_tablet=&#8221;50px|0|50px|0&#8243; transparent_background=&#8221;off&#8221; padding_mobile=&#8221;off&#8221;][et_pb_row _builder_version=&#8221;3.0.47&#8243; background_size=&#8221;initial&#8221; background_position=&#8221;top_left&#8221; background_repeat=&#8221;repeat&#8221;][et_pb_column type=&#8221;4_4&#8243; _builder_version=&#8221;3.0.47&#8243;][et_pb_text _builder_version=&#8221;3.0.87&#8243; background_size=&#8221;initial&#8221; background_position=&#8221;top_left&#8221; background_repeat=&#8221;repeat&#8221; border_style=&#8221;solid&#8221;]<strong>\u201cFarketmeden Yediklerimiz: G\u0131da Katk\u0131 Maddeleri\u201d Konferans\u0131 Ger\u00e7ekle\u015fti\r\n<\/strong>\r\n\r\n\u015eehristan Gen\u00e7lik, Spor ve \u0130zcilik Kul\u00fcb\u00fc Derne\u011fi (\u015eEHDER) ile Kars G\u0131da, Tar\u0131m ve Hayvanc\u0131l\u0131k \u0130l M\u00fcd\u00fcrl\u00fc\u011f\u00fc&#8217;n\u00fcn ortakla\u015fa d\u00fczenledi\u011fi &#8221;Farketmeden Yediklerimiz: G\u0131da Katk\u0131 Maddeleri Konferans\u0131&#8221;\u00a0\u00a026 Ekim per\u015fembe g\u00fcn\u00fc Kars \u0130l K\u00fclt\u00fcr Merkezi Konferans Salonunda ger\u00e7ekle\u015fti.\r\n\r\nKonferansa \u015eehristan Gen\u00e7lik, Spor ve \u0130zcilik Kul\u00fcb\u00fc Derne\u011fi Ba\u015fkan\u0131 Dr. Sadettin D\u00dcR\u00dcYEN, \u0130l G\u0131da, Tar\u0131m ve Hayvanc\u0131l\u0131k M\u00fcd\u00fcr\u00fc Dr. H\u00fcseyin D\u00dcZG\u00dcN, konu\u015fmac\u0131 olarak ise Helal ve Sa\u011fl\u0131kl\u0131 G\u0131da Platformu d\u00f6nem koordinat\u00f6r\u00fc Prof. Dr. Fatih G\u00dcLTEK\u0130N kat\u0131ld\u0131. Kars il m\u00fcft\u00fcs\u00fc, Kars il milli e\u011fitim m\u00fcd\u00fcr\u00fcn\u00fcn de dahil oldu\u011fu \u00e7ok say\u0131da se\u00e7kin ve konuya ilgi duyan konuk programa kat\u0131ld\u0131.\r\n\r\nKonferans\u0131n a\u00e7\u0131l\u0131\u015f konu\u015fmas\u0131n\u0131 yapan \u015eEHDER Ba\u015fkan\u0131 Dr. Sadettin D\u00dcR\u00dcYEN, \u015eEHDER olarak yapm\u0131\u015f olduklar\u0131 \u00e7al\u0131\u015fmalardan ve planlad\u0131klar\u0131 etkinliklerden bahsetti. Kritik Analitik D\u00fc\u015f\u00fcnme, Kuran\u0131n Anlam\u0131yla Bulu\u015fma, Son Peygamberi Anlamak, Helal ve Sa\u011fl\u0131kl\u0131 G\u0131da, Do\u011fa ve \u00c7evre Bilinci, \u0130zcilik, Akra FM, Sivil Savunma Uzmanl\u0131\u011f\u0131 gibi temel ba\u015fl\u0131klar alt\u0131nda \u00e7al\u0131\u015fmalar\u0131n\u0131 y\u00fcr\u00fctt\u00fcklerini anlatt\u0131. \u0130nsanlar\u0131n hayata daha geni\u015f bir \u00e7er\u00e7eveden bakabilmeleri b\u00f6ylece hayat\u0131 t\u00fcm y\u00f6nleriyle ve do\u011fru bir \u015fekilde ya\u015fayabilmeleri amac\u0131yla bu \u00e7al\u0131\u015fmalar\u0131 ger\u00e7ekle\u015ftirdiklerini s\u00f6yledi. Bu ama\u00e7la T\u00fcrkiye \u00e7ap\u0131nda \u00e7al\u0131\u015fmalar y\u00fcr\u00fcten \u00e7e\u015fitli kurulu\u015f ve platformlarla da i\u015fbirli\u011fi halinde olduklar\u0131na de\u011findi. Dr. Sadettin D\u00dcR\u00dcYEN, kat\u0131l\u0131mlar\u0131ndan dolay\u0131 t\u00fcm dinleyicilere te\u015fekk\u00fcr ederek konu\u015fmas\u0131n\u0131 sonland\u0131rd\u0131.\r\n\r\nDaha sonra Kars G\u0131da Tar\u0131m ve Hayvanc\u0131l\u0131k \u0130l M\u00fcd\u00fcr\u00fc Dr. H\u00fcseyin D\u00dcZG\u00dcN;\u00a0\u00fclkemizde bakanl\u0131\u011f\u0131n g\u0131da konusunda \u00e7\u0131karm\u0131\u015f oldu\u011fu mevzuatlar hakk\u0131nda bilgilendirmeler yapt\u0131. G\u0131dalar\u0131n t\u00fcketicilere ula\u015f\u0131ncaya kadar ge\u00e7en s\u00fcre\u00e7te bakanl\u0131k taraf\u0131ndan mevzuata uygunluk a\u00e7\u0131s\u0131ndan denetlendi\u011fini bildirdi. Alo 174 g\u0131da ihbar hatt\u0131n\u0131n nas\u0131l i\u015fledi\u011fini de toplant\u0131 vesilesiyle kat\u0131l\u0131mc\u0131lara anlatan say\u0131n D\u00dcZG\u00dcN 16 Ekim D\u00fcnya G\u0131da g\u00fcn\u00fc kapsam\u0131nda bu organizasyonu ger\u00e7ekle\u015ftirmi\u015f olmaktan mutluluk duyduklar\u0131n\u0131 belirtti.\r\n\r\nDaha sonra Prof. Dr. Fatih G\u00dcLTEK\u0130N beyin konferans\u0131na ge\u00e7ildi. G\u0131da Katk\u0131 Maddelerinin tan\u0131m\u0131, \u00f6zellikleri; \u00fcr\u00fcnlere g\u00f6re katk\u0131 oranlar\u0131, helallik ve sa\u011fl\u0131k a\u00e7\u0131s\u0131ndan g\u0131da katk\u0131 maddelerinin nas\u0131l de\u011ferlendirilebilece\u011fi ve zararlar\u0131ndan korunmaya y\u00f6nelik \u00e7\u00f6z\u00fcm \u00f6nerilerini i\u00e7eren bir sunum ger\u00e7ekle\u015ftirdi. Say\u0131n G\u00dcLTEK\u0130N konu\u015fmas\u0131nda g\u0131da katk\u0131 maddelerinin sa\u011fl\u0131k \u00fczerindeki etkileriyle ilgili olarak, g\u0131dalarda kullan\u0131lmas\u0131 yasak olan ve izin verilen g\u0131da katk\u0131 maddelerinin oldu\u011funu, ancak kullan\u0131lmas\u0131na izin verilen katk\u0131 maddeleri i\u00e7inde d\u00fc\u015f\u00fck riskli olanlar\u0131n dahi \u00e7ok t\u00fcketilmeleri halinde risklerinin artarak sorunlara sebep olabilece\u011fini, bu a\u00e7\u0131dan g\u0131da katk\u0131 maddelerinin denetim alt\u0131nda olmas\u0131n\u0131n t\u00fcketicileri rahatlatmamas\u0131 gerekti\u011fini anlatt\u0131. Bilimsel \u00e7al\u0131\u015fmalarda ortaya \u00e7\u0131kar\u0131lan veriler e\u015fli\u011finde hangi g\u0131da katk\u0131 maddesinin hangi hastal\u0131klar a\u00e7\u0131s\u0131ndan hangi derecede riskler bar\u0131nd\u0131rd\u0131\u011f\u0131n\u0131 aktard\u0131. \u00a0G\u00dcLTEK\u0130N, fark\u0131nda olmadan \u00e7ok fazla g\u0131da katk\u0131 maddesi t\u00fcketti\u011fimizi belirterek, \u201cBir y\u0131lda yakla\u015f\u0131k kendi v\u00fccut a\u011f\u0131rl\u0131\u011f\u0131m\u0131z kadar g\u0131da katk\u0131 maddesi t\u00fcketti\u011fimizi\u201d bu nedenle bilin\u00e7li bir t\u00fcketici olman\u0131n zorunlu hale geldi\u011fini belirtti. G\u0131da katk\u0131 maddelerinin sa\u011fl\u0131k problemleri yan\u0131nda hangi durumlarda haram olaca\u011f\u0131 konusunda da \u00f6rnekler verdi. Helal sertifikasyonu \u00e7al\u0131\u015fmalar\u0131n\u0131n hangi seviyede oldu\u011funu anlatan G\u00dcLTEK\u0130N t\u00fcketicilerin helal sertifikal\u0131 \u00fcr\u00fcnleri tercih etmesinin helal sertifikasyonu \u00e7al\u0131\u015fmalar\u0131na da destek olaca\u011f\u0131n\u0131 vurgulad\u0131. G\u00dcLTEK\u0130N, g\u00fcn\u00fcm\u00fcz ya\u015fam ko\u015fullar\u0131nda g\u0131da katk\u0131 maddelerinden t\u00fcm\u00fcyle uzak durman\u0131n pek m\u00fcmk\u00fcn olmad\u0131\u011f\u0131n\u0131; ancak t\u00fcketicilerin zarars\u0131z veya daha az riskli olan g\u0131da maddelerini tercih edebileceklerini, bunun i\u00e7in de bu konuya ilgi duyarak bilgi seviyelerini y\u00fckseltmeye y\u00f6nelik \u00e7al\u0131\u015fmalar yapmalar\u0131n\u0131n faydal\u0131 olaca\u011f\u0131n\u0131 s\u00f6yledi.\r\n\r\nKonferans\u0131n sonunda Tar\u0131m \u0130l M\u00fcd\u00fcr\u00fc Dr. H\u00fcseyin D\u00dcZG\u00dcN taraf\u0131ndan Prof. Dr. Fatih G\u00dcLTEK\u0130N&#8217;e Kars&#8217;a \u00f6zg\u00fc Kars ka\u015far\u0131 ve Kars Gravyer peyniri ile birlikte Kars\u2019ta \u00fcretilen \u00e7i\u00e7ek bal\u0131 hediye edildi.\r[\/et_pb_text][et_pb_gallery gallery_ids=&#8221;447,1122,1123,1124,1038,1040,1041&#8243; show_title_and_caption=&#8221;off&#8221; zoom_icon_color=&#8221;#81d742&#8243; _builder_version=&#8221;3.19.18&#8243;][\/et_pb_gallery][\/et_pb_column][\/et_pb_row][\/et_pb_section]\n\n","protected":false},"excerpt":{"rendered":"<p>\u201cFarketmeden Yediklerimiz: G\u0131da Katk\u0131 Maddeleri\u201d Konferans\u0131 Ger\u00e7ekle\u015fti \u015eehristan Gen\u00e7lik, Spor ve \u0130zcilik Kul\u00fcb\u00fc Derne\u011fi (\u015eEHDER) ile Kars G\u0131da, Tar\u0131m ve Hayvanc\u0131l\u0131k \u0130l M\u00fcd\u00fcrl\u00fc\u011f\u00fc&#8217;n\u00fcn ortakla\u015fa d\u00fczenledi\u011fi &#8221;Farketmeden Yediklerimiz: G\u0131da Katk\u0131 Maddeleri Konferans\u0131&#8221;\u00a0\u00a026 Ekim per\u015fembe g\u00fcn\u00fc Kars \u0130l K\u00fclt\u00fcr Merkezi Konferans Salonunda ger\u00e7ekle\u015fti. Konferansa \u015eehristan Gen\u00e7lik, Spor ve \u0130zcilik Kul\u00fcb\u00fc Derne\u011fi Ba\u015fkan\u0131 Dr. Sadettin D\u00dcR\u00dcYEN, \u0130l G\u0131da, [&hellip;]<\/p>\n","protected":false},"author":2,"featured_media":0,"comment_status":"open","ping_status":"closed","template":"","meta":{"_et_pb_use_builder":"on","_et_pb_old_content":"","_et_gb_content_width":"","footnotes":""},"project_category":[23],"project_tag":[16],"class_list":["post-186","project","type-project","status-publish","hentry","project_category-helal-saglikli-gida","project_tag-helal-ve-saglikli-gida"],"_links":{"self":[{"href":"https:\/\/sehristan.org\/index.php\/wp-json\/wp\/v2\/project\/186","targetHints":{"allow":["GET"]}}],"collection":[{"href":"https:\/\/sehristan.org\/index.php\/wp-json\/wp\/v2\/project"}],"about":[{"href":"https:\/\/sehristan.org\/index.php\/wp-json\/wp\/v2\/types\/project"}],"author":[{"embeddable":true,"href":"https:\/\/sehristan.org\/index.php\/wp-json\/wp\/v2\/users\/2"}],"replies":[{"embeddable":true,"href":"https:\/\/sehristan.org\/index.php\/wp-json\/wp\/v2\/comments?post=186"}],"version-history":[{"count":47,"href":"https:\/\/sehristan.org\/index.php\/wp-json\/wp\/v2\/project\/186\/revisions"}],"predecessor-version":[{"id":1206,"href":"https:\/\/sehristan.org\/index.php\/wp-json\/wp\/v2\/project\/186\/revisions\/1206"}],"wp:attachment":[{"href":"https:\/\/sehristan.org\/index.php\/wp-json\/wp\/v2\/media?parent=186"}],"wp:term":[{"taxonomy":"project_category","embeddable":true,"href":"https:\/\/sehristan.org\/index.php\/wp-json\/wp\/v2\/project_category?post=186"},{"taxonomy":"project_tag","embeddable":true,"href":"https:\/\/sehristan.org\/index.php\/wp-json\/wp\/v2\/project_tag?post=186"}],"curies":[{"name":"wp","href":"https:\/\/api.w.org\/{rel}","templated":true}]}}