{"id":1844,"date":"2024-12-09T14:06:07","date_gmt":"2024-12-09T11:06:07","guid":{"rendered":"https:\/\/sehristan.org\/?post_type=project&#038;p=1844"},"modified":"2024-12-09T14:07:46","modified_gmt":"2024-12-09T11:07:46","slug":"11-ufka-yolculuk-kars-il-odulleri-verildi","status":"publish","type":"project","link":"https:\/\/sehristan.org\/index.php\/project\/11-ufka-yolculuk-kars-il-odulleri-verildi\/","title":{"rendered":"11. Ufka Yolculuk Kars \u0130l \u00d6d\u00fclleri Verildi"},"content":{"rendered":"<p>[et_pb_section fb_built=&#8221;1&#8243; _builder_version=&#8221;4.16&#8243; global_colors_info=&#8221;{}&#8221; theme_builder_area=&#8221;post_content&#8221;][et_pb_row _builder_version=&#8221;4.16&#8243; background_size=&#8221;initial&#8221; background_position=&#8221;top_left&#8221; background_repeat=&#8221;repeat&#8221; global_colors_info=&#8221;{}&#8221; theme_builder_area=&#8221;post_content&#8221;][et_pb_column type=&#8221;4_4&#8243; _builder_version=&#8221;4.16&#8243; custom_padding=&#8221;|||&#8221; global_colors_info=&#8221;{}&#8221; custom_padding__hover=&#8221;|||&#8221; theme_builder_area=&#8221;post_content&#8221;][et_pb_text _builder_version=&#8221;4.25.0&#8243; global_colors_info=&#8221;{}&#8221; theme_builder_area=&#8221;post_content&#8221;]<\/p>\n<p><strong>11. Ufka Yolculuk Kars \u0130l \u00d6d\u00fclleri Verildi<\/strong><\/p>\n<p>Manevi bahar mevsimi Ramazan temas\u0131 ile ilkokul ortaokul lise ve yeti\u015fkin kategorilerinde ulusal d\u00fczeyde yap\u0131lan 11. Ufka Yolculuk kitap okuma yar\u0131\u015fmas\u0131 tamamland\u0131.<\/p>\n<p>Yar\u0131\u015fman\u0131n Kars il \u00f6d\u00fclleri il gen\u00e7lik merkezinde yap\u0131lan \u00f6d\u00fcl t\u00f6reninde sahiplerine ula\u015ft\u0131.<\/p>\n<p>\u00d6d\u00fcl t\u00f6reninde yar\u0131\u015fma il koordinat\u00f6rl\u00fc\u011f\u00fcn\u00fc yapan \u015eehristan \u0130zcilik Spor Kul\u00fcb\u00fc y\u00f6neticileri taraf\u0131ndan te\u015fekk\u00fcr konu\u015fmas\u0131 ve sunum yap\u0131ld\u0131. G\u00f6n\u00fcll\u00fc ekipler ve e\u011fitimciler taraf\u0131ndan desteklenen yar\u0131\u015fmaya Kars ilinden 4000 yar\u0131\u015fmac\u0131n\u0131n kat\u0131ld\u0131\u011f\u0131 ve 4 kategoride \u00fclke derecesi, il derecesi ve okul \u00f6d\u00fclleri ba\u011flam\u0131nda yakla\u015f\u0131k 80 yar\u0131\u015fmac\u0131n\u0131n \u00f6d\u00fcl almaya hak kazand\u0131\u011f\u0131 ifade edildi. \u00d6zellikle Kars \u0130l Milli E\u011fitim M\u00fcd\u00fcrl\u00fc\u011f\u00fc ile Kars Gen\u00e7lik Spor \u0130l M\u00fcd\u00fcrl\u00fc\u011f\u00fc&#8217;ne ve bu kurumlarda g\u00f6rev yapan e\u011fitimcilere, yar\u0131\u015fmaya destek veren t\u00fcm STK&#8217;larla beraber yar\u0131\u015fmac\u0131lar\u0131n ailelerine ve t\u00fcm yar\u0131\u015fmac\u0131lara te\u015fekk\u00fcr edildi.<\/p>\n<p>\u00d6d\u00fcl t\u00f6reni Karsl\u0131 A\u015f\u0131k \u0130rfan Ey\u00fcbo\u011flu&#8217;nun seslendirdi\u011fi irfan t\u00fcrk\u00fcleri ile devam etti.<\/p>\n<p>Be\u011feni toplayan t\u00f6ren yar\u0131\u015fmac\u0131lar\u0131n \u00f6d\u00fcllerine kavu\u015fmas\u0131 ile son buldu.<\/p>\n<p>&nbsp;<\/p>\n<p>[\/et_pb_text][et_pb_gallery gallery_ids=&#8221;1847,1848,1849,1850,1851&#8243; show_title_and_caption=&#8221;off&#8221; zoom_icon_color=&#8221;#81d742&#8243; _builder_version=&#8221;4.27.4&#8243; title_font_size=&#8221;16px&#8221; caption_font_size=&#8221;14px&#8221; hover_enabled=&#8221;0&#8243; global_colors_info=&#8221;{}&#8221; theme_builder_area=&#8221;post_content&#8221; sticky_enabled=&#8221;0&#8243;][\/et_pb_gallery][\/et_pb_column][\/et_pb_row][\/et_pb_section]<\/p>\n","protected":false},"excerpt":{"rendered":"<p>11. Ufka Yolculuk Kars \u0130l \u00d6d\u00fclleri Verildi Manevi bahar mevsimi Ramazan temas\u0131 ile ilkokul ortaokul lise ve yeti\u015fkin kategorilerinde ulusal d\u00fczeyde yap\u0131lan 11. Ufka Yolculuk kitap okuma yar\u0131\u015fmas\u0131 tamamland\u0131. Yar\u0131\u015fman\u0131n Kars il \u00f6d\u00fclleri il gen\u00e7lik merkezinde yap\u0131lan \u00f6d\u00fcl t\u00f6reninde sahiplerine ula\u015ft\u0131. \u00d6d\u00fcl t\u00f6reninde yar\u0131\u015fma il koordinat\u00f6rl\u00fc\u011f\u00fcn\u00fc yapan \u015eehristan \u0130zcilik Spor Kul\u00fcb\u00fc y\u00f6neticileri taraf\u0131ndan te\u015fekk\u00fcr konu\u015fmas\u0131 [&hellip;]<\/p>\n","protected":false},"author":2,"featured_media":0,"comment_status":"open","ping_status":"closed","template":"","meta":{"_et_pb_use_builder":"on","_et_pb_old_content":"","_et_gb_content_width":"","footnotes":""},"project_category":[22],"project_tag":[25],"class_list":["post-1844","project","type-project","status-publish","hentry","project_category-ufka-yolculuk","project_tag-ufka-yolculuk"],"_links":{"self":[{"href":"https:\/\/sehristan.org\/index.php\/wp-json\/wp\/v2\/project\/1844","targetHints":{"allow":["GET"]}}],"collection":[{"href":"https:\/\/sehristan.org\/index.php\/wp-json\/wp\/v2\/project"}],"about":[{"href":"https:\/\/sehristan.org\/index.php\/wp-json\/wp\/v2\/types\/project"}],"author":[{"embeddable":true,"href":"https:\/\/sehristan.org\/index.php\/wp-json\/wp\/v2\/users\/2"}],"replies":[{"embeddable":true,"href":"https:\/\/sehristan.org\/index.php\/wp-json\/wp\/v2\/comments?post=1844"}],"version-history":[{"count":4,"href":"https:\/\/sehristan.org\/index.php\/wp-json\/wp\/v2\/project\/1844\/revisions"}],"predecessor-version":[{"id":1871,"href":"https:\/\/sehristan.org\/index.php\/wp-json\/wp\/v2\/project\/1844\/revisions\/1871"}],"wp:attachment":[{"href":"https:\/\/sehristan.org\/index.php\/wp-json\/wp\/v2\/media?parent=1844"}],"wp:term":[{"taxonomy":"project_category","embeddable":true,"href":"https:\/\/sehristan.org\/index.php\/wp-json\/wp\/v2\/project_category?post=1844"},{"taxonomy":"project_tag","embeddable":true,"href":"https:\/\/sehristan.org\/index.php\/wp-json\/wp\/v2\/project_tag?post=1844"}],"curies":[{"name":"wp","href":"https:\/\/api.w.org\/{rel}","templated":true}]}}