{"id":1672,"date":"2023-02-03T12:00:56","date_gmt":"2023-02-03T09:00:56","guid":{"rendered":"https:\/\/sehristan.org\/?post_type=project&#038;p=1672"},"modified":"2023-02-03T12:29:47","modified_gmt":"2023-02-03T09:29:47","slug":"sarikamis-sehitlerini-anma-yuruyusu","status":"publish","type":"project","link":"https:\/\/sehristan.org\/index.php\/project\/sarikamis-sehitlerini-anma-yuruyusu\/","title":{"rendered":"Sar\u0131kam\u0131\u015f \u015eehitlerini Anma Y\u00fcr\u00fcy\u00fc\u015f\u00fc"},"content":{"rendered":"<p>[et_pb_section fb_built=&#8221;1&#8243; _builder_version=&#8221;4.16&#8243; global_colors_info=&#8221;{}&#8221;][et_pb_row _builder_version=&#8221;4.16&#8243; background_size=&#8221;initial&#8221; background_position=&#8221;top_left&#8221; background_repeat=&#8221;repeat&#8221; global_colors_info=&#8221;{}&#8221;][et_pb_column type=&#8221;4_4&#8243; _builder_version=&#8221;4.16&#8243; custom_padding=&#8221;|||&#8221; global_colors_info=&#8221;{}&#8221; custom_padding__hover=&#8221;|||&#8221;][et_pb_text _builder_version=&#8221;4.19.5&#8243; global_colors_info=&#8221;{}&#8221;]<\/p>\n<div class=\"et_pb_module et_pb_text et_pb_text_0  et_pb_text_align_left et_pb_bg_layout_light\">\n<div class=\"et_pb_text_inner\">\n<p><strong>Sar\u0131kam\u0131\u015f \u015eehitlerini Anma Y\u00fcr\u00fcy\u00fc\u015f\u00fc<\/strong><\/p>\n<p>8 ocak 2023 tarihinde Sar\u0131kam\u0131\u015f \u015fehitlerini anma etkinlikleri kapsam\u0131nda mutat olarak ger\u00e7ekle\u015ftirilen Sar\u0131kam\u0131\u015f y\u00fcr\u00fcy\u00fc\u015f\u00fcne \u015eehristan Gen\u00e7lik Spor ve \u0130zcilik Kul\u00fcb\u00fc olarak kat\u0131l\u0131m sa\u011fland\u0131.<\/p>\n<p>Bir\u00e7ok kurum ve kurulu\u015fla birlikte kul\u00fcb g\u00f6n\u00fcll\u00fclerimiz de mazinin izinde buruk bir y\u00fcr\u00fcy\u00fc\u015f ger\u00e7ekle\u015ftirdiler.<\/p>\n<\/div>\n<\/div>\n<p><strong>\u00a0<\/strong><\/p>\n<p>[\/et_pb_text][et_pb_gallery gallery_ids=&#8221;1646,1645,1644,1647&#8243; show_title_and_caption=&#8221;off&#8221; zoom_icon_color=&#8221;#81d742&#8243; _builder_version=&#8221;4.19.5&#8243; caption_text_color=&#8221;RGBA(255,255,255,0)&#8221; hover_enabled=&#8221;0&#8243; global_colors_info=&#8221;{}&#8221; sticky_enabled=&#8221;0&#8243;][\/et_pb_gallery][\/et_pb_column][\/et_pb_row][et_pb_row _builder_version=&#8221;4.17.4&#8243; _module_preset=&#8221;default&#8221; global_colors_info=&#8221;{}&#8221;][et_pb_column type=&#8221;4_4&#8243; _builder_version=&#8221;4.17.4&#8243; _module_preset=&#8221;default&#8221; global_colors_info=&#8221;{}&#8221;][\/et_pb_column][\/et_pb_row][\/et_pb_section]<\/p>\n","protected":false},"excerpt":{"rendered":"<p>Sar\u0131kam\u0131\u015f \u015eehitlerini Anma Y\u00fcr\u00fcy\u00fc\u015f\u00fc 8 ocak 2023 tarihinde Sar\u0131kam\u0131\u015f \u015fehitlerini anma etkinlikleri kapsam\u0131nda mutat olarak ger\u00e7ekle\u015ftirilen Sar\u0131kam\u0131\u015f y\u00fcr\u00fcy\u00fc\u015f\u00fcne \u015eehristan Gen\u00e7lik Spor ve \u0130zcilik Kul\u00fcb\u00fc olarak kat\u0131l\u0131m sa\u011fland\u0131. Bir\u00e7ok kurum ve kurulu\u015fla birlikte kul\u00fcb g\u00f6n\u00fcll\u00fclerimiz de mazinin izinde buruk bir y\u00fcr\u00fcy\u00fc\u015f ger\u00e7ekle\u015ftirdiler. \u00a0<\/p>\n","protected":false},"author":2,"featured_media":0,"comment_status":"open","ping_status":"closed","template":"","meta":{"_et_pb_use_builder":"on","_et_pb_old_content":"","_et_gb_content_width":"","footnotes":""},"project_category":[29],"project_tag":[30],"class_list":["post-1672","project","type-project","status-publish","hentry","project_category-cevre","project_tag-cevre"],"_links":{"self":[{"href":"https:\/\/sehristan.org\/index.php\/wp-json\/wp\/v2\/project\/1672","targetHints":{"allow":["GET"]}}],"collection":[{"href":"https:\/\/sehristan.org\/index.php\/wp-json\/wp\/v2\/project"}],"about":[{"href":"https:\/\/sehristan.org\/index.php\/wp-json\/wp\/v2\/types\/project"}],"author":[{"embeddable":true,"href":"https:\/\/sehristan.org\/index.php\/wp-json\/wp\/v2\/users\/2"}],"replies":[{"embeddable":true,"href":"https:\/\/sehristan.org\/index.php\/wp-json\/wp\/v2\/comments?post=1672"}],"version-history":[{"count":5,"href":"https:\/\/sehristan.org\/index.php\/wp-json\/wp\/v2\/project\/1672\/revisions"}],"predecessor-version":[{"id":1682,"href":"https:\/\/sehristan.org\/index.php\/wp-json\/wp\/v2\/project\/1672\/revisions\/1682"}],"wp:attachment":[{"href":"https:\/\/sehristan.org\/index.php\/wp-json\/wp\/v2\/media?parent=1672"}],"wp:term":[{"taxonomy":"project_category","embeddable":true,"href":"https:\/\/sehristan.org\/index.php\/wp-json\/wp\/v2\/project_category?post=1672"},{"taxonomy":"project_tag","embeddable":true,"href":"https:\/\/sehristan.org\/index.php\/wp-json\/wp\/v2\/project_tag?post=1672"}],"curies":[{"name":"wp","href":"https:\/\/api.w.org\/{rel}","templated":true}]}}