{"id":1616,"date":"2023-01-07T08:19:19","date_gmt":"2023-01-07T05:19:19","guid":{"rendered":"https:\/\/sehristan.org\/?post_type=project&#038;p=1616"},"modified":"2023-02-03T11:56:31","modified_gmt":"2023-02-03T08:56:31","slug":"yahni-daginda-sehitler-anildi","status":"publish","type":"project","link":"https:\/\/sehristan.org\/index.php\/project\/yahni-daginda-sehitler-anildi\/","title":{"rendered":"Yahni Da\u011f\u0131nda \u015eehitler An\u0131ld\u0131"},"content":{"rendered":"<p>[et_pb_section fb_built=&#8221;1&#8243; _builder_version=&#8221;4.16&#8243; global_colors_info=&#8221;{}&#8221;][et_pb_row _builder_version=&#8221;4.16&#8243; background_size=&#8221;initial&#8221; background_position=&#8221;top_left&#8221; background_repeat=&#8221;repeat&#8221; global_colors_info=&#8221;{}&#8221;][et_pb_column type=&#8221;4_4&#8243; _builder_version=&#8221;4.16&#8243; custom_padding=&#8221;|||&#8221; global_colors_info=&#8221;{}&#8221; custom_padding__hover=&#8221;|||&#8221;][et_pb_text _builder_version=&#8221;4.19.5&#8243; hover_enabled=&#8221;0&#8243; global_colors_info=&#8221;{}&#8221; sticky_enabled=&#8221;0&#8243;]<\/p>\n<p><strong>Yahni Da\u011f\u0131nda \u015eehitler An\u0131ld\u0131.<\/strong><\/p>\n<p>Kars Gen\u00e7lik Spor \u0130l M\u00fcd\u00fcrl\u00fc\u011f\u00fc ve Da\u011fc\u0131l\u0131k Kulub\u00fc Kars il temsilcili\u011fi ile ortakla\u015fa ger\u00e7ekle\u015ftirilen Yahni Da\u011f\u0131 etkinli\u011fine bir \u00e7ok STK ve \u00c7EK\u00dcD il temsilcili\u011fimizde i\u015ftirak etti.<\/p>\n<p>18 Aral\u0131k 2022 tarihinde ger\u00e7ekle\u015ftirilen programda Ebul Hasan Harakani ba\u015fta olmak \u00fczere Kars&#8217;ta metfun bulunan \u015fehit ve gazi ecdad an\u0131ld\u0131.<\/p>\n<p>Programa bir \u00e7ok idari amir kat\u0131larak program\u0131n gelenekselle\u015fmesi y\u00f6n\u00fcnde konu\u015fmalar yap\u0131ld\u0131.<\/p>\n<p>[\/et_pb_text][et_pb_gallery gallery_ids=&#8221;1621,1623,1622,1620,1619&#8243; show_title_and_caption=&#8221;off&#8221; zoom_icon_color=&#8221;#81d742&#8243; _builder_version=&#8221;4.19.5&#8243; caption_text_color=&#8221;RGBA(255,255,255,0)&#8221; hover_enabled=&#8221;0&#8243; global_colors_info=&#8221;{}&#8221; sticky_enabled=&#8221;0&#8243;][\/et_pb_gallery][\/et_pb_column][\/et_pb_row][et_pb_row _builder_version=&#8221;4.17.4&#8243; _module_preset=&#8221;default&#8221; global_colors_info=&#8221;{}&#8221;][et_pb_column type=&#8221;4_4&#8243; _builder_version=&#8221;4.17.4&#8243; _module_preset=&#8221;default&#8221; global_colors_info=&#8221;{}&#8221;][\/et_pb_column][\/et_pb_row][\/et_pb_section]<\/p>\n","protected":false},"excerpt":{"rendered":"<p>Yahni Da\u011f\u0131nda \u015eehitler An\u0131ld\u0131. Kars Gen\u00e7lik Spor \u0130l M\u00fcd\u00fcrl\u00fc\u011f\u00fc ve Da\u011fc\u0131l\u0131k Kulub\u00fc Kars il temsilcili\u011fi ile ortakla\u015fa ger\u00e7ekle\u015ftirilen Yahni Da\u011f\u0131 etkinli\u011fine bir \u00e7ok STK ve \u00c7EK\u00dcD il temsilcili\u011fimizde i\u015ftirak etti. 18 Aral\u0131k 2022 tarihinde ger\u00e7ekle\u015ftirilen programda Ebul Hasan Harakani ba\u015fta olmak \u00fczere Kars&#8217;ta metfun bulunan \u015fehit ve gazi ecdad an\u0131ld\u0131. Programa bir \u00e7ok idari amir [&hellip;]<\/p>\n","protected":false},"author":2,"featured_media":0,"comment_status":"open","ping_status":"closed","template":"","meta":{"_et_pb_use_builder":"on","_et_pb_old_content":"","_et_gb_content_width":"","footnotes":""},"project_category":[29],"project_tag":[30],"class_list":["post-1616","project","type-project","status-publish","hentry","project_category-cevre","project_tag-cevre"],"_links":{"self":[{"href":"https:\/\/sehristan.org\/index.php\/wp-json\/wp\/v2\/project\/1616","targetHints":{"allow":["GET"]}}],"collection":[{"href":"https:\/\/sehristan.org\/index.php\/wp-json\/wp\/v2\/project"}],"about":[{"href":"https:\/\/sehristan.org\/index.php\/wp-json\/wp\/v2\/types\/project"}],"author":[{"embeddable":true,"href":"https:\/\/sehristan.org\/index.php\/wp-json\/wp\/v2\/users\/2"}],"replies":[{"embeddable":true,"href":"https:\/\/sehristan.org\/index.php\/wp-json\/wp\/v2\/comments?post=1616"}],"version-history":[{"count":9,"href":"https:\/\/sehristan.org\/index.php\/wp-json\/wp\/v2\/project\/1616\/revisions"}],"predecessor-version":[{"id":1667,"href":"https:\/\/sehristan.org\/index.php\/wp-json\/wp\/v2\/project\/1616\/revisions\/1667"}],"wp:attachment":[{"href":"https:\/\/sehristan.org\/index.php\/wp-json\/wp\/v2\/media?parent=1616"}],"wp:term":[{"taxonomy":"project_category","embeddable":true,"href":"https:\/\/sehristan.org\/index.php\/wp-json\/wp\/v2\/project_category?post=1616"},{"taxonomy":"project_tag","embeddable":true,"href":"https:\/\/sehristan.org\/index.php\/wp-json\/wp\/v2\/project_tag?post=1616"}],"curies":[{"name":"wp","href":"https:\/\/api.w.org\/{rel}","templated":true}]}}