{"id":1520,"date":"2022-06-05T00:27:14","date_gmt":"2022-06-04T21:27:14","guid":{"rendered":"https:\/\/sehristan.org\/?post_type=project&#038;p=1520"},"modified":"2022-07-04T13:03:34","modified_gmt":"2022-07-04T10:03:34","slug":"kent-ormani-atiklardan-arindirildi","status":"publish","type":"project","link":"https:\/\/sehristan.org\/index.php\/project\/kent-ormani-atiklardan-arindirildi\/","title":{"rendered":"Kent Orman\u0131 At\u0131klardan Ar\u0131nd\u0131r\u0131ld\u0131"},"content":{"rendered":"<p>[et_pb_section fb_built=&#8221;1&#8243; _builder_version=&#8221;4.16&#8243; global_colors_info=&#8221;{}&#8221;][et_pb_row _builder_version=&#8221;4.16&#8243; background_size=&#8221;initial&#8221; background_position=&#8221;top_left&#8221; background_repeat=&#8221;repeat&#8221; global_colors_info=&#8221;{}&#8221;][et_pb_column type=&#8221;4_4&#8243; _builder_version=&#8221;4.16&#8243; custom_padding=&#8221;|||&#8221; global_colors_info=&#8221;{}&#8221; custom_padding__hover=&#8221;|||&#8221;][et_pb_text _builder_version=&#8221;4.16&#8243; global_colors_info=&#8221;{}&#8221;]<\/p>\n<p>Kars&#8217;ta, \u00c7evre Kurulu\u015flar\u0131 Dayan\u0131\u015fma Derne\u011fince (\u00c7EKUD) 5 Haziran D\u00fcnya \u00c7evre G\u00fcn\u00fc kapsam\u0131nda Kars kent orman\u0131nda at\u0131k Topland\u0131.<\/p>\n<p>\u00c7ek\u00fcd il temsilcili\u011fi ve Kars \u015eehristan Gen\u00e7lik Spor ve \u0130zcilik Kul\u00fcb\u00fc ortakl\u0131\u011f\u0131nda Ormanda \u00e7evreye at\u0131lm\u0131\u015f cam, plastik ve ka\u011f\u0131tlar\u0131 toplanarak fark\u0131ndal\u0131k olu\u015fturuldu.<\/p>\n<p>T\u00fcm T\u00fcrkiye de 04.06.2022 tarihinde saat 14.00 de yap\u0131lan \u00e7al\u0131\u015fmayla \u015fehrin g\u00fczel mekanlar\u0131ndan olan Kars kent orman\u0131 temizlendi.<\/p>\n<p>[\/et_pb_text][et_pb_gallery gallery_ids=&#8221;1530,1529,1528,1527,1526,1525,1524,1523&#8243; show_title_and_caption=&#8221;off&#8221; zoom_icon_color=&#8221;#81d742&#8243; _builder_version=&#8221;4.17.4&#8243; hover_enabled=&#8221;0&#8243; global_colors_info=&#8221;{}&#8221; sticky_enabled=&#8221;0&#8243;][\/et_pb_gallery][\/et_pb_column][\/et_pb_row][\/et_pb_section]<\/p>\n","protected":false},"excerpt":{"rendered":"<p>Kars&#8217;ta, \u00c7evre Kurulu\u015flar\u0131 Dayan\u0131\u015fma Derne\u011fince (\u00c7EKUD) 5 Haziran D\u00fcnya \u00c7evre G\u00fcn\u00fc kapsam\u0131nda Kars kent orman\u0131nda at\u0131k Topland\u0131. \u00c7ek\u00fcd il temsilcili\u011fi ve Kars \u015eehristan Gen\u00e7lik Spor ve \u0130zcilik Kul\u00fcb\u00fc ortakl\u0131\u011f\u0131nda Ormanda \u00e7evreye at\u0131lm\u0131\u015f cam, plastik ve ka\u011f\u0131tlar\u0131 toplanarak fark\u0131ndal\u0131k olu\u015fturuldu. T\u00fcm T\u00fcrkiye de 04.06.2022 tarihinde saat 14.00 de yap\u0131lan \u00e7al\u0131\u015fmayla \u015fehrin g\u00fczel mekanlar\u0131ndan olan Kars kent [&hellip;]<\/p>\n","protected":false},"author":2,"featured_media":0,"comment_status":"open","ping_status":"closed","template":"","meta":{"_et_pb_use_builder":"on","_et_pb_old_content":"","_et_gb_content_width":"","footnotes":""},"project_category":[29],"project_tag":[30],"class_list":["post-1520","project","type-project","status-publish","hentry","project_category-cevre","project_tag-cevre"],"_links":{"self":[{"href":"https:\/\/sehristan.org\/index.php\/wp-json\/wp\/v2\/project\/1520","targetHints":{"allow":["GET"]}}],"collection":[{"href":"https:\/\/sehristan.org\/index.php\/wp-json\/wp\/v2\/project"}],"about":[{"href":"https:\/\/sehristan.org\/index.php\/wp-json\/wp\/v2\/types\/project"}],"author":[{"embeddable":true,"href":"https:\/\/sehristan.org\/index.php\/wp-json\/wp\/v2\/users\/2"}],"replies":[{"embeddable":true,"href":"https:\/\/sehristan.org\/index.php\/wp-json\/wp\/v2\/comments?post=1520"}],"version-history":[{"count":9,"href":"https:\/\/sehristan.org\/index.php\/wp-json\/wp\/v2\/project\/1520\/revisions"}],"predecessor-version":[{"id":1553,"href":"https:\/\/sehristan.org\/index.php\/wp-json\/wp\/v2\/project\/1520\/revisions\/1553"}],"wp:attachment":[{"href":"https:\/\/sehristan.org\/index.php\/wp-json\/wp\/v2\/media?parent=1520"}],"wp:term":[{"taxonomy":"project_category","embeddable":true,"href":"https:\/\/sehristan.org\/index.php\/wp-json\/wp\/v2\/project_category?post=1520"},{"taxonomy":"project_tag","embeddable":true,"href":"https:\/\/sehristan.org\/index.php\/wp-json\/wp\/v2\/project_tag?post=1520"}],"curies":[{"name":"wp","href":"https:\/\/api.w.org\/{rel}","templated":true}]}}