{"id":1503,"date":"2022-03-07T14:13:12","date_gmt":"2022-03-07T11:13:12","guid":{"rendered":"http:\/\/sehristan.org\/?post_type=project&#038;p=1503"},"modified":"2022-03-07T14:29:58","modified_gmt":"2022-03-07T11:29:58","slug":"ufka-yolculuk-10-kitap-okuma-yarismasi-kayitlari-basladi","status":"publish","type":"project","link":"https:\/\/sehristan.org\/index.php\/project\/ufka-yolculuk-10-kitap-okuma-yarismasi-kayitlari-basladi\/","title":{"rendered":"Ufka Yolculuk-10 Kitap Okuma Yar\u0131\u015fmas\u0131 Kay\u0131tlar\u0131 Ba\u015flad\u0131"},"content":{"rendered":"<p>[et_pb_section fb_built=&#8221;1&#8243; _builder_version=&#8221;3.22&#8243; global_colors_info=&#8221;{}&#8221;][et_pb_row _builder_version=&#8221;3.25&#8243; background_size=&#8221;initial&#8221; background_position=&#8221;top_left&#8221; background_repeat=&#8221;repeat&#8221; global_colors_info=&#8221;{}&#8221;][et_pb_column type=&#8221;4_4&#8243; _builder_version=&#8221;3.25&#8243; custom_padding=&#8221;|||&#8221; global_colors_info=&#8221;{}&#8221; custom_padding__hover=&#8221;|||&#8221;][et_pb_text _builder_version=&#8221;3.27.4&#8243; border_style=&#8221;solid&#8221; global_colors_info=&#8221;{}&#8221;]<\/p>\n<div class=\"fw booksPageList\">\n<article>\n<div>\n<p style=\"text-align: left;\" align=\"center\"><strong>10. UFKA YOLCULUK B\u0130LG\u0130 VE K\u00dcLT\u00dcR YARI\u015eMASI KAYITLARI BA\u015eLADI<br \/><\/strong><\/p>\n<p><strong><\/strong><\/p>\n<p><strong><\/strong><\/p>\n<p><strong>Herkesin kat\u0131labilece\u011fi bilgi ve k\u00fclt\u00fcr yar\u0131\u015fmas\u0131<\/strong><\/p>\n<p>Server Ya\u015fam Vakf\u0131 b\u00fcnyesinde \u00e7e\u015fitli ya\u015f gruplar\u0131na y\u00f6nelik yap\u0131lan ve \u201cKaybedeni Olmayan\u201d\u00a0 yar\u0131\u015fma 10. Ufka Yolculuk kay\u0131tlar\u0131 ba\u015flad\u0131 ve b\u00fcy\u00fck bir kat\u0131l\u0131mla devam ediyor.<\/p>\n<p><span style=\"font-size: 14px;\">Kritik ve Analitik d\u00fc\u015f\u00fcnmeden hareketle bu y\u0131l\u0131n konusu olarak \u201cSa\u011fl\u0131kl\u0131 D\u00fc\u015f\u00fcnme\u201d ba\u015fl\u0131\u011f\u0131 se\u00e7ilen yar\u0131\u015fmada kat\u0131l\u0131mc\u0131lar d\u00f6rt kategoride haz\u0131rlanan \u00fc\u00e7 eserlerden sorumlu tutuluyor.<\/span><\/p>\n<p>&nbsp;<\/p>\n<p><strong>Konu: Sa\u011fl\u0131kl\u0131 D\u00fc\u015f\u00fcnme<\/strong><\/p>\n<p><span style=\"font-size: 14px;\">17 Ocak tarihi itibari ile kay\u0131t almaya ba\u015flayan Ufka Yolculuk yar\u0131\u015fmas\u0131 her \u015feyden \u00f6nce do\u011fru inanc\u0131, do\u011fru d\u00fc\u015f\u00fcnceyi ve g\u00fczel ahl\u00e2k\u0131 \u00f6\u011freten g\u00fcvenilir eserlerin okunmas\u0131n\u0131 sa\u011flamay\u0131, okuma al\u0131\u015fkanl\u0131\u011f\u0131n\u0131 geli\u015ftirmeyi; okuyan, d\u00fc\u015f\u00fcnen ve okuduklar\u0131yla hayat\u0131na y\u00f6n veren bireylerin yeti\u015fmesine katk\u0131 sa\u011flamay\u0131 hedefliyor.<\/span><\/p>\n<p>\u201cD\u00fc\u015f\u00fcn, bir de sa\u011fl\u0131kl\u0131 d\u00fc\u015f\u00fcn\u201d slogan\u0131 ile t\u00fcm yeti\u015fkin, gen\u00e7 ve \u00e7ocuklar\u0131 davet eden Ufka Yolculuk ekibi bug\u00fcn ve yar\u0131n i\u00e7in g\u00fc\u00e7l\u00fc ve sa\u011fl\u0131kl\u0131 d\u00fc\u015f\u00fcnen nesillerin yeti\u015fmesinde pay sahibi olmay\u0131, fark\u0131ndal\u0131k olu\u015fturmay\u0131 ama\u00e7l\u0131yor.<\/p>\n<p>T\u00fcm a\u00e7\u0131lar\u0131yla sa\u011fl\u0131kl\u0131 d\u00fc\u015f\u00fcnmeyi yeni bir pencereden bakmak isteyen kat\u0131l\u0131mc\u0131lar, yar\u0131\u015fma ile ilgili detayl\u0131 bilgilere Ufkayolculuk.com adresinden ve sosyal medya hesaplar\u0131ndan ula\u015f\u0131labiliyor.<\/p>\n<p>&nbsp;<\/p>\n<p><strong>Son Kay\u0131t Tarihi 18 Nisan Pazartesi<\/strong><\/p>\n<p><span style=\"font-size: 14px;\">Son ba\u015fvuru tarihi 18 Nisan Pazartesi olarak belirlenen yar\u0131\u015fmaya Ufka Yolculuk web sitesinden \u201cKAYIT OL\u201d butonuna t\u0131klayarak ya da okullardaki g\u00f6n\u00fcll\u00fcler arac\u0131l\u0131\u011f\u0131 ile kay\u0131t yap\u0131labilecek<\/span><\/p>\n<p>&nbsp;<\/p>\n<p><strong>S\u0131nav Tarihleri<\/strong><\/p>\n<p><span style=\"font-size: 14px;\">Kat\u0131l\u0131mc\u0131lar 17 Nisan Pazar \u2013 18 Nisan Pazartesi 2022 tarihinde yap\u0131lacak 1.a\u015fama s\u0131nava bulunduklar\u0131 yerden interneti olan herhangi bir bilgisayar, tablet, PC veya ak\u0131ll\u0131 telefon arac\u0131l\u0131\u011f\u0131 ile 08.00- 20.00 saatleri aras\u0131nda 2 g\u00fcn boyunca online olarak girebilecekler.\u00a0<\/span><\/p>\n<p>De\u011fi\u015fen \u015fartlar ve sa\u011fl\u0131k ko\u015fullar\u0131na uygun olmas\u0131 amac\u0131 ile randevulu sistemle yine online olarak yap\u0131lacak 2. a\u015fama s\u0131nav ise 22 May\u0131s 2022 Pazar g\u00fcn\u00fc 10:00 &#8211; 12:00 saatleri aras\u0131nda web sitesi \u00fczerinden yay\u0131nlanacak s\u0131nav merkezlerinde bilgisayar, tablet, PC veya ak\u0131ll\u0131 telefon arac\u0131l\u0131\u011f\u0131yla ger\u00e7ekle\u015ftirilecek.\u00a0<\/p>\n<p>&nbsp;<\/p>\n<p><strong>Kategoriler ve Kitaplar<\/strong><\/p>\n<p><span style=\"font-size: 14px;\">4 farkl\u0131 kategoride d\u00fczenlenen yar\u0131\u015fmada; ilkokul kategorisinde yar\u0131\u015fmaya kat\u0131lanlar, \u201cElma Dersem D\u00fc\u015f\u00fcn\u201d, ortaokul kategorisinde yar\u0131\u015fmaya kat\u0131lanlar \u201c Eyvah! Ceviz \u00c7at\u0131rd\u0131yor\u201d, lise kategorisinde yar\u0131\u015fmaya kat\u0131lanlar\u00a0 &#8220;D\u00fc\u015f\u00fcn! Bir de Sa\u011fl\u0131kl\u0131 D\u00fc\u015f\u00fcn\u201d Yeti\u015fkin kategorisinde kat\u0131lacaklar da ayn\u0131 \u015fekilde &#8221; D\u00fc\u015f\u00fcn! Bir de Sa\u011fl\u0131kl\u0131 D\u00fc\u015f\u00fcn\u201d\u00a0 kitaplar\u0131n\u0131 okuyarak haz\u0131rlanabilecekler. Yar\u0131\u015fma kitaplar\u0131n\u0131 il ve il\u00e7elerden temin edebilecek olan kat\u0131l\u0131mc\u0131lar Ufka Yolculuk web sitesinden kitap temin noktalar\u0131na ula\u015fabilecekler.<\/span><\/p>\n<p>&nbsp;<\/p>\n<p><strong>Bol \u00d6d\u00fcll\u00fc Yar\u0131\u015fma<\/strong><\/p>\n<p><span style=\"font-size: 14px;\">Do\u011fru bilginin en b\u00fcy\u00fck \u00f6d\u00fcl oldu\u011fu bu y\u00fczden okuyan herkesin kazand\u0131\u011f\u0131 Ufka Yolculuk Yar\u0131\u015fmas\u0131nda kitap okumay\u0131 daha da \u00e7ok sevdirmek i\u00e7in birbirinden \u00f6zel binlerce \u00f6d\u00fcl verilecek.<\/span><\/p>\n<p>T\u00fcrkiye geneli \u00f6d\u00fcllerde birinciye 10.000 tl, ikinciye 9.000 tl, \u00fc\u00e7\u00fcnc\u00fcye 8.000 tl; ilk 50\u2019 ye giren yar\u0131\u015fmac\u0131lara da farkl\u0131 miktarlarda para \u00f6d\u00fcl\u00fc verilecek. Toplam \u00f6d\u00fcl miktar\u0131 1 milyon t\u00fcrk liras\u0131 olacakt\u0131r. Milli E\u011fitim Bakanl\u0131\u011f\u0131\u2019ndan onayl\u0131 olan, Gen\u00e7lik ve Spor Bakanl\u0131\u011f\u0131 taraf\u0131ndan da desteklenen yar\u0131\u015fmada ayr\u0131ca 81 ildeki payda\u015f STK&#8217;lar\u0131n haz\u0131rlad\u0131\u011f\u0131 bir\u00e7ok \u00f6d\u00fcl de yar\u0131\u015fmac\u0131lar\u0131 bekliyor.<\/p>\n<p>&nbsp;<\/p>\n<p><strong>Kars&#8217;a \u00d6zel \u0130l ve Okul \u00d6d\u00fclleri<\/strong><\/p>\n<p>Yar\u0131\u015fma Kars&#8217;ta \u015eehristan Gen\u00e7lik Spor ve \u0130zcilik Kul\u00fcb\u00fcn\u00fcn katk\u0131 ve koordinasyonu ile ger\u00e7ekle\u015ftirilecek. \u0130limizde her kategoride 10&#8217;ar yar\u0131\u015fmac\u0131ya Kars \u0130l \u00d6d\u00fclleri takdim edilecek. Ayr\u0131ca okul mevcutlar\u0131na g\u00f6re belirlenen kat\u0131l\u0131m say\u0131s\u0131na ula\u015fan her okulun birincisi, Bluetooth Kulakl\u0131k veya Ak\u0131ll\u0131 Bileklik \u00f6d\u00fcllerinden birini kazanabilecek.<\/p>\n<p>&nbsp;<\/p>\n<p>&nbsp;<\/p>\n<p>&nbsp;<\/p>\n<\/div>\n<div class=\"fw prizeTabTopBox\">\n<div class=\"fw prizeTabTopBox\"><\/div>\n<\/div>\n<\/article>\n<\/div>\n<p>[\/et_pb_text][et_pb_gallery gallery_ids=&#8221;1515,1508,1507&#8243; show_title_and_caption=&#8221;off&#8221; zoom_icon_color=&#8221;#81d742&#8243; _builder_version=&#8221;4.14.8&#8243; hover_enabled=&#8221;0&#8243; border_style=&#8221;solid&#8221; global_colors_info=&#8221;{}&#8221; sticky_enabled=&#8221;0&#8243;][\/et_pb_gallery][\/et_pb_column][\/et_pb_row][\/et_pb_section]<\/p>\n","protected":false},"excerpt":{"rendered":"<p>10. UFKA YOLCULUK B\u0130LG\u0130 VE K\u00dcLT\u00dcR YARI\u015eMASI KAYITLARI BA\u015eLADI Herkesin kat\u0131labilece\u011fi bilgi ve k\u00fclt\u00fcr yar\u0131\u015fmas\u0131 Server Ya\u015fam Vakf\u0131 b\u00fcnyesinde \u00e7e\u015fitli ya\u015f gruplar\u0131na y\u00f6nelik yap\u0131lan ve \u201cKaybedeni Olmayan\u201d\u00a0 yar\u0131\u015fma 10. Ufka Yolculuk kay\u0131tlar\u0131 ba\u015flad\u0131 ve b\u00fcy\u00fck bir kat\u0131l\u0131mla devam ediyor. Kritik ve Analitik d\u00fc\u015f\u00fcnmeden hareketle bu y\u0131l\u0131n konusu olarak \u201cSa\u011fl\u0131kl\u0131 D\u00fc\u015f\u00fcnme\u201d ba\u015fl\u0131\u011f\u0131 se\u00e7ilen yar\u0131\u015fmada kat\u0131l\u0131mc\u0131lar d\u00f6rt [&hellip;]<\/p>\n","protected":false},"author":2,"featured_media":0,"comment_status":"open","ping_status":"closed","template":"","meta":{"_et_pb_use_builder":"on","_et_pb_old_content":"","_et_gb_content_width":"","footnotes":""},"project_category":[22],"project_tag":[25],"class_list":["post-1503","project","type-project","status-publish","hentry","project_category-ufka-yolculuk","project_tag-ufka-yolculuk"],"_links":{"self":[{"href":"https:\/\/sehristan.org\/index.php\/wp-json\/wp\/v2\/project\/1503","targetHints":{"allow":["GET"]}}],"collection":[{"href":"https:\/\/sehristan.org\/index.php\/wp-json\/wp\/v2\/project"}],"about":[{"href":"https:\/\/sehristan.org\/index.php\/wp-json\/wp\/v2\/types\/project"}],"author":[{"embeddable":true,"href":"https:\/\/sehristan.org\/index.php\/wp-json\/wp\/v2\/users\/2"}],"replies":[{"embeddable":true,"href":"https:\/\/sehristan.org\/index.php\/wp-json\/wp\/v2\/comments?post=1503"}],"version-history":[{"count":7,"href":"https:\/\/sehristan.org\/index.php\/wp-json\/wp\/v2\/project\/1503\/revisions"}],"predecessor-version":[{"id":1516,"href":"https:\/\/sehristan.org\/index.php\/wp-json\/wp\/v2\/project\/1503\/revisions\/1516"}],"wp:attachment":[{"href":"https:\/\/sehristan.org\/index.php\/wp-json\/wp\/v2\/media?parent=1503"}],"wp:term":[{"taxonomy":"project_category","embeddable":true,"href":"https:\/\/sehristan.org\/index.php\/wp-json\/wp\/v2\/project_category?post=1503"},{"taxonomy":"project_tag","embeddable":true,"href":"https:\/\/sehristan.org\/index.php\/wp-json\/wp\/v2\/project_tag?post=1503"}],"curies":[{"name":"wp","href":"https:\/\/api.w.org\/{rel}","templated":true}]}}