{"id":1488,"date":"2022-03-07T13:04:23","date_gmt":"2022-03-07T10:04:23","guid":{"rendered":"http:\/\/sehristan.org\/?post_type=project&#038;p=1488"},"modified":"2022-03-07T13:05:41","modified_gmt":"2022-03-07T10:05:41","slug":"haydi-cocuklar-camiye-2022-tamamlandi","status":"publish","type":"project","link":"https:\/\/sehristan.org\/index.php\/project\/haydi-cocuklar-camiye-2022-tamamlandi\/","title":{"rendered":"Haydi \u00c7ocuklar Camiye 2022 Tamamland\u0131"},"content":{"rendered":"<p>[et_pb_section fb_built=&#8221;1&#8243; _builder_version=&#8221;3.22&#8243; global_colors_info=&#8221;{}&#8221; theme_builder_area=&#8221;post_content&#8221;][et_pb_row _builder_version=&#8221;3.25&#8243; global_colors_info=&#8221;{}&#8221; theme_builder_area=&#8221;post_content&#8221;][et_pb_column type=&#8221;4_4&#8243; _builder_version=&#8221;3.25&#8243; custom_padding=&#8221;|||&#8221; global_colors_info=&#8221;{}&#8221; custom_padding__hover=&#8221;|||&#8221; theme_builder_area=&#8221;post_content&#8221;][et_pb_text _builder_version=&#8221;3.27.4&#8243; global_colors_info=&#8221;{}&#8221; theme_builder_area=&#8221;post_content&#8221;]<\/p>\n<p><strong>Haydi \u00c7ocuklar Camiye &#8211; 2022 Tamamland\u0131<\/strong><\/p>\n<p>&#8220;Haydi \u00c7ocuklar Camiye&#8221; projesi \u00f6d\u00fcl t\u00f6reni Kars Evliya Camiinde ger\u00e7ekle\u015ftirildi.<\/p>\n<p>\u015eehristan Gen\u00e7lik Spor ve \u0130zcilik Kul\u00fcb\u00fc taraf\u0131ndan be\u015fincisi ger\u00e7ekle\u015ftirilen &#8216;Haydi \u00c7ocuklar Camiye&#8217; program\u0131 Kars ilinde 6-13 ya\u015f aras\u0131 390 \u00e7ocu\u011fun kat\u0131l\u0131m\u0131 ile ger\u00e7ekle\u015fti.<\/p>\n<p>Program \u00e7er\u00e7evesinde ara tatilin <span>28 Ocak &#8211;<\/span><span> 4 \u015eubat tarihleri aras\u0131nda <\/span>\u00e7ocuklar &#8216;namaz\u0131n\u0131 k\u0131l, puanlar\u0131 topla, \u00f6d\u00fcl\u00fcn\u00fc al&#8217; slogan\u0131 ile k\u0131ld\u0131klar\u0131 namazlar\u0131, www.haydicocuklarcamiye.com adresine kaydederek puanlar\u0131n\u0131 takip ettiler.<\/p>\n<p>Kars genelinde yap\u0131lan bu etkinlikler \u00e7er\u00e7evesinde Kars Merkez, Ka\u011f\u0131zman, Sar\u0131kam\u0131\u015f ve Susuz il\u00e7elerinde \u00e7ocuklarla namaz bulu\u015fmas\u0131 ger\u00e7ekle\u015ftirildi.<\/p>\n<p>13 \u015eubat 2022 tarihinde Kars Evliya Camiinde \u00f6d\u00fcl t\u00f6reni ile program sona erdi. Yap\u0131lan programa \u015eehristan Gen\u00e7lik Spor ve \u0130zcilik Kul\u00fcb\u00fc y\u00f6neticileri, Kars \u0130l M\u00fcf\u00fct\u00fcs\u00fc ve \u00e7e\u015fitli STK temsilcileri ile yar\u0131\u015fmac\u0131 \u00e7ocuklar ve velileri kat\u0131ld\u0131. \u00d6\u011fle namaz\u0131 sonras\u0131nda yar\u0131\u015fma sorumlusu Erdo\u011fan Kara ve Kars \u0130l M\u00fcft\u00fcs\u00fc Yusuf Evi\u015f&#8217;in konu\u015fmalar\u0131 ve hediye takdimleri ile 2022 &#8216;Haydi \u00c7ocuklar Camiye&#8217; program\u0131 sona erdi.<\/p>\n<p>&nbsp;<\/p>\n<p>&nbsp;<\/p>\n<p>[\/et_pb_text][et_pb_gallery gallery_ids=&#8221;1494,1495,1496,1497,1498,1499,1500&#8243; show_title_and_caption=&#8221;off&#8221; _builder_version=&#8221;4.14.8&#8243; hover_enabled=&#8221;0&#8243; global_colors_info=&#8221;{}&#8221; theme_builder_area=&#8221;post_content&#8221; sticky_enabled=&#8221;0&#8243;][\/et_pb_gallery][\/et_pb_column][\/et_pb_row][\/et_pb_section][et_pb_section fb_built=&#8221;1&#8243; _builder_version=&#8221;3.22&#8243; global_colors_info=&#8221;{}&#8221; theme_builder_area=&#8221;post_content&#8221;][\/et_pb_section]<\/p>\n","protected":false},"excerpt":{"rendered":"<p>Haydi \u00c7ocuklar Camiye &#8211; 2022 Tamamland\u0131 &#8220;Haydi \u00c7ocuklar Camiye&#8221; projesi \u00f6d\u00fcl t\u00f6reni Kars Evliya Camiinde ger\u00e7ekle\u015ftirildi. \u015eehristan Gen\u00e7lik Spor ve \u0130zcilik Kul\u00fcb\u00fc taraf\u0131ndan be\u015fincisi ger\u00e7ekle\u015ftirilen &#8216;Haydi \u00c7ocuklar Camiye&#8217; program\u0131 Kars ilinde 6-13 ya\u015f aras\u0131 390 \u00e7ocu\u011fun kat\u0131l\u0131m\u0131 ile ger\u00e7ekle\u015fti. Program \u00e7er\u00e7evesinde ara tatilin 28 Ocak &#8211; 4 \u015eubat tarihleri aras\u0131nda \u00e7ocuklar &#8216;namaz\u0131n\u0131 k\u0131l, puanlar\u0131 topla, [&hellip;]<\/p>\n","protected":false},"author":2,"featured_media":0,"comment_status":"open","ping_status":"closed","template":"","meta":{"_et_pb_use_builder":"on","_et_pb_old_content":"","_et_gb_content_width":"","footnotes":""},"project_category":[31],"project_tag":[32],"class_list":["post-1488","project","type-project","status-publish","hentry","project_category-haydi-cocuklar-camiye","project_tag-haydi-cocuklar-camiye"],"_links":{"self":[{"href":"https:\/\/sehristan.org\/index.php\/wp-json\/wp\/v2\/project\/1488","targetHints":{"allow":["GET"]}}],"collection":[{"href":"https:\/\/sehristan.org\/index.php\/wp-json\/wp\/v2\/project"}],"about":[{"href":"https:\/\/sehristan.org\/index.php\/wp-json\/wp\/v2\/types\/project"}],"author":[{"embeddable":true,"href":"https:\/\/sehristan.org\/index.php\/wp-json\/wp\/v2\/users\/2"}],"replies":[{"embeddable":true,"href":"https:\/\/sehristan.org\/index.php\/wp-json\/wp\/v2\/comments?post=1488"}],"version-history":[{"count":4,"href":"https:\/\/sehristan.org\/index.php\/wp-json\/wp\/v2\/project\/1488\/revisions"}],"predecessor-version":[{"id":1502,"href":"https:\/\/sehristan.org\/index.php\/wp-json\/wp\/v2\/project\/1488\/revisions\/1502"}],"wp:attachment":[{"href":"https:\/\/sehristan.org\/index.php\/wp-json\/wp\/v2\/media?parent=1488"}],"wp:term":[{"taxonomy":"project_category","embeddable":true,"href":"https:\/\/sehristan.org\/index.php\/wp-json\/wp\/v2\/project_category?post=1488"},{"taxonomy":"project_tag","embeddable":true,"href":"https:\/\/sehristan.org\/index.php\/wp-json\/wp\/v2\/project_tag?post=1488"}],"curies":[{"name":"wp","href":"https:\/\/api.w.org\/{rel}","templated":true}]}}