{"id":1249,"date":"2019-04-25T14:36:44","date_gmt":"2019-04-25T11:36:44","guid":{"rendered":"http:\/\/sehristan.org\/?post_type=project&#038;p=1249"},"modified":"2019-04-26T10:22:31","modified_gmt":"2019-04-26T07:22:31","slug":"ufka-yolculuk-7-guzel-ahlak-odulleri-sahiplerini-buldu","status":"publish","type":"project","link":"https:\/\/sehristan.org\/index.php\/project\/ufka-yolculuk-7-guzel-ahlak-odulleri-sahiplerini-buldu\/","title":{"rendered":"Ufka Yolculuk 7 G\u00fczel Ahlak \u00d6d\u00fclleri Sahiplerini Buldu"},"content":{"rendered":"<p>[et_pb_section fb_built=&#8221;1&#8243; _builder_version=&#8221;3.19.18&#8243;][et_pb_row _builder_version=&#8221;3.19.18&#8243;][et_pb_column type=&#8221;4_4&#8243; _builder_version=&#8221;3.19.18&#8243;][et_pb_text _builder_version=&#8221;3.19.18&#8243;]<\/p>\n<p><strong>Ufka Yolculuk 7 Kars \u00d6d\u00fclleri Sahiplerini Buldu.<\/strong><\/p>\n<p>T\u00fcrkiye\u2019nin en b\u00fcy\u00fck g\u00f6n\u00fcll\u00fc yar\u0131\u015fmas\u0131 olan Ufka Yolculuk Bilgi ve K\u00fclt\u00fcr Yar\u0131\u015fmas\u0131 bu y\u0131l g\u00fczel ahlak temas\u0131yla ger\u00e7ekle\u015ftirildi. T\u00fcrkiye genelinde 7.si d\u00fczenlenen Ufka Yolculuk Yar\u0131\u015fmas\u0131n\u0131n Kars \u00f6d\u00fcl t\u00f6reni ise \u015eehristan Gen\u00e7lik Spor ve \u0130zcilik Kul\u00fcb\u00fc derne\u011fi taraf\u0131ndan d\u00fczenlendi.<\/p>\n<p>Halk E\u011fitim ve A.S.O M\u00fcd\u00fcrl\u00fc\u011f\u00fc konferans salonunda 21 Nisan 2019 tarihinde icra edilen programa Kamu Kurum M\u00fcdr\u00fcleri ile birlikte \u00dcniversite ve Milli E\u011fitim M\u00fcd\u00fcrl\u00fc\u011f\u00fc b\u00fcnyesinde \u00e7al\u0131\u015fan e\u011fitimciler de protokol olarak kat\u0131ld\u0131.<\/p>\n<p>Kur\u2019an tilaveti ile ba\u015flayan programda Kafkas \u00dcniversitesi ilahiyat Fak\u00fcltesinden Do\u00e7. Dr. Ayhan H\u0130RA, \u201cG\u00fczel Ahlak&#8221; konulu konu\u015fmas\u0131yla bir sunum ger\u00e7ekle\u015ftirdi.<\/p>\n<p>Kat\u0131l\u0131mc\u0131lara ayr\u0131ca Tasavvuf M\u00fczi\u011fi dinletisi de sergilendi.<\/p>\n<p>Te\u015fekk\u00fcr konu\u015fmas\u0131nda yar\u0131\u015fma hakk\u0131nda bilgi aktaran \u015eehristan Gen\u00e7lik Spor ve \u0130zcilik Kul\u00fcb\u00fc Ba\u015fkan Yard\u0131mc\u0131s\u0131 H\u00fcseyin KAFA \u201cBu y\u0131l 7.si ger\u00e7ekle\u015ftirilen Ufka Yolculuk yar\u0131\u015fmam\u0131za, 81 ilden yakla\u015f\u0131k 550 bin yar\u0131\u015fmac\u0131 kat\u0131l\u0131m sa\u011flad\u0131. Kars ilimizde ise bu rakam 2 bin\u2019leri buldu, \u00e7ocuklar\u0131m\u0131z ve gen\u00e7lerimiz g\u00fczel ahlakl\u0131 olma yolunda kitaplara sar\u0131ld\u0131lar. Hayat\u0131m\u0131z\u0131n her alan\u0131nda rehberli\u011fine ba\u015fvurdu\u011fumuz Sevgili Peygamberimizin g\u00fczel ahlak\u0131n\u0131 yar\u0131\u015fmam\u0131z vesilesi ile bir kez daha zihinlerimize yerle\u015ftirmi\u015f, onun izinde y\u00fcr\u00fcme gayretimizi bir kez daha tazelemi\u015f olduk.\u201d dedi. Desteklerini esirgemedikleri i\u00e7in Milli E\u011fitim Bakanl\u0131\u011f\u0131na, il milli e\u011fitim m\u00fcd\u00fcrl\u00fc\u011f\u00fcne, okul idarecilerine ve \u00f6\u011fretmenlere te\u015fekk\u00fcrlerini sunarken yar\u0131\u015fmaya kat\u0131lan ve \u00f6d\u00fcl kazanan b\u00fct\u00fcn yar\u0131\u015fmac\u0131lar\u0131 da tebrik etti.<\/p>\n<p>Program\u0131n son k\u0131sm\u0131nda ise Kars ilinde \u00f6d\u00fcl kazanan yar\u0131\u015fmac\u0131lara \u201cg\u00fczel ahlak \u00f6d\u00fclleri\u201d takdim edildi.<\/p>\n<p>\u0130lkokul, ortaokul ve lise olmak \u00fczere 3 kategoride;<\/p>\n<p>\u0130l Birincilerine 3 Alt\u0131n \u00c7eki<\/p>\n<p>\u0130l \u0130kincilerine 2 Alt\u0131n \u00c7eki<\/p>\n<p>\u0130l \u00dc\u00e7\u00fcnc\u00fclerine ise 1 Alt\u0131n \u00c7eki verildi.<\/p>\n<p>Ayr\u0131ca il genelinde ilk 10\u2019a giren \u00f6\u011frencilere ise mansiyon \u00f6d\u00fclleri verildi.<\/p>\n<p>Okul \u00f6d\u00fclleri kapsam\u0131nsa ise, il genelindeki okullarda okul ba\u015fvuru say\u0131lar\u0131na g\u00f6re okul birincilerine 75 veya 150 tl verilirken ayn\u0131 zamanda ba\u015far\u0131 belgeleri de takdim edildi.<\/p>\n<p>T\u00f6renin sonunda salondaki misafirlerin huzurunda yap\u0131lan \u00e7ekili\u015f sonucunda ise bir ki\u015fiye Kameral\u0131 Drone hediye edildi.<\/p>\n<p>Program, gelecek sene yap\u0131lmas\u0131 planlanan Ufka yolculuk 8 yar\u0131\u015fmas\u0131nda yeniden bulu\u015fmak temennileriyle sonu\u00e7land\u0131r\u0131ld\u0131.<\/p>\n<p>&nbsp;<\/p>\n<table style=\"width: 1071px;\">\n<tbody>\n<tr style=\"height: 24px;\">\n<td style=\"width: 33px; height: 24px;\"><\/td>\n<td colspan=\"2\" style=\"width: 1030px; height: 24px;\"><strong style=\"color: #ff0000;\">\u0130lkokul Kategorisi \u0130l S\u0131ralamas\u0131<\/strong><\/td>\n<\/tr>\n<tr style=\"height: 24px;\">\n<td style=\"width: 33px; height: 24px;\">1<\/td>\n<td style=\"width: 479px; height: 24px;\">Hilal Nur \u00c7akmak<\/td>\n<td style=\"width: 551px; height: 24px;\">Gazi Ahmet Muhtar Pa\u015fa \u0130lkokulu &#8211; Merkez<\/td>\n<\/tr>\n<tr style=\"height: 24px;\">\n<td style=\"width: 33px; height: 24px;\">2<\/td>\n<td style=\"width: 479px; height: 24px;\">Sevdanur Demir<\/td>\n<td style=\"width: 551px; height: 24px;\">29 Eyl\u00fcl \u0130lkokulu &#8211; Sar\u0131kam\u0131\u015f<\/td>\n<\/tr>\n<tr style=\"height: 24px;\">\n<td style=\"width: 33px; height: 24px;\">3<\/td>\n<td style=\"width: 479px; height: 24px;\">Talha Al<\/td>\n<td style=\"width: 551px; height: 24px;\">70. Y\u0131l H\u00fcseyin \u00d6zt\u00fcrk \u0130lkokulu &#8211; Akyaka<\/td>\n<\/tr>\n<tr style=\"height: 24px;\">\n<td style=\"width: 33px; height: 24px;\">4<\/td>\n<td style=\"width: 479px; height: 24px;\">\u0130brahim Aslan<\/td>\n<td style=\"width: 551px; height: 24px;\">\u015eehitemin \u0130lkokulu &#8211;\u00a0Sar\u0131kam\u0131\u015f<\/td>\n<\/tr>\n<tr style=\"height: 24px;\">\n<td style=\"width: 33px; height: 24px;\">5<\/td>\n<td style=\"width: 479px; height: 24px;\">Elif Nur Konan<\/td>\n<td style=\"width: 551px; height: 24px;\">Mustafa Yal\u00e7\u0131n \u0130lkokulu &#8211; Ka\u011f\u0131zman<\/td>\n<\/tr>\n<tr style=\"height: 24px;\">\n<td style=\"width: 33px; height: 24px;\">6<\/td>\n<td style=\"width: 479px; height: 24px;\">Hiranur Toper<\/td>\n<td style=\"width: 551px; height: 24px;\">Halime Aslan Y\u0131ld\u0131z \u0130lkokulu &#8211; Ka\u011f\u0131zman<\/td>\n<\/tr>\n<tr style=\"height: 24px;\">\n<td style=\"width: 33px; height: 24px;\">7<\/td>\n<td style=\"width: 479px; height: 24px;\">Tu\u011f\u00e7e \u0130dil Ok\u00e7u<\/td>\n<td style=\"width: 551px; height: 24px;\">Gazi Ahmet Muhtar Pa\u015fa \u0130lkokulu &#8211; Merkez<\/td>\n<\/tr>\n<tr style=\"height: 24px;\">\n<td style=\"width: 33px; height: 24px;\">8<\/td>\n<td style=\"width: 479px; height: 24px;\">Esra Demir<\/td>\n<td style=\"width: 551px; height: 24px;\">Mustafa Yal\u00e7\u0131n \u0130lkokulu &#8211; Ka\u011f\u0131zman<\/td>\n<\/tr>\n<tr style=\"height: 24px;\">\n<td style=\"width: 33px; height: 24px;\">9<\/td>\n<td style=\"width: 479px; height: 24px;\">Derya\u00a0 Ardu\u00e7<\/td>\n<td style=\"width: 551px; height: 24px;\">Mustafa Yal\u00e7\u0131n \u0130lkokulu &#8211; Ka\u011f\u0131zman<\/td>\n<\/tr>\n<tr style=\"height: 24px;\">\n<td style=\"width: 33px; height: 24px;\">10<\/td>\n<td style=\"width: 479px; height: 24px;\">Yavuz Selim Atba\u015f<\/td>\n<td style=\"width: 551px; height: 24px;\">Cumhuriyet \u0130lkokulu &#8211; Merkez<\/td>\n<\/tr>\n<tr style=\"height: 24px;\">\n<td style=\"width: 33px; height: 24px;\"><\/td>\n<td colspan=\"2\" style=\"width: 1030px; height: 24px;\"><strong><span style=\"color: #ff0000;\">Ortaokul Kategorisi \u0130l S\u0131ralamas\u0131<\/span><\/strong><\/td>\n<\/tr>\n<tr style=\"height: 24px;\">\n<td style=\"width: 33px; height: 24px;\">1<\/td>\n<td style=\"width: 479px; height: 24px;\">\u00dcmm\u00fc Bayrambey<\/td>\n<td style=\"width: 551px; height: 24px;\">Kas\u0131m Kur\u015funo\u011flu Ortaokulu &#8211; Merkez<\/td>\n<\/tr>\n<tr style=\"height: 24px;\">\n<td style=\"width: 33px; height: 24px;\">2<\/td>\n<td style=\"width: 479px; height: 24px;\">Asiye Karako\u00e7<\/td>\n<td style=\"width: 551px; height: 24px;\">Ka\u011f\u0131zman Kaz\u0131m Karabekir Ortaokulu &#8211; Ka\u011f\u0131zman<\/td>\n<\/tr>\n<tr style=\"height: 24px;\">\n<td style=\"width: 33px; height: 24px;\">3<\/td>\n<td style=\"width: 479px; height: 24px;\">S\u00fcmeyye Bak\u0131r<\/td>\n<td style=\"width: 551px; height: 24px;\">Atat\u00fcrk Ortaokulu &#8211; Susuz<\/td>\n<\/tr>\n<tr style=\"height: 24px;\">\n<td style=\"width: 33px; height: 24px;\">4<\/td>\n<td style=\"width: 479px; height: 24px;\">Furkan Ali Yi\u011fit<\/td>\n<td style=\"width: 551px; height: 24px;\">\u015eehit Okan Ko\u00e7 \u0130mam Hatip Ortaokulu &#8211; Merkez<\/td>\n<\/tr>\n<tr style=\"height: 24px;\">\n<td style=\"width: 33px; height: 24px;\">5<\/td>\n<td style=\"width: 479px; height: 24px;\">\u0130smail Ya\u011fc\u0131<\/td>\n<td style=\"width: 551px; height: 24px;\">Merkez Ortaokulu &#8211; Akyaka<\/td>\n<\/tr>\n<tr style=\"height: 24px;\">\n<td style=\"width: 33px; height: 24px;\">6<\/td>\n<td style=\"width: 479px; height: 24px;\">G\u00fclsu Ade\u015fo\u011flu<\/td>\n<td style=\"width: 551px; height: 24px;\">Dede Korkut Ortaokulu &#8211; Merkez<\/td>\n<\/tr>\n<tr style=\"height: 24px;\">\n<td style=\"width: 33px; height: 24px;\">7<\/td>\n<td style=\"width: 479px; height: 24px;\">Meryem G\u00fcne\u015f<\/td>\n<td style=\"width: 551px; height: 24px;\">\u015eehit Okan Ko\u00e7 \u0130mam Hatip Ortaokulu &#8211; Merkez<\/td>\n<\/tr>\n<tr style=\"height: 24px;\">\n<td style=\"width: 33px; height: 24px;\">8<\/td>\n<td style=\"width: 479px; height: 24px;\">Elanur Sakar<\/td>\n<td style=\"width: 551px; height: 24px;\">30 Ekim Toplu Konutlar \u0130daresi Ortaokulu &#8211; Merkez<\/td>\n<\/tr>\n<tr style=\"height: 24px;\">\n<td style=\"width: 33px; height: 24px;\">9<\/td>\n<td style=\"width: 479px; height: 24px;\">G\u00f6rkem Aydemir<\/td>\n<td style=\"width: 551px; height: 24px;\">Dede Korkut Ortaokulu &#8211; Merkez<\/td>\n<\/tr>\n<tr style=\"height: 24px;\">\n<td style=\"width: 33px; height: 24px;\">10<\/td>\n<td style=\"width: 479px; height: 24px;\">Meryem Ayd\u0131n<\/td>\n<td style=\"width: 551px; height: 24px;\">\u015eair H\u0131fz\u0131 Ortaokulu &#8211; Ka\u011f\u0131zman<\/td>\n<\/tr>\n<tr style=\"height: 24px;\">\n<td style=\"width: 33px; height: 24px;\"><\/td>\n<td colspan=\"2\" style=\"width: 1030px; height: 24px;\"><strong style=\"color: #ff0000;\">Lise Kategorisi\u00a0<strong>\u0130l S\u0131ralamas\u0131<\/strong><\/strong><\/td>\n<\/tr>\n<tr style=\"height: 24px;\">\n<td style=\"width: 33px; height: 24px;\">1<\/td>\n<td style=\"width: 479px; height: 24px;\">Rojin Bozta\u015f<\/td>\n<td style=\"width: 551px; height: 24px;\">Ka\u011f\u0131zman Anadolu Lisesi &#8211; Ka\u011f\u0131zman<\/td>\n<\/tr>\n<tr style=\"height: 24px;\">\n<td style=\"width: 33px; height: 24px;\">2<\/td>\n<td style=\"width: 479px; height: 24px;\">Ahmet Hatipo\u011flu<\/td>\n<td style=\"width: 551px; height: 24px;\">Kars Fen Lisesi &#8211; Merkez<\/td>\n<\/tr>\n<tr style=\"height: 24px;\">\n<td style=\"width: 33px; height: 24px;\">3<\/td>\n<td style=\"width: 479px; height: 24px;\">T\u00fclin Y\u0131ld\u0131z<\/td>\n<td style=\"width: 551px; height: 24px;\">Gazi Kars Anadolu Lisesi &#8211; Merkez<\/td>\n<\/tr>\n<tr style=\"height: 24px;\">\n<td style=\"width: 33px; height: 24px;\">4<\/td>\n<td style=\"width: 479px; height: 24px;\">Muhammet Emin B\u00fcy\u00fcktan\u0131r<\/td>\n<td style=\"width: 551px; height: 24px;\">Ka\u011f\u0131zman Anadolu Lisesi &#8211; Ka\u011f\u0131zman<\/td>\n<\/tr>\n<tr style=\"height: 24px;\">\n<td style=\"width: 33px; height: 24px;\">5<\/td>\n<td style=\"width: 479px; height: 24px;\">Yavuz Kaya<\/td>\n<td style=\"width: 551px; height: 24px;\">Ka\u011f\u0131zman Aras Anadolu Lisesi &#8211; Ka\u011f\u0131zman<\/td>\n<\/tr>\n<tr style=\"height: 16px;\">\n<td style=\"width: 33px; height: 16px;\">6<\/td>\n<td style=\"width: 479px; height: 16px;\">Elif Ataman<\/td>\n<td style=\"width: 551px; height: 16px;\">\u015eehit Binba\u015f\u0131 Bedir Karab\u0131y\u0131k Anadolu Lisesi &#8211; Sar\u0131kam\u0131\u015f<\/td>\n<\/tr>\n<tr style=\"height: 24px;\">\n<td style=\"width: 33px; height: 24px;\">7<\/td>\n<td style=\"width: 479px; height: 24px;\">Ceren \u00c7elik<\/td>\n<td style=\"width: 551px; height: 24px;\">Ka\u011f\u0131zman Anadolu Lisesi &#8211; Ka\u011f\u0131zman<\/td>\n<\/tr>\n<tr style=\"height: 24px;\">\n<td style=\"width: 33px; height: 24px;\">8<\/td>\n<td style=\"width: 479px; height: 24px;\">Sibel Ka\u011f\u0131zman<\/td>\n<td style=\"width: 551px; height: 24px;\">15 Temmuz \u015eehitler Anadolu Lisesi &#8211; Merkez<\/td>\n<\/tr>\n<tr style=\"height: 24px;\">\n<td style=\"width: 33px; height: 24px;\">9<\/td>\n<td style=\"width: 479px; height: 24px;\">Nazar K\u0131sak<\/td>\n<td style=\"width: 551px; height: 24px;\">Ka\u011f\u0131zman Anadolu Lisesi &#8211; Ka\u011f\u0131zman<\/td>\n<\/tr>\n<tr style=\"height: 24px;\">\n<td style=\"width: 33px; height: 24px;\">10<\/td>\n<td style=\"width: 479px; height: 24px;\">Arzu Toprak<\/td>\n<td style=\"width: 551px; height: 24px;\">Ka\u011f\u0131zman Anadolu Lisesi &#8211; Ka\u011f\u0131zman<\/td>\n<\/tr>\n<\/tbody>\n<\/table>\n<p>&nbsp;<\/p>\n<p>[\/et_pb_text][et_pb_gallery gallery_ids=&#8221;1262,1261,1258,1260,1263,1266,1259,1265,1268,1267,1270,1269,1271,1272,1278,1442,1274,1273,1279,1276,1284,1275,1277,1280,1282,1281,1285,1283,1286,1287,1288,1289,1293,1290,1291,1292,1294,1297,1296,1295,1300,1298,1299,1301,1304,1303,1302,1305,1306,1308,1307,1309,1311,1310&#8243; show_title_and_caption=&#8221;off&#8221; _builder_version=&#8221;3.19.18&#8243;][\/et_pb_gallery][\/et_pb_column][\/et_pb_row][\/et_pb_section][et_pb_section fb_built=&#8221;1&#8243; _builder_version=&#8221;3.19.18&#8243;][\/et_pb_section]<\/p>\n","protected":false},"excerpt":{"rendered":"<p>Ufka Yolculuk 7 Kars \u00d6d\u00fclleri Sahiplerini Buldu. T\u00fcrkiye\u2019nin en b\u00fcy\u00fck g\u00f6n\u00fcll\u00fc yar\u0131\u015fmas\u0131 olan Ufka Yolculuk Bilgi ve K\u00fclt\u00fcr Yar\u0131\u015fmas\u0131 bu y\u0131l g\u00fczel ahlak temas\u0131yla ger\u00e7ekle\u015ftirildi. T\u00fcrkiye genelinde 7.si d\u00fczenlenen Ufka Yolculuk Yar\u0131\u015fmas\u0131n\u0131n Kars \u00f6d\u00fcl t\u00f6reni ise \u015eehristan Gen\u00e7lik Spor ve \u0130zcilik Kul\u00fcb\u00fc derne\u011fi taraf\u0131ndan d\u00fczenlendi. Halk E\u011fitim ve A.S.O M\u00fcd\u00fcrl\u00fc\u011f\u00fc konferans salonunda 21 Nisan 2019 [&hellip;]<\/p>\n","protected":false},"author":2,"featured_media":1284,"comment_status":"open","ping_status":"closed","template":"","meta":{"_et_pb_use_builder":"on","_et_pb_old_content":"","_et_gb_content_width":"","footnotes":""},"project_category":[22],"project_tag":[25],"class_list":["post-1249","project","type-project","status-publish","has-post-thumbnail","hentry","project_category-ufka-yolculuk","project_tag-ufka-yolculuk"],"_links":{"self":[{"href":"https:\/\/sehristan.org\/index.php\/wp-json\/wp\/v2\/project\/1249","targetHints":{"allow":["GET"]}}],"collection":[{"href":"https:\/\/sehristan.org\/index.php\/wp-json\/wp\/v2\/project"}],"about":[{"href":"https:\/\/sehristan.org\/index.php\/wp-json\/wp\/v2\/types\/project"}],"author":[{"embeddable":true,"href":"https:\/\/sehristan.org\/index.php\/wp-json\/wp\/v2\/users\/2"}],"replies":[{"embeddable":true,"href":"https:\/\/sehristan.org\/index.php\/wp-json\/wp\/v2\/comments?post=1249"}],"version-history":[{"count":9,"href":"https:\/\/sehristan.org\/index.php\/wp-json\/wp\/v2\/project\/1249\/revisions"}],"predecessor-version":[{"id":1443,"href":"https:\/\/sehristan.org\/index.php\/wp-json\/wp\/v2\/project\/1249\/revisions\/1443"}],"wp:featuredmedia":[{"embeddable":true,"href":"https:\/\/sehristan.org\/index.php\/wp-json\/wp\/v2\/media\/1284"}],"wp:attachment":[{"href":"https:\/\/sehristan.org\/index.php\/wp-json\/wp\/v2\/media?parent=1249"}],"wp:term":[{"taxonomy":"project_category","embeddable":true,"href":"https:\/\/sehristan.org\/index.php\/wp-json\/wp\/v2\/project_category?post=1249"},{"taxonomy":"project_tag","embeddable":true,"href":"https:\/\/sehristan.org\/index.php\/wp-json\/wp\/v2\/project_tag?post=1249"}],"curies":[{"name":"wp","href":"https:\/\/api.w.org\/{rel}","templated":true}]}}