{"id":1224,"date":"2019-04-25T13:11:44","date_gmt":"2019-04-25T10:11:44","guid":{"rendered":"http:\/\/sehristan.org\/?post_type=project&#038;p=1224"},"modified":"2019-04-25T13:25:55","modified_gmt":"2019-04-25T10:25:55","slug":"karstafidanlartopraklabulustuturkiyederekorkirildi","status":"publish","type":"project","link":"https:\/\/sehristan.org\/index.php\/project\/karstafidanlartopraklabulustuturkiyederekorkirildi\/","title":{"rendered":"Kars&#8217;ta Fidanlar Toprakla Bulu\u015ftu, T\u00fcrkiye&#8217;de rekor k\u0131r\u0131ld\u0131"},"content":{"rendered":"<p>[et_pb_section fb_built=&#8221;1&#8243; _builder_version=&#8221;3.19.18&#8243;][et_pb_row _builder_version=&#8221;3.19.18&#8243;][et_pb_column type=&#8221;4_4&#8243; _builder_version=&#8221;3.19.18&#8243;][et_pb_text _builder_version=&#8221;3.19.18&#8243;]<\/p>\n<p><strong>Kars&#8217;ta Fidanlar Toprakla Bulu\u015ftu, T\u00fcrkiye&#8217;de rekor k\u0131r\u0131ld\u0131<br \/> <\/strong><\/p>\n<p>\u015eehristan Gen\u00e7lik Spor ve \u0130zcilik Kul\u00fcb\u00fc ve \u00c7EKUD (\u00c7evre Kurulu\u015flar\u0131 Dayan\u0131\u015fma Derne\u011fi), \u201cK\u00f6klerimiz Bu Topraklarda\u201d projesi kapsam\u0131nda; 7 Nisan 2019 Pazar g\u00fcn\u00fc saat 13.00 itibariyle Kars Melik\u015fah \u0130lkokulunda fidan dikim etkinli\u011fi ger\u00e7ekle\u015ftirdi.<\/p>\n<p>Okul bah\u00e7esinin ye\u015fillendirilmesinin hedeflendi\u011fi etkinlikte 25 fidan toprakla bulu\u015fturuldu.<\/p>\n<p>\u00c7EKUD taraf\u0131ndan ge\u00e7en y\u0131l ba\u015flat\u0131lan ve kamuoyunda yank\u0131 uyand\u0131ran\u00a0<strong>\u201cK\u00f6klerimiz Bu Topraklarda\u201d\u00a0<\/strong>konseptli do\u011fayla bulu\u015fma ve fidan dikme etkinli\u011finin bu y\u0131l ikincisi ger\u00e7ekle\u015ftirildi. T\u00fcrkiye\u2019nin 81 ilinin tamam\u0131nda, b\u00fcy\u00fck il\u00e7elerde ve \u00c7EKUD\u2019un yurt d\u0131\u015f\u0131 g\u00f6n\u00fcll\u00fc dan\u0131\u015fmanlar\u0131n\u0131n katk\u0131s\u0131yla d\u00fcnyan\u0131n farkl\u0131 \u015fehirlerinde saat 13.00\u2019te ayn\u0131 anda ba\u015flayan etkinlik kapsam\u0131nda onlinlerce fidan ve tohum toprakla bulu\u015ftu.\u00a0<strong>Do\u011fa ve \u00e7evreye y\u00f6nelik fark\u0131ndal\u0131k hareketleriyle \u00f6ne \u00e7\u0131kan \u00c7EKUD Derne\u011fi, T\u00fcrkiye\u2019nin 81 ilinde ve d\u00fcnyan\u0131n farkl\u0131 noktalar\u0131nda ayn\u0131 anda onbinlerce fidan ve tohumu toprakla bulu\u015fturarak k\u0131r\u0131lmas\u0131 g\u00fc\u00e7 bir rekora imza att\u0131.<\/strong><\/p>\n<p>\u201cK\u00f6klerimiz Bu Topraklarda\u201d mottosuyla ger\u00e7ekle\u015ftirilen etkinlik vesileysiyle do\u011fan\u0131n korunmas\u0131 ve \u00e7evreyle ilgili kamuoyunda fark\u0131ndal\u0131k olu\u015fturulmas\u0131 ama\u00e7land\u0131.<\/p>\n<p>&nbsp;<\/p>\n<p>[\/et_pb_text][\/et_pb_column][\/et_pb_row][et_pb_row _builder_version=&#8221;3.19.18&#8243;][et_pb_column type=&#8221;4_4&#8243; _builder_version=&#8221;3.19.18&#8243;][et_pb_gallery gallery_ids=&#8221;1228,1234,1241,1235,1238,1236,1237,1239,1233,1240,1232,1231,1230,1229&#8243; show_title_and_caption=&#8221;off&#8221; _builder_version=&#8221;3.19.18&#8243;][\/et_pb_gallery][\/et_pb_column][\/et_pb_row][\/et_pb_section][et_pb_section fb_built=&#8221;1&#8243; _builder_version=&#8221;3.19.18&#8243;][et_pb_row _builder_version=&#8221;3.19.18&#8243;][et_pb_column type=&#8221;4_4&#8243; _builder_version=&#8221;3.19.18&#8243;][et_pb_image _builder_version=&#8221;3.19.18&#8243;][\/et_pb_image][\/et_pb_column][\/et_pb_row][\/et_pb_section]<\/p>\n","protected":false},"excerpt":{"rendered":"<p>Kars&#8217;ta Fidanlar Toprakla Bulu\u015ftu, T\u00fcrkiye&#8217;de rekor k\u0131r\u0131ld\u0131 \u015eehristan Gen\u00e7lik Spor ve \u0130zcilik Kul\u00fcb\u00fc ve \u00c7EKUD (\u00c7evre Kurulu\u015flar\u0131 Dayan\u0131\u015fma Derne\u011fi), \u201cK\u00f6klerimiz Bu Topraklarda\u201d projesi kapsam\u0131nda; 7 Nisan 2019 Pazar g\u00fcn\u00fc saat 13.00 itibariyle Kars Melik\u015fah \u0130lkokulunda fidan dikim etkinli\u011fi ger\u00e7ekle\u015ftirdi. Okul bah\u00e7esinin ye\u015fillendirilmesinin hedeflendi\u011fi etkinlikte 25 fidan toprakla bulu\u015fturuldu. \u00c7EKUD taraf\u0131ndan ge\u00e7en y\u0131l ba\u015flat\u0131lan ve kamuoyunda [&hellip;]<\/p>\n","protected":false},"author":2,"featured_media":1234,"comment_status":"open","ping_status":"closed","template":"","meta":{"_et_pb_use_builder":"on","_et_pb_old_content":"","_et_gb_content_width":"","footnotes":""},"project_category":[29],"project_tag":[30],"class_list":["post-1224","project","type-project","status-publish","has-post-thumbnail","hentry","project_category-cevre","project_tag-cevre"],"_links":{"self":[{"href":"https:\/\/sehristan.org\/index.php\/wp-json\/wp\/v2\/project\/1224","targetHints":{"allow":["GET"]}}],"collection":[{"href":"https:\/\/sehristan.org\/index.php\/wp-json\/wp\/v2\/project"}],"about":[{"href":"https:\/\/sehristan.org\/index.php\/wp-json\/wp\/v2\/types\/project"}],"author":[{"embeddable":true,"href":"https:\/\/sehristan.org\/index.php\/wp-json\/wp\/v2\/users\/2"}],"replies":[{"embeddable":true,"href":"https:\/\/sehristan.org\/index.php\/wp-json\/wp\/v2\/comments?post=1224"}],"version-history":[{"count":5,"href":"https:\/\/sehristan.org\/index.php\/wp-json\/wp\/v2\/project\/1224\/revisions"}],"predecessor-version":[{"id":1248,"href":"https:\/\/sehristan.org\/index.php\/wp-json\/wp\/v2\/project\/1224\/revisions\/1248"}],"wp:featuredmedia":[{"embeddable":true,"href":"https:\/\/sehristan.org\/index.php\/wp-json\/wp\/v2\/media\/1234"}],"wp:attachment":[{"href":"https:\/\/sehristan.org\/index.php\/wp-json\/wp\/v2\/media?parent=1224"}],"wp:term":[{"taxonomy":"project_category","embeddable":true,"href":"https:\/\/sehristan.org\/index.php\/wp-json\/wp\/v2\/project_category?post=1224"},{"taxonomy":"project_tag","embeddable":true,"href":"https:\/\/sehristan.org\/index.php\/wp-json\/wp\/v2\/project_tag?post=1224"}],"curies":[{"name":"wp","href":"https:\/\/api.w.org\/{rel}","templated":true}]}}