{"id":1172,"date":"2019-03-10T09:13:55","date_gmt":"2019-03-10T06:13:55","guid":{"rendered":"http:\/\/sehristan.org\/?post_type=project&#038;p=1172"},"modified":"2019-04-25T23:21:17","modified_gmt":"2019-04-25T20:21:17","slug":"hcc2-odul-toreni-tamamlandi","status":"publish","type":"project","link":"https:\/\/sehristan.org\/index.php\/project\/hcc2-odul-toreni-tamamlandi\/","title":{"rendered":"Haydi \u00c7ocuklar Camiye-2 \u0130l \u00d6d\u00fcl T\u00f6reni Yap\u0131ld\u0131"},"content":{"rendered":"<p>[et_pb_section fb_built=&#8221;1&#8243; _builder_version=&#8221;3.19.18&#8243;][et_pb_row _builder_version=&#8221;3.19.18&#8243;][et_pb_column type=&#8221;4_4&#8243; _builder_version=&#8221;3.19.18&#8243;][et_pb_text _builder_version=&#8221;3.19.18&#8243;]<\/p>\n<p><strong>Haydi \u00c7ocuklar Camiye &#8211; 2 \u00d6d\u00fcl T\u00f6reni \u0130le Tamamland\u0131.<\/strong><\/p>\n<p>\u201cNamaz\u0131n\u0131 Camide K\u0131l, Puan\u0131n\u0131 Topla, \u00d6d\u00fcl\u00fcn\u00fc Kap\u201d slogan\u0131yla Server Gen\u00e7lik ve Spor Kul\u00fcb\u00fcn\u00fcn T\u00fcrkiye genelinde organize etti\u011fi \u015eehristan Gen\u00e7lik Spor ve \u0130zcilik Kul\u00fcb\u00fc ile Kars \u0130l M\u00fcft\u00fcl\u00fc\u011f\u00fcn\u00fcn il genelinde d\u00fczenledi\u011fi \u201cHaydi \u00c7ocuklar Camiye-2\u201d projesi \u00d6d\u00fcl\u00a0T\u00f6reni yap\u0131ld\u0131.<\/p>\n<p>Kars merkez Fethiye Camii&#8217;nde ger\u00e7ekle\u015ftirilen \u00f6d\u00fcl t\u00f6renine \u0130l M\u00fcft\u00fcs\u00fc Yusuf Evi\u015f ve Tar\u0131m ve Orman \u0130l M\u00fcd\u00fcr\u00fc Dr.H\u00fcseyin D\u00fczg\u00fcn de kat\u0131ld\u0131.<\/p>\n<p>\u00d6\u011fle namaz\u0131ndan sonra ger\u00e7ekle\u015ftirilen programda \u0130l M\u00fcft\u00fcs\u00fc Yusuf Evi\u015f\u00a0ve \u015eehristan Gen\u00e7lik Spor ve \u0130zcilik Derne\u011fi Ba\u015fkan Yard\u0131mc\u0131s\u0131 H\u00fcseyin Kafa kat\u0131l\u0131mc\u0131 \u00e7ocuklara ve ailelerine hitap etti.<\/p>\n<p>KARS&#8217; TA 12 CAM\u0130 DE 170 \u00c7OCUK KATILDI<\/p>\n<p>Kafa, \u201cNamazlar\u0131n\u0131 Camide K\u0131l, Puanlar\u0131 Topla, \u00d6d\u00fcl\u00fcn\u00fc Kap\u201d slogan\u0131yla Haydi \u00c7ocuklar Camiye diyerek 21 Ocak 2019 tarihinde pazartesi g\u00fcn\u00fc sabah namaz\u0131 ile ba\u015flam\u0131\u015f olan proje\u00a031.01.2019 tarihinde Per\u015fembe g\u00fcn\u00fc yats\u0131 namaz\u0131 ile tamamland\u0131.<\/p>\n<p>Bu y\u0131l T\u00fcrkiye genelinde ikincisini ger\u00e7ekle\u015ftirdi\u011fimiz \u201cHaydi \u00c7ocuklar Camiye\u201d Projemizi, T\u00fcrkiye genelinde 60 \u0130l ve 269 \u0130l\u00e7ede, 1870 camide 32 bin 617 \u00e7ocu\u011fumuz ile; Kars\u2019ta ise\u00a0Merkez ve il\u00e7elerinde toplam 12 camimizde 170 kat\u0131l\u0131mc\u0131 \u00e7ocu\u011fumuz ile \u00e7ok\u00a0b\u00fcy\u00fck co\u015fku ve heyecanla tamamlad\u0131k. Projeye kat\u0131lan \u00e7ocuklar\u0131 sadece namaz k\u0131lmaya al\u0131\u015ft\u0131rmakla kalmad\u0131k, ayn\u0131 zamanda onlara cemaat bilinci ve cami sevgisi de kazand\u0131rd\u0131k. Proje her ne kadar \u00e7ocuklara y\u00f6nelik olsa da projeden hem \u00e7ocu\u011fun ailesi hem de bir\u00e7ok\u00a0arkada\u015f\u0131 do\u011frudan veya dolayl\u0131 olarak istifade etti\u201d diye konu\u015ftu.<\/p>\n<p>T\u00dcM \u00c7OCUKLARA HED\u0130YE<\/p>\n<p>\u015eehristan Gen\u00e7lik Spor ve \u0130zcilik Kul\u00fcb\u00fc Derne\u011fi taraf\u0131ndan projeye kat\u0131lan \u00e7ocuklardan her 3 kategoride 1. 2. ve 3. lere kameral\u0131 drone ve tabletler hediye edilirken, di\u011fer t\u00fcm kat\u0131l\u0131mc\u0131 \u00e7ocuklara da ak\u0131ll\u0131 bileklik hediye edildi.<\/p>\n<p>Program \u0130l M\u00fcft\u00fcs\u00fc Yusuf Evi\u015f ile Tar\u0131m ve Orman \u0130l M\u00fcd\u00fcr\u00fc Dr. H\u00fcseyin D\u00fczg\u00fcn&#8217;\u00fcn \u00e7ocuklar\u0131 tebri\u011fi ve hediyelerin takdimi ile son buldu.<\/p>\n<p>[\/et_pb_text][et_pb_gallery gallery_ids=&#8221;1417,1418,1419,1420,1421,1422,1423,1424,1425,1426,1427,1428,1429,1430,1431,1432,1416,1415,1414,1413,1412,1411,1410,1409,1408,1407,1406,1405,1404,1403,1402&#8243; show_title_and_caption=&#8221;off&#8221; _builder_version=&#8221;3.19.18&#8243;][\/et_pb_gallery][\/et_pb_column][\/et_pb_row][\/et_pb_section][et_pb_section fb_built=&#8221;1&#8243; _builder_version=&#8221;3.19.18&#8243;][et_pb_row _builder_version=&#8221;3.19.18&#8243;][et_pb_column type=&#8221;4_4&#8243; _builder_version=&#8221;3.19.18&#8243;][et_pb_gallery gallery_ids=&#8221;1341,1337,1336,1339,1338,1344,1340,1343,1342,1345,1346,1349,1348,1347,1352,1350,1351,1354,1353,1356,1358,1355,1357,1359,1360,1361,1362,1364,1363,1366,1365&#8243; _builder_version=&#8221;3.19.18&#8243;][\/et_pb_gallery][\/et_pb_column][\/et_pb_row][\/et_pb_section]<\/p>\n","protected":false},"excerpt":{"rendered":"<p>Haydi \u00c7ocuklar Camiye &#8211; 2 \u00d6d\u00fcl T\u00f6reni \u0130le Tamamland\u0131. \u201cNamaz\u0131n\u0131 Camide K\u0131l, Puan\u0131n\u0131 Topla, \u00d6d\u00fcl\u00fcn\u00fc Kap\u201d slogan\u0131yla Server Gen\u00e7lik ve Spor Kul\u00fcb\u00fcn\u00fcn T\u00fcrkiye genelinde organize etti\u011fi \u015eehristan Gen\u00e7lik Spor ve \u0130zcilik Kul\u00fcb\u00fc ile Kars \u0130l M\u00fcft\u00fcl\u00fc\u011f\u00fcn\u00fcn il genelinde d\u00fczenledi\u011fi \u201cHaydi \u00c7ocuklar Camiye-2\u201d projesi \u00d6d\u00fcl\u00a0T\u00f6reni yap\u0131ld\u0131. Kars merkez Fethiye Camii&#8217;nde ger\u00e7ekle\u015ftirilen \u00f6d\u00fcl t\u00f6renine \u0130l M\u00fcft\u00fcs\u00fc Yusuf [&hellip;]<\/p>\n","protected":false},"author":2,"featured_media":1177,"comment_status":"open","ping_status":"closed","template":"","meta":{"_et_pb_use_builder":"on","_et_pb_old_content":"","_et_gb_content_width":"","footnotes":""},"project_category":[31],"project_tag":[32],"class_list":["post-1172","project","type-project","status-publish","has-post-thumbnail","hentry","project_category-haydi-cocuklar-camiye","project_tag-haydi-cocuklar-camiye"],"_links":{"self":[{"href":"https:\/\/sehristan.org\/index.php\/wp-json\/wp\/v2\/project\/1172","targetHints":{"allow":["GET"]}}],"collection":[{"href":"https:\/\/sehristan.org\/index.php\/wp-json\/wp\/v2\/project"}],"about":[{"href":"https:\/\/sehristan.org\/index.php\/wp-json\/wp\/v2\/types\/project"}],"author":[{"embeddable":true,"href":"https:\/\/sehristan.org\/index.php\/wp-json\/wp\/v2\/users\/2"}],"replies":[{"embeddable":true,"href":"https:\/\/sehristan.org\/index.php\/wp-json\/wp\/v2\/comments?post=1172"}],"version-history":[{"count":6,"href":"https:\/\/sehristan.org\/index.php\/wp-json\/wp\/v2\/project\/1172\/revisions"}],"predecessor-version":[{"id":1434,"href":"https:\/\/sehristan.org\/index.php\/wp-json\/wp\/v2\/project\/1172\/revisions\/1434"}],"wp:featuredmedia":[{"embeddable":true,"href":"https:\/\/sehristan.org\/index.php\/wp-json\/wp\/v2\/media\/1177"}],"wp:attachment":[{"href":"https:\/\/sehristan.org\/index.php\/wp-json\/wp\/v2\/media?parent=1172"}],"wp:term":[{"taxonomy":"project_category","embeddable":true,"href":"https:\/\/sehristan.org\/index.php\/wp-json\/wp\/v2\/project_category?post=1172"},{"taxonomy":"project_tag","embeddable":true,"href":"https:\/\/sehristan.org\/index.php\/wp-json\/wp\/v2\/project_tag?post=1172"}],"curies":[{"name":"wp","href":"https:\/\/api.w.org\/{rel}","templated":true}]}}